{"id":573,"date":"2024-08-10T00:33:54","date_gmt":"2024-08-10T01:33:54","guid":{"rendered":"https:\/\/advogados.cv\/?page_id=573"},"modified":"2025-02-15T21:25:48","modified_gmt":"2025-02-15T22:25:48","slug":"noticias","status":"publish","type":"page","link":"https:\/\/advogados.cv\/fr\/actualites\/","title":{"rendered":"NOUVELLES"},"content":{"rendered":"<section class=\"bde-section-573-100 bde-section\">\n  \n  \n\t\n\n\n\n<div class=\"section-container\"><h1 class=\"bde-heading-573-102 bde-heading\">\nDerni\u00e8res nouvelles et annonces officielles\n<\/h1><div class=\"bde-text-573-103 bde-text\">\nRestez inform\u00e9 des derni\u00e8res annonces du gouvernement du Cap-Vert et d'autres informations pertinentes pour les avocats et les citoyens.\n<\/div><div class=\"bde-post-list-573-101 bde-post-list\"><div class=\"bde-loop bde-loop-grid ee-posts ee-posts-grid\">    <article class=\"bde-loop-item ee-post\">\n        \n        \n        <div class=\"bde-loop-item__wrap ee-post-wrap\">\n            \n                            <h3 class=\"ee-post-title\" >\n                    <a class=\"bde-loop-item__title-link ee-post-title-link\" href=\"https:\/\/www.governo.cv\/cabo-verde-atinge-taxa-de-desemprego-mais-baixa-de-sempre-primeiro-ministro-realca-resultado-historico\/\" tabindex=\"-1\" target=\"_blank\" rel=\"noopener noreferrer nofollow\">\n                        Cabo Verde atinge taxa de desemprego mais baixa de sempre: Primeiro-Ministro real\u00e7a resultado hist\u00f3rico                    <\/a>\n                <\/h3>\n                            <div class=\"bde-loop-item__post-meta ee-post-meta\">\n                                                                                <span class=\"bde-loop-item__meta-item bde-loop-item__meta-author ee-post-meta-author ee-post-meta-item\">Avocats.cv<\/span>\n                                                                                                                <span class=\"bde-loop-item__meta-date bde-loop-item__meta-item ee-post-meta-date ee-post-meta-item\">\n                                    28\/04\/2026                                <\/span>\n                                                                                                            <span class=\"bde-loop-item__comments bde-loop-item__meta-item ee-post-meta-comments ee-post-meta-item\">Pas de commentaires<\/span>\n                                                    \n                <\/div>\n                            <div class=\"bde-loop-item__content ee-post-content\">\n                    O Primeiro-Ministro, Jos&eacute; Ulisses Correia e Silva, reagiu aos mais recentes dados do mercado de trabalho e real&ccedil;ou que o pa&iacute;s alcan&ccedil;ou a taxa de desemprego mais baixa de sempre,\u2026                <\/div>\n            \n        \n    \n    \n    \n                            \n            \n                    \n            \n            \n\n    \n    \n    \n    \n                            \n    <a class=\"breakdance-link button-atom button-atom--primary bde-loop-item__button ee-post-button\" href=\"https:\/\/www.governo.cv\/cabo-verde-atinge-taxa-de-desemprego-mais-baixa-de-sempre-primeiro-ministro-realca-resultado-historico\/\" target=\"_self\" data-type=\"url\" aria-label=\"Read more about Cabo Verde atinge taxa de desemprego mais baixa de sempre: Primeiro-Ministro real\u00e7a resultado hist\u00f3rico\" rel=\"noopener noreferrer nofollow\">\n\n    \n        <span class=\"button-atom__text\">Lire la suite<\/span>\n\n        \n        \n                <\/a>\n\n    \n\n\n\n\n            \n        <\/div>\n\n    <\/article>\n\n    <article class=\"bde-loop-item ee-post\">\n        \n        \n        <div class=\"bde-loop-item__wrap ee-post-wrap\">\n            \n                            <h3 class=\"ee-post-title\" >\n                    <a class=\"bde-loop-item__title-link ee-post-title-link\" href=\"https:\/\/www.governo.cv\/publicacao-do-novo-codigo-do-processo-administrativo-no-boletim-oficial\/\" tabindex=\"-1\" target=\"_blank\" rel=\"noopener noreferrer nofollow\">\n                        Publica\u00e7\u00e3o do Novo C\u00f3digo do Processo Administrativo no Boletim Oficial                    <\/a>\n                <\/h3>\n                            <div class=\"bde-loop-item__post-meta ee-post-meta\">\n                                                                                <span class=\"bde-loop-item__meta-item bde-loop-item__meta-author ee-post-meta-author ee-post-meta-item\">Avocats.cv<\/span>\n                                                                                                                <span class=\"bde-loop-item__meta-date bde-loop-item__meta-item ee-post-meta-date ee-post-meta-item\">\n                                    24\/04\/2026                                <\/span>\n                                                                                                            <span class=\"bde-loop-item__comments bde-loop-item__meta-item ee-post-meta-comments ee-post-meta-item\">Pas de commentaires<\/span>\n                                                    \n                <\/div>\n                            <div class=\"bde-loop-item__content ee-post-content\">\n                    Foi publicado no dia 20 de abril de 2026, atrav&eacute;s do Decreto-Legislativo n.&ordm; 1\/2026, o novo&nbsp;C&oacute;digo do Processo Administrativo que entrar&aacute; em vigor no dia&nbsp;4 de janeiro de 2027. Este\u2026                <\/div>\n            \n        \n    \n    \n    \n                            \n            \n                    \n            \n            \n\n    \n    \n    \n    \n                            \n    <a class=\"breakdance-link button-atom button-atom--primary bde-loop-item__button ee-post-button\" href=\"https:\/\/www.governo.cv\/publicacao-do-novo-codigo-do-processo-administrativo-no-boletim-oficial\/\" target=\"_self\" data-type=\"url\" aria-label=\"Read more about Publica\u00e7\u00e3o do Novo C\u00f3digo do Processo Administrativo no Boletim Oficial\" rel=\"noopener noreferrer nofollow\">\n\n    \n        <span class=\"button-atom__text\">Lire la suite<\/span>\n\n        \n        \n                <\/a>\n\n    \n\n\n\n\n            \n        <\/div>\n\n    <\/article>\n\n    <article class=\"bde-loop-item ee-post\">\n        \n        \n        <div class=\"bde-loop-item__wrap ee-post-wrap\">\n            \n                            <h3 class=\"ee-post-title\" >\n                    <a class=\"bde-loop-item__title-link ee-post-title-link\" href=\"https:\/\/www.governo.cv\/ministra-da-justica-e-embaixador-visitam-o-projeto-empregabilidade-na-cadeia-central-da-praia\/\" tabindex=\"-1\" target=\"_blank\" rel=\"noopener noreferrer nofollow\">\n                        Ministra da Justi\u00e7a e Embaixador de Portugal visitam o Projeto Empregabilidade na Cadeia Central da Praia                    <\/a>\n                <\/h3>\n                            <div class=\"bde-loop-item__post-meta ee-post-meta\">\n                                                                                <span class=\"bde-loop-item__meta-item bde-loop-item__meta-author ee-post-meta-author ee-post-meta-item\">Avocats.cv<\/span>\n                                                                                                                <span class=\"bde-loop-item__meta-date bde-loop-item__meta-item ee-post-meta-date ee-post-meta-item\">\n                                    23\/04\/2026                                <\/span>\n                                                                                                            <span class=\"bde-loop-item__comments bde-loop-item__meta-item ee-post-meta-comments ee-post-meta-item\">Pas de commentaires<\/span>\n                                                    \n                <\/div>\n                            <div class=\"bde-loop-item__content ee-post-content\">\n                    A Ministra da Justi&ccedil;a, Joana Rosa, e o Embaixador de Portugal em Cabo Verde, Jo&atilde;o Lu&iacute;s Queir&oacute;s visitaram a Cadeia Central da Praia para acompanhar o andamento do Projeto Empregabilidade\u2026                <\/div>\n            \n        \n    \n    \n    \n                            \n            \n                    \n            \n            \n\n    \n    \n    \n    \n                            \n    <a class=\"breakdance-link button-atom button-atom--primary bde-loop-item__button ee-post-button\" href=\"https:\/\/www.governo.cv\/ministra-da-justica-e-embaixador-visitam-o-projeto-empregabilidade-na-cadeia-central-da-praia\/\" target=\"_self\" data-type=\"url\" aria-label=\"Read more about Ministra da Justi\u00e7a e Embaixador de Portugal visitam o Projeto Empregabilidade na Cadeia Central da Praia\" rel=\"noopener noreferrer nofollow\">\n\n    \n        <span class=\"button-atom__text\">Lire la suite<\/span>\n\n        \n        \n                <\/a>\n\n    \n\n\n\n\n            \n        <\/div>\n\n    <\/article>\n\n    <article class=\"bde-loop-item ee-post\">\n        \n        \n        <div class=\"bde-loop-item__wrap ee-post-wrap\">\n            \n                            <h3 class=\"ee-post-title\" >\n                    <a class=\"bde-loop-item__title-link ee-post-title-link\" href=\"https:\/\/www.governo.cv\/eurico-monteiro-preside-conferencia-sobre-zona-maritima-sob-soberania-e-jurisdicao-nacionais-administracao-maritima-e-dominio-publico-maritimo\/\" tabindex=\"-1\" target=\"_blank\" rel=\"noopener noreferrer nofollow\">\n                        Eurico Monteiro preside confer\u00eancia sobre Zona Mar\u00edtima sob Soberania e Jurisdi\u00e7\u00e3o Nacionais, Administra\u00e7\u00e3o Mar\u00edtima e Dom\u00ednio P\u00fablico Mar\u00edtimo                    <\/a>\n                <\/h3>\n                            <div class=\"bde-loop-item__post-meta ee-post-meta\">\n                                                                                <span class=\"bde-loop-item__meta-item bde-loop-item__meta-author ee-post-meta-author ee-post-meta-item\">Avocats.cv<\/span>\n                                                                                                                <span class=\"bde-loop-item__meta-date bde-loop-item__meta-item ee-post-meta-date ee-post-meta-item\">\n                                    22\/04\/2026                                <\/span>\n                                                                                                            <span class=\"bde-loop-item__comments bde-loop-item__meta-item ee-post-meta-comments ee-post-meta-item\">Pas de commentaires<\/span>\n                                                    \n                <\/div>\n                            <div class=\"bde-loop-item__content ee-post-content\">\n                    Acad&eacute;micos, especialistas, stakeholders do setor mar&iacute;timo e estudantes reuniram-se numa confer&ecirc;ncia inaugural dedicada &agrave; Zona Mar&iacute;tima de Soberania e Jurisdi&ccedil;&atilde;o[4] Nacionais, Administra&ccedil;&atilde;o[3] Mar&iacute;tima e Dom&iacute;nio P&uacute;blico Mar&iacute;timo, promovida pelo Instituto\u2026                <\/div>\n            \n        \n    \n    \n    \n                            \n            \n                    \n            \n            \n\n    \n    \n    \n    \n                            \n    <a class=\"breakdance-link button-atom button-atom--primary bde-loop-item__button ee-post-button\" href=\"https:\/\/www.governo.cv\/eurico-monteiro-preside-conferencia-sobre-zona-maritima-sob-soberania-e-jurisdicao-nacionais-administracao-maritima-e-dominio-publico-maritimo\/\" target=\"_self\" data-type=\"url\" aria-label=\"Read more about Eurico Monteiro preside confer\u00eancia sobre Zona Mar\u00edtima sob Soberania e Jurisdi\u00e7\u00e3o Nacionais, Administra\u00e7\u00e3o Mar\u00edtima e Dom\u00ednio P\u00fablico Mar\u00edtimo\" rel=\"noopener noreferrer nofollow\">\n\n    \n        <span class=\"button-atom__text\">Lire la suite<\/span>\n\n        \n        \n                <\/a>\n\n    \n\n\n\n\n            \n        <\/div>\n\n    <\/article>\n\n    <article class=\"bde-loop-item ee-post\">\n        \n        \n        <div class=\"bde-loop-item__wrap ee-post-wrap\">\n            \n                            <h3 class=\"ee-post-title\" >\n                    <a class=\"bde-loop-item__title-link ee-post-title-link\" href=\"https:\/\/www.governo.cv\/ministro-da-educacao-reune-se-com-sindicato-dos-professores-de-santiago\/\" tabindex=\"-1\" target=\"_blank\" rel=\"noopener noreferrer nofollow\">\n                        Ministro da Educa\u00e7\u00e3o re\u00fane-se com Sindicato dos Professores de Santiago                    <\/a>\n                <\/h3>\n                            <div class=\"bde-loop-item__post-meta ee-post-meta\">\n                                                                                <span class=\"bde-loop-item__meta-item bde-loop-item__meta-author ee-post-meta-author ee-post-meta-item\">Avocats.cv<\/span>\n                                                                                                                <span class=\"bde-loop-item__meta-date bde-loop-item__meta-item ee-post-meta-date ee-post-meta-item\">\n                                    22\/04\/2026                                <\/span>\n                                                                                                            <span class=\"bde-loop-item__comments bde-loop-item__meta-item ee-post-meta-comments ee-post-meta-item\">Pas de commentaires<\/span>\n                                                    \n                <\/div>\n                            <div class=\"bde-loop-item__content ee-post-content\">\n                    O Ministro da Educa&ccedil;&atilde;o, Amadeu Cruz, reuniu-se, nesta ter&ccedil;a-feira, 21 de abril, com o Sindicato dos Professores de Santiago (SIPROFIS) para auscultar as preocupa&ccedil;&otilde;es da organiza&ccedil;&atilde;o em rela&ccedil;&atilde;o &agrave; carreira\u2026                <\/div>\n            \n        \n    \n    \n    \n                            \n            \n                    \n            \n            \n\n    \n    \n    \n    \n                            \n    <a class=\"breakdance-link button-atom button-atom--primary bde-loop-item__button ee-post-button\" href=\"https:\/\/www.governo.cv\/ministro-da-educacao-reune-se-com-sindicato-dos-professores-de-santiago\/\" target=\"_self\" data-type=\"url\" aria-label=\"Read more about Ministro da Educa\u00e7\u00e3o re\u00fane-se com Sindicato dos Professores de Santiago\" rel=\"noopener noreferrer nofollow\">\n\n    \n        <span class=\"button-atom__text\">Lire la suite<\/span>\n\n        \n        \n                <\/a>\n\n    \n\n\n\n\n            \n        <\/div>\n\n    <\/article>\n\n    <article class=\"bde-loop-item ee-post\">\n        \n        \n        <div class=\"bde-loop-item__wrap ee-post-wrap\">\n            \n                            <h3 class=\"ee-post-title\" >\n                    <a class=\"bde-loop-item__title-link ee-post-title-link\" href=\"https:\/\/www.governo.cv\/governo-condecora-dom-arlindo-furtado-e-pastor-david-araujo-com-medalha-de-merito-altruistico-de-1-o-grau\/\" tabindex=\"-1\" target=\"_blank\" rel=\"noopener noreferrer nofollow\">\n                        Governo condecora Dom Arlindo Furtado e Pastor David Ara\u00fajo com Medalha de M\u00e9rito Altru\u00edstico de 1.\u00ba Grau                    <\/a>\n                <\/h3>\n                            <div class=\"bde-loop-item__post-meta ee-post-meta\">\n                                                                                <span class=\"bde-loop-item__meta-item bde-loop-item__meta-author ee-post-meta-author ee-post-meta-item\">Avocats.cv<\/span>\n                                                                                                                <span class=\"bde-loop-item__meta-date bde-loop-item__meta-item ee-post-meta-date ee-post-meta-item\">\n                                    17\/04\/2026                                <\/span>\n                                                                                                            <span class=\"bde-loop-item__comments bde-loop-item__meta-item ee-post-meta-comments ee-post-meta-item\">Pas de commentaires<\/span>\n                                                    \n                <\/div>\n                            <div class=\"bde-loop-item__content ee-post-content\">\n                    O Governo de Cabo Verde decidiu condecorar Sua Emin&ecirc;ncia Reverend&iacute;ssima Dom Arlindo Furtado e o Reverend&iacute;ssimo Pastor David Simas Ara&uacute;jo, ambos com a Medalha de M&eacute;rito Altru&iacute;stico de 1.&ordm; Grau,\u2026                <\/div>\n            \n        \n    \n    \n    \n                            \n            \n                    \n            \n            \n\n    \n    \n    \n    \n                            \n    <a class=\"breakdance-link button-atom button-atom--primary bde-loop-item__button ee-post-button\" href=\"https:\/\/www.governo.cv\/governo-condecora-dom-arlindo-furtado-e-pastor-david-araujo-com-medalha-de-merito-altruistico-de-1-o-grau\/\" target=\"_self\" data-type=\"url\" aria-label=\"Read more about Governo condecora Dom Arlindo Furtado e Pastor David Ara\u00fajo com Medalha de M\u00e9rito Altru\u00edstico de 1.\u00ba Grau\" rel=\"noopener noreferrer nofollow\">\n\n    \n        <span class=\"button-atom__text\">Lire la suite<\/span>\n\n        \n        \n                <\/a>\n\n    \n\n\n\n\n            \n        <\/div>\n\n    <\/article>\n\n    <article class=\"bde-loop-item ee-post\">\n        \n        \n        <div class=\"bde-loop-item__wrap ee-post-wrap\">\n            \n                            <h3 class=\"ee-post-title\" >\n                    <a class=\"bde-loop-item__title-link ee-post-title-link\" href=\"https:\/\/www.governo.cv\/em-dois-meses-de-operacao-o-king-air-ja-realizou-cinco-missoes-de-evacuacao-medica-2-da-boa-vista-2-do-fogo-e-1-da-ilha-do-sal\/\" tabindex=\"-1\" target=\"_blank\" rel=\"noopener noreferrer nofollow\">\n                        Em dois meses de opera\u00e7\u00e3o, o King Air j\u00e1 realizou cinco miss\u00f5es de evacua\u00e7\u00e3o m\u00e9dica (2 da Boa Vista, 2 do Fogo e 1 da ilha do Sal)                    <\/a>\n                <\/h3>\n                            <div class=\"bde-loop-item__post-meta ee-post-meta\">\n                                                                                <span class=\"bde-loop-item__meta-item bde-loop-item__meta-author ee-post-meta-author ee-post-meta-item\">Avocats.cv<\/span>\n                                                                                                                <span class=\"bde-loop-item__meta-date bde-loop-item__meta-item ee-post-meta-date ee-post-meta-item\">\n                                    15\/04\/2026                                <\/span>\n                                                                                                            <span class=\"bde-loop-item__comments bde-loop-item__meta-item ee-post-meta-comments ee-post-meta-item\">Pas de commentaires<\/span>\n                                                    \n                <\/div>\n                            <div class=\"bde-loop-item__content ee-post-content\">\n                    Estes dados foram avan&ccedil;ados, na visita realizada esta quarta-feira, 15 de abril de 2025, pela Ministra de Estado[5] e da Defesa Nacional, Janine L&eacute;lis, que registou com satisfa&ccedil;&atilde;o &ldquo;o n&iacute;vel\u2026                <\/div>\n            \n        \n    \n    \n    \n                            \n            \n                    \n            \n            \n\n    \n    \n    \n    \n                            \n    <a class=\"breakdance-link button-atom button-atom--primary bde-loop-item__button ee-post-button\" href=\"https:\/\/www.governo.cv\/em-dois-meses-de-operacao-o-king-air-ja-realizou-cinco-missoes-de-evacuacao-medica-2-da-boa-vista-2-do-fogo-e-1-da-ilha-do-sal\/\" target=\"_self\" data-type=\"url\" aria-label=\"Read more about Em dois meses de opera\u00e7\u00e3o, o King Air j\u00e1 realizou cinco miss\u00f5es de evacua\u00e7\u00e3o m\u00e9dica (2 da Boa Vista, 2 do Fogo e 1 da ilha do Sal)\" rel=\"noopener noreferrer nofollow\">\n\n    \n        <span class=\"button-atom__text\">Lire la suite<\/span>\n\n        \n        \n                <\/a>\n\n    \n\n\n\n\n            \n        <\/div>\n\n    <\/article>\n\n    <article class=\"bde-loop-item ee-post\">\n        \n        \n        <div class=\"bde-loop-item__wrap ee-post-wrap\">\n            \n                            <h3 class=\"ee-post-title\" >\n                    <a class=\"bde-loop-item__title-link ee-post-title-link\" href=\"https:\/\/www.governo.cv\/ministro-amadeu-cruz-destaca-resultados-extraordinarios-da-educacao-na-brava-e-convergencia-com-media-nacional\/\" tabindex=\"-1\" target=\"_blank\" rel=\"noopener noreferrer nofollow\">\n                        Ministro Amadeu Cruz destaca resultados \u201cextraordin\u00e1rios\u201d da educa\u00e7\u00e3o na Brava e converg\u00eancia com m\u00e9dia nacional                    <\/a>\n                <\/h3>\n                            <div class=\"bde-loop-item__post-meta ee-post-meta\">\n                                                                                <span class=\"bde-loop-item__meta-item bde-loop-item__meta-author ee-post-meta-author ee-post-meta-item\">Avocats.cv<\/span>\n                                                                                                                <span class=\"bde-loop-item__meta-date bde-loop-item__meta-item ee-post-meta-date ee-post-meta-item\">\n                                    15\/04\/2026                                <\/span>\n                                                                                                            <span class=\"bde-loop-item__comments bde-loop-item__meta-item ee-post-meta-comments ee-post-meta-item\">Pas de commentaires<\/span>\n                                                    \n                <\/div>\n                            <div class=\"bde-loop-item__content ee-post-content\">\n                    O Ministro da Educa&ccedil;&atilde;o, Amadeu Cruz, afirmou,&nbsp; que o setor da educa&ccedil;&atilde;o na Brava apresenta resultados extraordin&aacute;rios, sublinhando que os indicadores de avalia&ccedil;&atilde;o das aprendizagens mostram uma converg&ecirc;ncia total da\u2026                <\/div>\n            \n        \n    \n    \n    \n                            \n            \n                    \n            \n            \n\n    \n    \n    \n    \n                            \n    <a class=\"breakdance-link button-atom button-atom--primary bde-loop-item__button ee-post-button\" href=\"https:\/\/www.governo.cv\/ministro-amadeu-cruz-destaca-resultados-extraordinarios-da-educacao-na-brava-e-convergencia-com-media-nacional\/\" target=\"_self\" data-type=\"url\" aria-label=\"Read more about Ministro Amadeu Cruz destaca resultados \u201cextraordin\u00e1rios\u201d da educa\u00e7\u00e3o na Brava e converg\u00eancia com m\u00e9dia nacional\" rel=\"noopener noreferrer nofollow\">\n\n    \n        <span class=\"button-atom__text\">Lire la suite<\/span>\n\n        \n        \n                <\/a>\n\n    \n\n\n\n\n            \n        <\/div>\n\n    <\/article>\n\n    <article class=\"bde-loop-item ee-post\">\n        \n        \n        <div class=\"bde-loop-item__wrap ee-post-wrap\">\n            \n                            <h3 class=\"ee-post-title\" >\n                    <a class=\"bde-loop-item__title-link ee-post-title-link\" href=\"https:\/\/www.governo.cv\/nota-de-esclarecimento-sobre-a-nomeacao-da-diretora-nacional-de-administracao-publica\/\" tabindex=\"-1\" target=\"_blank\" rel=\"noopener noreferrer nofollow\">\n                        A nomea\u00e7\u00e3o da Diretora Nacional de Administra\u00e7\u00e3o P\u00fablica                    <\/a>\n                <\/h3>\n                            <div class=\"bde-loop-item__post-meta ee-post-meta\">\n                                                                                <span class=\"bde-loop-item__meta-item bde-loop-item__meta-author ee-post-meta-author ee-post-meta-item\">Avocats.cv<\/span>\n                                                                                                                <span class=\"bde-loop-item__meta-date bde-loop-item__meta-item ee-post-meta-date ee-post-meta-item\">\n                                    14\/04\/2026                                <\/span>\n                                                                                                            <span class=\"bde-loop-item__comments bde-loop-item__meta-item ee-post-meta-comments ee-post-meta-item\">Pas de commentaires<\/span>\n                                                    \n                <\/div>\n                            <div class=\"bde-loop-item__content ee-post-content\">\n                    Por ter vindo a p&uacute;blico not&iacute;cias sobre a alegada ilegalidade de nomea&ccedil;&atilde;o da nova Diretora Nacional da Administra&ccedil;&atilde;o P&uacute;blica[6], o Minist&eacute;rio da Moderniza&ccedil;&atilde;o do Estado e da Administra&ccedil;&atilde;o P&uacute;blica vem\u2026                <\/div>\n            \n        \n    \n    \n    \n                            \n            \n                    \n            \n            \n\n    \n    \n    \n    \n                            \n    <a class=\"breakdance-link button-atom button-atom--primary bde-loop-item__button ee-post-button\" href=\"https:\/\/www.governo.cv\/nota-de-esclarecimento-sobre-a-nomeacao-da-diretora-nacional-de-administracao-publica\/\" target=\"_self\" data-type=\"url\" aria-label=\"Read more about A nomea\u00e7\u00e3o da Diretora Nacional de Administra\u00e7\u00e3o P\u00fablica\" rel=\"noopener noreferrer nofollow\">\n\n    \n        <span class=\"button-atom__text\">Lire la suite<\/span>\n\n        \n        \n                <\/a>\n\n    \n\n\n\n\n            \n        <\/div>\n\n    <\/article>\n\n    <article class=\"bde-loop-item ee-post\">\n        \n        \n        <div class=\"bde-loop-item__wrap ee-post-wrap\">\n            \n                            <h3 class=\"ee-post-title\" >\n                    <a class=\"bde-loop-item__title-link ee-post-title-link\" href=\"https:\/\/www.governo.cv\/ministro-da-educacao-reune-se-com-autarca-da-brava-em-visita-oficial-a-ilha\/\" tabindex=\"-1\" target=\"_blank\" rel=\"noopener noreferrer nofollow\">\n                        Ministro da Educa\u00e7\u00e3o re\u00fane-se com autarca da Brava em visita oficial \u00e0 ilha                    <\/a>\n                <\/h3>\n                            <div class=\"bde-loop-item__post-meta ee-post-meta\">\n                                                                                <span class=\"bde-loop-item__meta-item bde-loop-item__meta-author ee-post-meta-author ee-post-meta-item\">Avocats.cv<\/span>\n                                                                                                                <span class=\"bde-loop-item__meta-date bde-loop-item__meta-item ee-post-meta-date ee-post-meta-item\">\n                                    14\/04\/2026                                <\/span>\n                                                                                                            <span class=\"bde-loop-item__comments bde-loop-item__meta-item ee-post-meta-comments ee-post-meta-item\">Pas de commentaires<\/span>\n                                                    \n                <\/div>\n                            <div class=\"bde-loop-item__content ee-post-content\">\n                    O Ministro da Educa&ccedil;&atilde;o, Amadeu Cruz, iniciou na tarde desta segunda-feira (13) uma visita oficial de quatro dias &agrave; ilha Brava. A agenda teve como primeiro compromisso, um encontro com\u2026                <\/div>\n            \n        \n    \n    \n    \n                            \n            \n                    \n            \n            \n\n    \n    \n    \n    \n                            \n    <a class=\"breakdance-link button-atom button-atom--primary bde-loop-item__button ee-post-button\" href=\"https:\/\/www.governo.cv\/ministro-da-educacao-reune-se-com-autarca-da-brava-em-visita-oficial-a-ilha\/\" target=\"_self\" data-type=\"url\" aria-label=\"Read more about Ministro da Educa\u00e7\u00e3o re\u00fane-se com autarca da Brava em visita oficial \u00e0 ilha\" rel=\"noopener noreferrer nofollow\">\n\n    \n        <span class=\"button-atom__text\">Lire la suite<\/span>\n\n        \n        \n                <\/a>\n\n    \n\n\n\n\n            \n        <\/div>\n\n    <\/article>\n\n    <article class=\"bde-loop-item ee-post\">\n        \n        \n        <div class=\"bde-loop-item__wrap ee-post-wrap\">\n            \n                            <h3 class=\"ee-post-title\" >\n                    <a class=\"bde-loop-item__title-link ee-post-title-link\" href=\"https:\/\/www.governo.cv\/eurico-monteiro-defende-menos-facilitismo-e-maiores-oportunidades-para-a-juventude-cabo-verdiana\/\" tabindex=\"-1\" target=\"_blank\" rel=\"noopener noreferrer nofollow\">\n                        Eurico Monteiro defende menos facilitismo e maiores oportunidades para a juventude cabo-verdiana                    <\/a>\n                <\/h3>\n                            <div class=\"bde-loop-item__post-meta ee-post-meta\">\n                                                                                <span class=\"bde-loop-item__meta-item bde-loop-item__meta-author ee-post-meta-author ee-post-meta-item\">Avocats.cv<\/span>\n                                                                                                                <span class=\"bde-loop-item__meta-date bde-loop-item__meta-item ee-post-meta-date ee-post-meta-item\">\n                                    13\/04\/2026                                <\/span>\n                                                                                                            <span class=\"bde-loop-item__comments bde-loop-item__meta-item ee-post-meta-comments ee-post-meta-item\">Pas de commentaires<\/span>\n                                                    \n                <\/div>\n                            <div class=\"bde-loop-item__content ee-post-content\">\n                    O Ministro da Promo&ccedil;&atilde;o de Investimentos e Fomento Empresarial, Eurico Monteiro, defendeu maiores oportunidades para a juventude cabo-verdiana. O governante falava na Conversa Aberta com o Primeiro-Ministro, Jos&eacute; Ulisses Correia\u2026                <\/div>\n            \n        \n    \n    \n    \n                            \n            \n                    \n            \n            \n\n    \n    \n    \n    \n                            \n    <a class=\"breakdance-link button-atom button-atom--primary bde-loop-item__button ee-post-button\" href=\"https:\/\/www.governo.cv\/eurico-monteiro-defende-menos-facilitismo-e-maiores-oportunidades-para-a-juventude-cabo-verdiana\/\" target=\"_self\" data-type=\"url\" aria-label=\"Read more about Eurico Monteiro defende menos facilitismo e maiores oportunidades para a juventude cabo-verdiana\" rel=\"noopener noreferrer nofollow\">\n\n    \n        <span class=\"button-atom__text\">Lire la suite<\/span>\n\n        \n        \n                <\/a>\n\n    \n\n\n\n\n            \n        <\/div>\n\n    <\/article>\n\n    <article class=\"bde-loop-item ee-post\">\n        \n        \n        <div class=\"bde-loop-item__wrap ee-post-wrap\">\n            \n                            <h3 class=\"ee-post-title\" >\n                    <a class=\"bde-loop-item__title-link ee-post-title-link\" href=\"https:\/\/www.governo.cv\/ministro-eurico-monteiro-preside-cerimonia-de-assinatura-de-memorando-para-inovacao-agricola-e-empoderamento-feminino-em-ribeira-grande-de-santiago\/\" tabindex=\"-1\" target=\"_blank\" rel=\"noopener noreferrer nofollow\">\n                        Ministro Eurico Monteiro preside cerim\u00f3nia de assinatura de Memorando para inova\u00e7\u00e3o agr\u00edcola e empoderamento feminino em Ribeira Grande de Santiago                    <\/a>\n                <\/h3>\n                            <div class=\"bde-loop-item__post-meta ee-post-meta\">\n                                                                                <span class=\"bde-loop-item__meta-item bde-loop-item__meta-author ee-post-meta-author ee-post-meta-item\">Avocats.cv<\/span>\n                                                                                                                <span class=\"bde-loop-item__meta-date bde-loop-item__meta-item ee-post-meta-date ee-post-meta-item\">\n                                    13\/04\/2026                                <\/span>\n                                                                                                            <span class=\"bde-loop-item__comments bde-loop-item__meta-item ee-post-meta-comments ee-post-meta-item\">Pas de commentaires<\/span>\n                                                    \n                <\/div>\n                            <div class=\"bde-loop-item__content ee-post-content\">\n                    O Ministro da Promo&ccedil;&atilde;o de Investimentos e Fomento Empresarial, Eurico Monteiro, presidiu, esta sexta-feira, 10 de abril, o ato de assinatura de um Memorando de Entendimento entre a Pr&oacute;-Empresa, a\u2026                <\/div>\n            \n        \n    \n    \n    \n                            \n            \n                    \n            \n            \n\n    \n    \n    \n    \n                            \n    <a class=\"breakdance-link button-atom button-atom--primary bde-loop-item__button ee-post-button\" href=\"https:\/\/www.governo.cv\/ministro-eurico-monteiro-preside-cerimonia-de-assinatura-de-memorando-para-inovacao-agricola-e-empoderamento-feminino-em-ribeira-grande-de-santiago\/\" target=\"_self\" data-type=\"url\" aria-label=\"Read more about Ministro Eurico Monteiro preside cerim\u00f3nia de assinatura de Memorando para inova\u00e7\u00e3o agr\u00edcola e empoderamento feminino em Ribeira Grande de Santiago\" rel=\"noopener noreferrer nofollow\">\n\n    \n        <span class=\"button-atom__text\">Lire la suite<\/span>\n\n        \n        \n                <\/a>\n\n    \n\n\n\n\n            \n        <\/div>\n\n    <\/article>\n\n    <article class=\"bde-loop-item ee-post\">\n        \n        \n        <div class=\"bde-loop-item__wrap ee-post-wrap\">\n            \n                            <h3 class=\"ee-post-title\" >\n                    <a class=\"bde-loop-item__title-link ee-post-title-link\" href=\"https:\/\/www.governo.cv\/ministra-da-justica-participa-na-palestra-vozes-protegidas-encontro-pela-prevencao-da-violencia-sexual\/\" tabindex=\"-1\" target=\"_blank\" rel=\"noopener noreferrer nofollow\">\n                        \u00a0Ministra da Justi\u00e7a participa na Palestra \u201cVozes Protegidas: Encontro pela Preven\u00e7\u00e3o da Viol\u00eancia Sexual\u201d                    <\/a>\n                <\/h3>\n                            <div class=\"bde-loop-item__post-meta ee-post-meta\">\n                                                                                <span class=\"bde-loop-item__meta-item bde-loop-item__meta-author ee-post-meta-author ee-post-meta-item\">Avocats.cv<\/span>\n                                                                                                                <span class=\"bde-loop-item__meta-date bde-loop-item__meta-item ee-post-meta-date ee-post-meta-item\">\n                                    10\/04\/2026                                <\/span>\n                                                                                                            <span class=\"bde-loop-item__comments bde-loop-item__meta-item ee-post-meta-comments ee-post-meta-item\">Pas de commentaires<\/span>\n                                                    \n                <\/div>\n                            <div class=\"bde-loop-item__content ee-post-content\">\n                    A Ministra da Justi&ccedil;a, Joana Rosa, participou, nesta sexta-feira, 10 de abril, numa palestra subordinada ao tema &ldquo;Vozes Protegidas: Encontro pela Preven&ccedil;&atilde;o da Viol&ecirc;ncia Sexual&rdquo;, organizada pelo Instituto de Medicina\u2026                <\/div>\n            \n        \n    \n    \n    \n                            \n            \n                    \n            \n            \n\n    \n    \n    \n    \n                            \n    <a class=\"breakdance-link button-atom button-atom--primary bde-loop-item__button ee-post-button\" href=\"https:\/\/www.governo.cv\/ministra-da-justica-participa-na-palestra-vozes-protegidas-encontro-pela-prevencao-da-violencia-sexual\/\" target=\"_self\" data-type=\"url\" aria-label=\"Read more about \u00a0Ministra da Justi\u00e7a participa na Palestra \u201cVozes Protegidas: Encontro pela Preven\u00e7\u00e3o da Viol\u00eancia Sexual\u201d\" rel=\"noopener noreferrer nofollow\">\n\n    \n        <span class=\"button-atom__text\">Lire la suite<\/span>\n\n        \n        \n                <\/a>\n\n    \n\n\n\n\n            \n        <\/div>\n\n    <\/article>\n\n    <article class=\"bde-loop-item ee-post\">\n        \n        \n        <div class=\"bde-loop-item__wrap ee-post-wrap\">\n            \n                            <h3 class=\"ee-post-title\" >\n                    <a class=\"bde-loop-item__title-link ee-post-title-link\" href=\"https:\/\/www.governo.cv\/regime-juridico-de-trabalho-temporario-para-estudantes-universitarios-aprovado-por-unanimidade\/\" tabindex=\"-1\" target=\"_blank\" rel=\"noopener noreferrer nofollow\">\n                        Regime Jur\u00eddico de trabalho tempor\u00e1rio para estudantes universit\u00e1rios aprovado por unanimidade                    <\/a>\n                <\/h3>\n                            <div class=\"bde-loop-item__post-meta ee-post-meta\">\n                                                                                <span class=\"bde-loop-item__meta-item bde-loop-item__meta-author ee-post-meta-author ee-post-meta-item\">Avocats.cv<\/span>\n                                                                                                                <span class=\"bde-loop-item__meta-date bde-loop-item__meta-item ee-post-meta-date ee-post-meta-item\">\n                                    10\/04\/2026                                <\/span>\n                                                                                                            <span class=\"bde-loop-item__comments bde-loop-item__meta-item ee-post-meta-comments ee-post-meta-item\">Pas de commentaires<\/span>\n                                                    \n                <\/div>\n                            <div class=\"bde-loop-item__content ee-post-content\">\n                    A Proposta-de-Lei que estabelece o Regime Jur&iacute;dico[8] de Trabalho Tempor&aacute;rio para Estudantes Universit&aacute;rios foi aprovada por unanimidade pela Assembleia[9] Nacional, nesta quinta-feira (9), em vota&ccedil;&atilde;o final global. Com o apoio\u2026                <\/div>\n            \n        \n    \n    \n    \n                            \n            \n                    \n            \n            \n\n    \n    \n    \n    \n                            \n    <a class=\"breakdance-link button-atom button-atom--primary bde-loop-item__button ee-post-button\" href=\"https:\/\/www.governo.cv\/regime-juridico-de-trabalho-temporario-para-estudantes-universitarios-aprovado-por-unanimidade\/\" target=\"_self\" data-type=\"url\" aria-label=\"Read more about Regime Jur\u00eddico de trabalho tempor\u00e1rio para estudantes universit\u00e1rios aprovado por unanimidade\" rel=\"noopener noreferrer nofollow\">\n\n    \n        <span class=\"button-atom__text\">Lire la suite<\/span>\n\n        \n        \n                <\/a>\n\n    \n\n\n\n\n            \n        <\/div>\n\n    <\/article>\n\n    <article class=\"bde-loop-item ee-post\">\n        \n        \n        <div class=\"bde-loop-item__wrap ee-post-wrap\">\n            \n                            <h3 class=\"ee-post-title\" >\n                    <a class=\"bde-loop-item__title-link ee-post-title-link\" href=\"https:\/\/www.governo.cv\/ministro-da-educacao-recebe-cumprimentos-da-nova-reitoria-da-uni-cv\/\" tabindex=\"-1\" target=\"_blank\" rel=\"noopener noreferrer nofollow\">\n                        Ministro da Educa\u00e7\u00e3o recebe cumprimentos da nova Reitoria da Uni-CV                    <\/a>\n                <\/h3>\n                            <div class=\"bde-loop-item__post-meta ee-post-meta\">\n                                                                                <span class=\"bde-loop-item__meta-item bde-loop-item__meta-author ee-post-meta-author ee-post-meta-item\">Avocats.cv<\/span>\n                                                                                                                <span class=\"bde-loop-item__meta-date bde-loop-item__meta-item ee-post-meta-date ee-post-meta-item\">\n                                    08\/04\/2026                                <\/span>\n                                                                                                            <span class=\"bde-loop-item__comments bde-loop-item__meta-item ee-post-meta-comments ee-post-meta-item\">Pas de commentaires<\/span>\n                                                    \n                <\/div>\n                            <div class=\"bde-loop-item__content ee-post-content\">\n                    O Ministro da Educa&ccedil;&atilde;o, Amadeu Cruz, recebeu, nesta quarta-feira (08 ), a nova equipa da reitoria da Universidade de Cabo Verde (Uni-CV) para uma visita de cortesia. O encontro com\u2026                <\/div>\n            \n        \n    \n    \n    \n                            \n            \n                    \n            \n            \n\n    \n    \n    \n    \n                            \n    <a class=\"breakdance-link button-atom button-atom--primary bde-loop-item__button ee-post-button\" href=\"https:\/\/www.governo.cv\/ministro-da-educacao-recebe-cumprimentos-da-nova-reitoria-da-uni-cv\/\" target=\"_self\" data-type=\"url\" aria-label=\"Read more about Ministro da Educa\u00e7\u00e3o recebe cumprimentos da nova Reitoria da Uni-CV\" rel=\"noopener noreferrer nofollow\">\n\n    \n        <span class=\"button-atom__text\">Lire la suite<\/span>\n\n        \n        \n                <\/a>\n\n    \n\n\n\n\n            \n        <\/div>\n\n    <\/article>\n\n    <article class=\"bde-loop-item ee-post\">\n        \n        \n        <div class=\"bde-loop-item__wrap ee-post-wrap\">\n            \n                            <h3 class=\"ee-post-title\" >\n                    <a class=\"bde-loop-item__title-link ee-post-title-link\" href=\"https:\/\/www.governo.cv\/dia-mundial-da-saude-2026-assinalado-na-cidade-da-praia-sob-o-lema-juntos-pela-saude-apoie-a-ciencia\/\" tabindex=\"-1\" target=\"_blank\" rel=\"noopener noreferrer nofollow\">\n                        Dia Mundial da Sa\u00fade 2026 assinalado na cidade da Praia sob o lema \u201cJuntos pela Sa\u00fade. Apoie a Ci\u00eancia\u201d                    <\/a>\n                <\/h3>\n                            <div class=\"bde-loop-item__post-meta ee-post-meta\">\n                                                                                <span class=\"bde-loop-item__meta-item bde-loop-item__meta-author ee-post-meta-author ee-post-meta-item\">Avocats.cv<\/span>\n                                                                                                                <span class=\"bde-loop-item__meta-date bde-loop-item__meta-item ee-post-meta-date ee-post-meta-item\">\n                                    07\/04\/2026                                <\/span>\n                                                                                                            <span class=\"bde-loop-item__comments bde-loop-item__meta-item ee-post-meta-comments ee-post-meta-item\">Pas de commentaires<\/span>\n                                                    \n                <\/div>\n                            <div class=\"bde-loop-item__content ee-post-content\">\n                    O Dia Mundial da Sa&uacute;de, assinalado anualmente a 7 de abril, &eacute; uma data que marca o anivers&aacute;rio da OMS e &eacute; utilizada como uma plataforma estrat&eacute;gica para destacar quest&otilde;es\u2026                <\/div>\n            \n        \n    \n    \n    \n                            \n            \n                    \n            \n            \n\n    \n    \n    \n    \n                            \n    <a class=\"breakdance-link button-atom button-atom--primary bde-loop-item__button ee-post-button\" href=\"https:\/\/www.governo.cv\/dia-mundial-da-saude-2026-assinalado-na-cidade-da-praia-sob-o-lema-juntos-pela-saude-apoie-a-ciencia\/\" target=\"_self\" data-type=\"url\" aria-label=\"Read more about Dia Mundial da Sa\u00fade 2026 assinalado na cidade da Praia sob o lema \u201cJuntos pela Sa\u00fade. Apoie a Ci\u00eancia\u201d\" rel=\"noopener noreferrer nofollow\">\n\n    \n        <span class=\"button-atom__text\">Lire la suite<\/span>\n\n        \n        \n                <\/a>\n\n    \n\n\n\n\n            \n        <\/div>\n\n    <\/article>\n\n    <article class=\"bde-loop-item ee-post\">\n        \n        \n        <div class=\"bde-loop-item__wrap ee-post-wrap\">\n            \n                            <h3 class=\"ee-post-title\" >\n                    <a class=\"bde-loop-item__title-link ee-post-title-link\" href=\"https:\/\/www.governo.cv\/comunicado-de-imprensa-cabo-verde-reforca-ambicao-de-hub-logistico-com-o-inicio-de-transporte-aereo-de-carga-do-brasil-para-cabo-verde-pela-latam-cargo\/\" tabindex=\"-1\" target=\"_blank\" rel=\"noopener noreferrer nofollow\">\n                        Comunicado de Imprensa: Cabo Verde refor\u00e7a ambi\u00e7\u00e3o de hub log\u00edstico com o in\u00edcio de transporte a\u00e9reo de carga do Brasil para Cabo Verde pela LATAM Cargo                    <\/a>\n                <\/h3>\n                            <div class=\"bde-loop-item__post-meta ee-post-meta\">\n                                                                                <span class=\"bde-loop-item__meta-item bde-loop-item__meta-author ee-post-meta-author ee-post-meta-item\">Avocats.cv<\/span>\n                                                                                                                <span class=\"bde-loop-item__meta-date bde-loop-item__meta-item ee-post-meta-date ee-post-meta-item\">\n                                    06\/04\/2026                                <\/span>\n                                                                                                            <span class=\"bde-loop-item__comments bde-loop-item__meta-item ee-post-meta-comments ee-post-meta-item\">Pas de commentaires<\/span>\n                                                    \n                <\/div>\n                            <div class=\"bde-loop-item__content ee-post-content\">\n                    Cabo Verde d&aacute; mais um passo na cria&ccedil;&atilde;o das condi&ccedil;&otilde;es para se tornar num centro log&iacute;stico internacional, ancorado ao hub do aeroporto do Sal. A nova opera&ccedil;&atilde;o representa um marco\u2026                <\/div>\n            \n        \n    \n    \n    \n                            \n            \n                    \n            \n            \n\n    \n    \n    \n    \n                            \n    <a class=\"breakdance-link button-atom button-atom--primary bde-loop-item__button ee-post-button\" href=\"https:\/\/www.governo.cv\/comunicado-de-imprensa-cabo-verde-reforca-ambicao-de-hub-logistico-com-o-inicio-de-transporte-aereo-de-carga-do-brasil-para-cabo-verde-pela-latam-cargo\/\" target=\"_self\" data-type=\"url\" aria-label=\"Read more about Comunicado de Imprensa: Cabo Verde refor\u00e7a ambi\u00e7\u00e3o de hub log\u00edstico com o in\u00edcio de transporte a\u00e9reo de carga do Brasil para Cabo Verde pela LATAM Cargo\" rel=\"noopener noreferrer nofollow\">\n\n    \n        <span class=\"button-atom__text\">Lire la suite<\/span>\n\n        \n        \n                <\/a>\n\n    \n\n\n\n\n            \n        <\/div>\n\n    <\/article>\n\n    <article class=\"bde-loop-item ee-post\">\n        \n        \n        <div class=\"bde-loop-item__wrap ee-post-wrap\">\n            \n                            <h3 class=\"ee-post-title\" >\n                    <a class=\"bde-loop-item__title-link ee-post-title-link\" href=\"https:\/\/www.governo.cv\/41446-2\/\" tabindex=\"-1\" target=\"_blank\" rel=\"noopener noreferrer nofollow\">\n                        Projeto de armazenamento de energia em Ribeira Grande de Santiago entra em nova fase com reuni\u00e3o t\u00e9cnica e visita ao terreno                    <\/a>\n                <\/h3>\n                            <div class=\"bde-loop-item__post-meta ee-post-meta\">\n                                                                                <span class=\"bde-loop-item__meta-item bde-loop-item__meta-author ee-post-meta-author ee-post-meta-item\">Avocats.cv<\/span>\n                                                                                                                <span class=\"bde-loop-item__meta-date bde-loop-item__meta-item ee-post-meta-date ee-post-meta-item\">\n                                    02\/04\/2026                                <\/span>\n                                                                                                            <span class=\"bde-loop-item__comments bde-loop-item__meta-item ee-post-meta-comments ee-post-meta-item\">Pas de commentaires<\/span>\n                                                    \n                <\/div>\n                            <div class=\"bde-loop-item__content ee-post-content\">\n                    No &acirc;mbito de um concurso internacional em curso para o arranque do Projeto de armazenamento de energia no munic&iacute;pio de Ribeira Grande de Santiago e, ap&oacute;s a sele&ccedil;&atilde;o de tr&ecirc;s\u2026                <\/div>\n            \n        \n    \n    \n    \n                            \n            \n                    \n            \n            \n\n    \n    \n    \n    \n                            \n    <a class=\"breakdance-link button-atom button-atom--primary bde-loop-item__button ee-post-button\" href=\"https:\/\/www.governo.cv\/41446-2\/\" target=\"_self\" data-type=\"url\" aria-label=\"Read more about Projeto de armazenamento de energia em Ribeira Grande de Santiago entra em nova fase com reuni\u00e3o t\u00e9cnica e visita ao terreno\" rel=\"noopener noreferrer nofollow\">\n\n    \n        <span class=\"button-atom__text\">Lire la suite<\/span>\n\n        \n        \n                <\/a>\n\n    \n\n\n\n\n            \n        <\/div>\n\n    <\/article>\n\n    <article class=\"bde-loop-item ee-post\">\n        \n        \n        <div class=\"bde-loop-item__wrap ee-post-wrap\">\n            \n                            <h3 class=\"ee-post-title\" >\n                    <a class=\"bde-loop-item__title-link ee-post-title-link\" href=\"https:\/\/www.governo.cv\/comunicado-de-imprensa-nao-ha-evidencia-de-qualquer-surto-de-gastroenterites-nas-ilhas-do-sal-e-da-boa-vista\/\" tabindex=\"-1\" target=\"_blank\" rel=\"noopener noreferrer nofollow\">\n                        Comunicado de imprensa: N\u00e3o h\u00e1 evid\u00eancia de qualquer surto de gastroenterites nas ilhas do Sal e da Boa Vista                    <\/a>\n                <\/h3>\n                            <div class=\"bde-loop-item__post-meta ee-post-meta\">\n                                                                                <span class=\"bde-loop-item__meta-item bde-loop-item__meta-author ee-post-meta-author ee-post-meta-item\">Avocats.cv<\/span>\n                                                                                                                <span class=\"bde-loop-item__meta-date bde-loop-item__meta-item ee-post-meta-date ee-post-meta-item\">\n                                    01\/04\/2026                                <\/span>\n                                                                                                            <span class=\"bde-loop-item__comments bde-loop-item__meta-item ee-post-meta-comments ee-post-meta-item\">Pas de commentaires<\/span>\n                                                    \n                <\/div>\n                            <div class=\"bde-loop-item__content ee-post-content\">\n                    Cabo Verde continua a afirmar-se como um destino seguro, mantendo elevados padr&otilde;es de qualidade e de sa&uacute;de p&uacute;blica reconhecidos internacionalmente e reafirma o seu compromisso com a prote&ccedil;&atilde;o dos turistas,\u2026                <\/div>\n            \n        \n    \n    \n    \n                            \n            \n                    \n            \n            \n\n    \n    \n    \n    \n                            \n    <a class=\"breakdance-link button-atom button-atom--primary bde-loop-item__button ee-post-button\" href=\"https:\/\/www.governo.cv\/comunicado-de-imprensa-nao-ha-evidencia-de-qualquer-surto-de-gastroenterites-nas-ilhas-do-sal-e-da-boa-vista\/\" target=\"_self\" data-type=\"url\" aria-label=\"Read more about Comunicado de imprensa: N\u00e3o h\u00e1 evid\u00eancia de qualquer surto de gastroenterites nas ilhas do Sal e da Boa Vista\" rel=\"noopener noreferrer nofollow\">\n\n    \n        <span class=\"button-atom__text\">Lire la suite<\/span>\n\n        \n        \n                <\/a>\n\n    \n\n\n\n\n            \n        <\/div>\n\n    <\/article>\n\n    <article class=\"bde-loop-item ee-post\">\n        \n        \n        <div class=\"bde-loop-item__wrap ee-post-wrap\">\n            \n                            <h3 class=\"ee-post-title\" >\n                    <a class=\"bde-loop-item__title-link ee-post-title-link\" href=\"https:\/\/www.governo.cv\/ministerio-da-saude-e-oms-assinam-plano-de-trabalho-no-valor-de-24-milhoes-de-dolares-para-os-proximos-dois-anos\/\" tabindex=\"-1\" target=\"_blank\" rel=\"noopener noreferrer nofollow\">\n                        Minist\u00e9rio da Sa\u00fade e OMS assinam Plano de Trabalho no valor de 2,4 milh\u00f5es de d\u00f3lares para os pr\u00f3ximos dois anos                    <\/a>\n                <\/h3>\n                            <div class=\"bde-loop-item__post-meta ee-post-meta\">\n                                                                                <span class=\"bde-loop-item__meta-item bde-loop-item__meta-author ee-post-meta-author ee-post-meta-item\">Avocats.cv<\/span>\n                                                                                                                <span class=\"bde-loop-item__meta-date bde-loop-item__meta-item ee-post-meta-date ee-post-meta-item\">\n                                    01\/04\/2026                                <\/span>\n                                                                                                            <span class=\"bde-loop-item__comments bde-loop-item__meta-item ee-post-meta-comments ee-post-meta-item\">Pas de commentaires<\/span>\n                                                    \n                <\/div>\n                            <div class=\"bde-loop-item__content ee-post-content\">\n                    O documento que ir&aacute; nortear as a&ccedil;&otilde;es da Organiza&ccedil;&atilde;o Mundial da Sa&uacute;de (OMS) em Cabo Verde para os pr&oacute;ximos dois anos (2026-2027) foi rubricado, ter&ccedil;a-feira, 31 de mar&ccedil;o, entre o\u2026                <\/div>\n            \n        \n    \n    \n    \n                            \n            \n                    \n            \n            \n\n    \n    \n    \n    \n                            \n    <a class=\"breakdance-link button-atom button-atom--primary bde-loop-item__button ee-post-button\" href=\"https:\/\/www.governo.cv\/ministerio-da-saude-e-oms-assinam-plano-de-trabalho-no-valor-de-24-milhoes-de-dolares-para-os-proximos-dois-anos\/\" target=\"_self\" data-type=\"url\" aria-label=\"Read more about Minist\u00e9rio da Sa\u00fade e OMS assinam Plano de Trabalho no valor de 2,4 milh\u00f5es de d\u00f3lares para os pr\u00f3ximos dois anos\" rel=\"noopener noreferrer nofollow\">\n\n    \n        <span class=\"button-atom__text\">Lire la suite<\/span>\n\n        \n        \n                <\/a>\n\n    \n\n\n\n\n            \n        <\/div>\n\n    <\/article>\n\n    <article class=\"bde-loop-item ee-post\">\n        \n        \n        <div class=\"bde-loop-item__wrap ee-post-wrap\">\n            \n                            <h3 class=\"ee-post-title\" >\n                    <a class=\"bde-loop-item__title-link ee-post-title-link\" href=\"https:\/\/www.governo.cv\/o-destacamento-militar-da-brava-consolidou-se-como-um-pilar-de-estabilidade-e-confianca-nesta-ilha-janine-lelis\/\" tabindex=\"-1\" target=\"_blank\" rel=\"noopener noreferrer nofollow\">\n                        \u201cO Destacamento Militar da Brava consolidou-se como um pilar de estabilidade e confian\u00e7a nesta ilha\u201d \u2013 Janine L\u00e9lis                    <\/a>\n                <\/h3>\n                            <div class=\"bde-loop-item__post-meta ee-post-meta\">\n                                                                                <span class=\"bde-loop-item__meta-item bde-loop-item__meta-author ee-post-meta-author ee-post-meta-item\">Avocats.cv<\/span>\n                                                                                                                <span class=\"bde-loop-item__meta-date bde-loop-item__meta-item ee-post-meta-date ee-post-meta-item\">\n                                    31\/03\/2026                                <\/span>\n                                                                                                            <span class=\"bde-loop-item__comments bde-loop-item__meta-item ee-post-meta-comments ee-post-meta-item\">Pas de commentaires<\/span>\n                                                    \n                <\/div>\n                            <div class=\"bde-loop-item__content ee-post-content\">\n                    No seguimento do Despacho n.&ordm; 14\/2026 (de 4 de mar&ccedil;o), a Ministra de Estado e da Defesa Nacional, Janine L&eacute;lis, condecorou o Destacamento da Guarda Costeira na Brava com Medalha\u2026                <\/div>\n            \n        \n    \n    \n    \n                            \n            \n                    \n            \n            \n\n    \n    \n    \n    \n                            \n    <a class=\"breakdance-link button-atom button-atom--primary bde-loop-item__button ee-post-button\" href=\"https:\/\/www.governo.cv\/o-destacamento-militar-da-brava-consolidou-se-como-um-pilar-de-estabilidade-e-confianca-nesta-ilha-janine-lelis\/\" target=\"_self\" data-type=\"url\" aria-label=\"Read more about \u201cO Destacamento Militar da Brava consolidou-se como um pilar de estabilidade e confian\u00e7a nesta ilha\u201d \u2013 Janine L\u00e9lis\" rel=\"noopener noreferrer nofollow\">\n\n    \n        <span class=\"button-atom__text\">Lire la suite<\/span>\n\n        \n        \n                <\/a>\n\n    \n\n\n\n\n            \n        <\/div>\n\n    <\/article>\n\n<\/div><div class=\"bde-posts-pagination bde-posts-navigation-numbers\"><ul><li class=\"bde-posts-navigation-numbers--active\"><a class=\"is-active\" href=\"https:\/\/advogados.cv\/fr\/wp-json\/wp\/v2\/pages\/573\/\">1<\/a><\/li><li ><a href=\"https:\/\/advogados.cv\/fr\/wp-json\/wp\/v2\/pages\/573\/page\/2\/\">2<\/a><\/li><li ><a href=\"https:\/\/advogados.cv\/fr\/wp-json\/wp\/v2\/pages\/573\/page\/3\/\">3<\/a><\/li><li class=\"bde-posts-navigation-numbers--ellipses\"><span>...<\/span><\/li><li ><a href=\"https:\/\/advogados.cv\/fr\/wp-json\/wp\/v2\/pages\/573\/page\/36\/\">36<\/a><\/li><\/ul><\/div><\/div><\/div>\n<\/section>","protected":false},"excerpt":{"rendered":"","protected":false},"author":1,"featured_media":0,"parent":0,"menu_order":0,"comment_status":"closed","ping_status":"closed","template":"","meta":{"_acf_changed":false,"_breakdance_hide_in_design_set":false,"_breakdance_tags":"","footnotes":""},"class_list":["post-573","page","type-page","status-publish","hentry"],"acf":[],"_links":{"self":[{"href":"https:\/\/advogados.cv\/fr\/wp-json\/wp\/v2\/pages\/573"}],"collection":[{"href":"https:\/\/advogados.cv\/fr\/wp-json\/wp\/v2\/pages"}],"about":[{"href":"https:\/\/advogados.cv\/fr\/wp-json\/wp\/v2\/types\/page"}],"author":[{"embeddable":true,"href":"https:\/\/advogados.cv\/fr\/wp-json\/wp\/v2\/users\/1"}],"replies":[{"embeddable":true,"href":"https:\/\/advogados.cv\/fr\/wp-json\/wp\/v2\/comments?post=573"}],"version-history":[{"count":7,"href":"https:\/\/advogados.cv\/fr\/wp-json\/wp\/v2\/pages\/573\/revisions"}],"predecessor-version":[{"id":800,"href":"https:\/\/advogados.cv\/fr\/wp-json\/wp\/v2\/pages\/573\/revisions\/800"}],"wp:attachment":[{"href":"https:\/\/advogados.cv\/fr\/wp-json\/wp\/v2\/media?parent=573"}],"curies":[{"name":"wp","href":"https:\/\/api.w.org\/{rel}","templated":true}]}}