{"id":1449,"date":"2024-12-05T20:38:45","date_gmt":"2024-12-05T21:38:45","guid":{"rendered":"https:\/\/advogados.cv\/glossary\/crime-instantaneo\/"},"modified":"2024-12-05T20:38:45","modified_gmt":"2024-12-05T21:38:45","slug":"crime-instantaneo","status":"publish","type":"glossary","link":"https:\/\/advogados.cv\/fr\/glossaire\/crime-instantaneo\/","title":{"rendered":"Criminalit\u00e9 instantan\u00e9e"},"content":{"rendered":"<p>Um crime instant&acirc;neo &eacute; uma infra&ccedil;&atilde;o criminal conclu&iacute;da num &uacute;nico momento com consequ&ecirc;ncias permanentes, independentemente das a&ccedil;&otilde;es subsequentes do perpetrador. Ao contr&aacute;rio dos crimes cont&iacute;nuos ou habituais, envolve um ato definitivo que produz imediatamente efeitos duradouros. Caracterizado por uma a&ccedil;&atilde;o &uacute;nica e decisiva, estes crimes resultam em resultados irrevers&iacute;veis que persistem para al&eacute;m do momento inicial da sua pr&aacute;tica. Exemplos incluem <a class=\"glossaryLink\" href=\"https:\/\/advogados.cv\/fr\/glossaire\/meurtre\/\" target=\"_blank\" rel=\"nofollow\" data-mobile-support=\"0\" data-gt-translate-attributes='[{\"attribute\":\"data-cmtooltip\", \"format\":\"html\"}]' tabindex=\"0\" role=\"link\">meurtre<\/a><span id=\"cmttFootnoteLink1-0\" class=\"cmtt-footnote\"><sup><a class=\"et_smooth_scroll_disabled cmtt_footnote_link cmtt-footnote-deflink\" href=\"#cmttFootnoteLink1\" style=\"font-size: 14px; color: #325afb; font-style : none ;\">[1]<\/a><\/sup><\/span>, <a class=\"glossaryLink\" href=\"https:\/\/advogados.cv\/fr\/glossaire\/incendie\/\" target=\"_blank\" rel=\"nofollow\" data-mobile-support=\"0\" data-gt-translate-attributes='[{\"attribute\":\"data-cmtooltip\", \"format\":\"html\"}]' tabindex=\"0\" role=\"link\">incendie<\/a><span id=\"cmttFootnoteLink2-0\" class=\"cmtt-footnote\"><sup><a class=\"et_smooth_scroll_disabled cmtt_footnote_link cmtt-footnote-deflink\" href=\"#cmttFootnoteLink2\" style=\"font-size: 14px; color: #325afb; font-style : none ;\">[2]<\/a><\/sup><\/span>, <a class=\"glossaryLink\"  href=\"https:\/\/advogados.cv\/fr\/glossaire\/vol-2\/\"  target=\"_blank\"  rel=\"nofollow\"  data-mobile-support=\"0\"  data-gt-translate-attributes='[{\"attribute\":\"data-cmtooltip\", \"format\":\"html\"}]' tabindex='0' role='link'>vol<\/a><span id=\"cmttFootnoteLink4-0\" class=\"cmtt-footnote\"><sup><a class=\"et_smooth_scroll_disabled cmtt_footnote_link cmtt-footnote-deflink\" href=\"#cmttFootnoteLink4\" style=\"font-size: 14px; color: #325afb; font-style : none ;\">[4]<\/a><\/sup><\/span>, sequestro e viola&ccedil;&atilde;o. Legalmente, o foco est&aacute; no ato consumado, com a senten&ccedil;a e a responsabilidade determinadas pelo resultado final, em vez de potenciais tentativas de reverter as consequ&ecirc;ncias. O fator distintivo chave &eacute; a natureza imediata e permanente do ato <a class=\"glossaryLink\" href=\"https:\/\/advogados.cv\/fr\/glossaire\/criminel\/\" target=\"_blank\" rel=\"nofollow\" data-mobile-support=\"0\" data-gt-translate-attributes='[{\"attribute\":\"data-cmtooltip\", \"format\":\"html\"}]' tabindex=\"0\" role=\"link\">criminel<\/a><span id=\"cmttFootnoteLink3-0\" class=\"cmtt-footnote\"><sup><a class=\"et_smooth_scroll_disabled cmtt_footnote_link cmtt-footnote-deflink\" href=\"#cmttFootnoteLink3\" style=\"font-size: 14px; color: #325afb; font-style : none ;\">[3]<\/a><\/sup><\/span>, que permanece consequente independentemente das inten&ccedil;&otilde;es ou esfor&ccedil;os subsequentes do infrator.<\/p>\n<div class=\"cmtt-footnotes-block\"><div class=\"cmtt-footnote-header\">D\u00e9finitions des termes<\/div><div class=\"cmtt-footnote-header-border\"><\/div><div class=\"cmtt-footnote-def\" id=\"cmttFootnoteLink1\"><span class=\"cmtt-footnote-def-number\">1. <\/span><span class=\"cmtt-footnote-def-back\"><a class=\"cmtt_footnote_link cmtt-footnote-backlink\" href=\"#cmttFootnoteLink1-0\" style=\"font-size: 14px; color: #325afb; font-style : none ;\"> &#8593; <\/a><\/span><span class=\"cmtt-footnote-def-key\"> <a aria-describedby=\"tt\" href=\"https:\/\/advogados.cv\/fr\/glossaire\/meurtre\/\" class=\"glossaryLink\" target=\"_blank\">meurtre<\/a>. <\/span><span class=\"cmtt-footnote-def-content\"> L'homicide est l'acte par lequel une personne en tue une autre, avec des interpr\u00e9tations juridiques et sociales variables selon les contextes. Il peut \u00eatre class\u00e9 comme justifiable, excusable ou criminel, et peut impliquer des actions intentionnelles ou n\u00e9gligentes. Dans le droit p\u00e9nal br\u00e9silien, l'homicide requiert une personne physique comme sujet actif et passif, avec des distinctions juridiques sp\u00e9cifiques entre des types tels que l'homicide simple, l'homicide qualifi\u00e9 et l'homicide privil\u00e9gi\u00e9. Pour prouver l'homicide, il faut \u00e9tablir le corpus delicti, g\u00e9n\u00e9ralement \u00e0 l'aide de preuves physiques ou testimoniales. Les strat\u00e9gies de pr\u00e9vention impliquent une approche globale des facteurs sociaux tels que la pauvret\u00e9, l'in\u00e9galit\u00e9, la disponibilit\u00e9 des armes et la sant\u00e9 mentale. Le syst\u00e8me juridique vise \u00e0 prot\u00e9ger le droit \u00e0 la vie des individus par le biais de politiques de justice p\u00e9nale, d'interventions communautaires et d'initiatives de sensibilisation du public qui ciblent les causes sous-jacentes des comportements violents. <\/span><\/div><div class=\"cmtt-footnote-def\" id=\"cmttFootnoteLink2\"><span class=\"cmtt-footnote-def-number\">2. <\/span><span class=\"cmtt-footnote-def-back\"><a class=\"cmtt_footnote_link cmtt-footnote-backlink\" href=\"#cmttFootnoteLink2-0\" style=\"font-size: 14px; color: #325afb; font-style : none ;\"> &#8593; <\/a><\/span><span class=\"cmtt-footnote-def-key\"> <a aria-describedby=\"tt\" href=\"https:\/\/advogados.cv\/fr\/glossaire\/incendie\/\" class=\"glossaryLink\" target=\"_blank\">inc\u00eandio<\/a>. <\/span><span class=\"cmtt-footnote-def-content\"> O fogo \u00e9 um fen\u00f3meno complexo que envolve combust\u00e3o, movimenta\u00e7\u00e3o de ar e troca de calor. Conflagra\u00e7\u00f5es podem ocorrer em diversos ambientes, desde locais industriais como refinarias de petr\u00f3leo at\u00e9 meios urbanos e paisagens florestais, frequentemente ultrapassando barreiras iniciais. Os m\u00e9todos de extin\u00e7\u00e3o centram-se principalmente em tr\u00eas estrat\u00e9gias fundamentais: arrefecer o combust\u00edvel abaixo da temperatura de combust\u00e3o, tipicamente usando \u00e1gua; sufocar isolando o combust\u00edvel do oxig\u00e9nio; e remover fontes de combust\u00edvel. Inc\u00eandios hist\u00f3ricos not\u00e1veis incluem o Grande Inc\u00eandio de Roma, o Inc\u00eandio de Chicago e o Grande Inc\u00eandio de Londres, demonstrando o potencial destrutivo do fogo. A intensidade de um inc\u00eandio depende de fatores como aberturas de edif\u00edcios, altura do teto e materiais combust\u00edveis dispon\u00edveis. Compreender a din\u00e2mica do fogo \u00e9 crucial para preven\u00e7\u00e3o, mitiga\u00e7\u00e3o e t\u00e9cnicas eficazes de combate a inc\u00eandios em diferentes cen\u00e1rios. <\/span><\/div><button class=\"cmtt-footnote-showmore-btn\">Afficher plus<\/button><div class=\"cmtt-footnote-def hidden\" id=\"cmttFootnoteLink3\"><span class=\"cmtt-footnote-def-number\">3. <\/span><span class=\"cmtt-footnote-def-back\"><a class=\"cmtt_footnote_link cmtt-footnote-backlink\" href=\"#cmttFootnoteLink3-0\" style=\"font-size: 14px; color: #325afb; font-style : none ;\"> &#8593; <\/a><\/span><span class=\"cmtt-footnote-def-key\"> <a aria-describedby=\"tt\" href=\"https:\/\/advogados.cv\/fr\/glossaire\/criminel\/\" class=\"glossaryLink\" target=\"_blank\">criminel<\/a>. <\/span><span class=\"cmtt-footnote-def-content\"> Les criminels sont des individus qui violent les normes juridiques en commettant des infractions sans justification. Leurs actions peuvent aller d'infractions impulsives motiv\u00e9es par des d\u00e9clencheurs \u00e9motionnels \u00e0 des activit\u00e9s criminelles calcul\u00e9es et professionnelles. La classification des criminels comprend les d\u00e9linquants impulsifs qui agissent sous le coup d'une \u00e9motion soudaine, les criminels occasionnels qui r\u00e9agissent \u00e0 des circonstances sp\u00e9cifiques et les criminels habituels qui adoptent syst\u00e9matiquement un comportement criminel. Les syst\u00e8mes juridiques traitent g\u00e9n\u00e9ralement les actions criminelles dans le cadre d'une proc\u00e9dure r\u00e9guli\u00e8re, en imposant des sanctions telles que des peines d'emprisonnement, des amendes ou des restrictions de droits. Les sanctions ont deux objectifs : la r\u00e9habilitation corrective et la dissuasion. Les facteurs qui contribuent au comportement criminel comprennent l'instabilit\u00e9 \u00e9motionnelle, les influences environnementales et les \u00e9ventuels probl\u00e8mes de sant\u00e9 mentale. L'approche de la justice p\u00e9nale varie en fonction du type et de la gravit\u00e9 de l'infraction, les interventions \u00e9tant con\u00e7ues pour pr\u00e9venir toute activit\u00e9 criminelle future et prot\u00e9ger la soci\u00e9t\u00e9. <\/span><\/div><div class=\"cmtt-footnote-def hidden\" id=\"cmttFootnoteLink4\"><span class=\"cmtt-footnote-def-number\">4. <\/span><span class=\"cmtt-footnote-def-back\"><a class=\"cmtt_footnote_link cmtt-footnote-backlink\" href=\"#cmttFootnoteLink4-0\" style=\"font-size: 14px; color: #325afb; font-style : none ;\"> &#8593; <\/a><\/span><span class=\"cmtt-footnote-def-key\"> <a aria-describedby=\"tt\" href=\"https:\/\/advogados.cv\/fr\/glossaire\/vol-2\/\" class=\"glossaryLink\" target=\"_blank\">vol<\/a>. <\/span><span class=\"cmtt-footnote-def-content\"> Le larcin est un d\u00e9lit qui consiste \u00e0 s'emparer ill\u00e9galement et sans violence des biens mobiliers d'autrui. D\u00e9fini dans les codes p\u00e9naux br\u00e9silien et portugais, il diff\u00e8re du vol en ce qu'il n'implique pas de menace. Le concept juridique reconna\u00eet plusieurs \u00e9l\u00e9ments, dont les sujets actifs et passifs du d\u00e9lit. Historiquement ancr\u00e9 dans les normes sociales, le vol est abord\u00e9 dans les cadres religieux et juridiques depuis les civilisations anciennes. Le principe d'insignifiance permet \u00e0 la justice d'exercer son pouvoir discr\u00e9tionnaire dans les affaires insignifiantes, en tenant compte de facteurs tels que le caract\u00e8re minime de l'infraction et la faiblesse du pr\u00e9judice social. La recherche empirique r\u00e9v\u00e8le des biais syst\u00e9miques dans les poursuites pour vol, la majorit\u00e9 des cas impliquant des biens de faible valeur (0-200 reais) et touchant de mani\u00e8re disproportionn\u00e9e les jeunes, les ch\u00f4meurs, les personnes \u00e0 faible revenu et les personnes non blanches. L'interpr\u00e9tation juridique varie selon qu'il s'agit d'un d\u00e9lit \u00e9conomique ou d'un d\u00e9lit contre la propri\u00e9t\u00e9, ce qui met en \u00e9vidence la complexit\u00e9 de l'application de la justice p\u00e9nale et le risque de discrimination socio-\u00e9conomique. <\/span><\/div><\/div><div class=\"cmtt-footnote-bottom-border\"><\/div>","protected":false},"excerpt":{"rendered":"<p>Um crime instant&acirc;neo &eacute; uma infra&ccedil;&atilde;o criminal conclu&iacute;da num &uacute;nico momento com consequ&ecirc;ncias permanentes, independentemente das a&ccedil;&otilde;es subsequentes do perpetrador. Ao contr&aacute;rio dos crimes cont&iacute;nuos ou habituais, envolve um ato definitivo que produz imediatamente efeitos duradouros. Caracterizado por uma a&ccedil;&atilde;o &uacute;nica e decisiva, estes crimes resultam em resultados irrevers&iacute;veis que persistem para al&eacute;m do momento [&hellip;]<\/p>\n<div class=\"cmtt-footnotes-block\">\n<div class=\"cmtt-footnote-header\">D\u00e9finitions des termes<\/div>\n<div class=\"cmtt-footnote-header-border\"><\/div>\n<div class=\"cmtt-footnote-def\" id=\"cmttFootnoteLink1\"><span class=\"cmtt-footnote-def-number\">1. <\/span><span class=\"cmtt-footnote-def-back\"><a class=\"cmtt_footnote_link cmtt-footnote-backlink\" href=\"#cmttFootnoteLink1-0\" style=\"font-size: 14px; color: #325afb; font-style : none ;\"> \u2191 <\/a><\/span><span class=\"cmtt-footnote-def-key\"> <a aria-describedby=\"tt\" href=\"https:\/\/advogados.cv\/fr\/glossaire\/meurtre\/\" class=\"glossaryLink\" target=\"_blank\">meurtre<\/a>. <\/span><span class=\"cmtt-footnote-def-content\"> L'homicide est l'acte par lequel une personne en tue une autre, avec des interpr\u00e9tations juridiques et sociales variables selon les contextes. Il peut \u00eatre class\u00e9 comme justifiable, excusable ou criminel, et peut impliquer des actions intentionnelles ou n\u00e9gligentes. Dans l'Union europ\u00e9enne, l'homicide est consid\u00e9r\u00e9 comme un acte criminel. <a class=\"glossaryLink\" href=\"https:\/\/advogados.cv\/fr\/glossaire\/droit-penal\/\" target=\"_blank\" rel=\"nofollow\" data-mobile-support=\"0\" data-gt-translate-attributes='[{\"attribute\":\"data-cmtooltip\", \"format\":\"html\"}]' tabindex=\"0\" role=\"link\">droit p\u00e9nal<\/a><span id=\"cmttFootnoteLink5-0\" class=\"cmtt-footnote\"><sup><a class=\"et_smooth_scroll_disabled cmtt_footnote_link cmtt-footnote-deflink\" href=\"#cmttFootnoteLink5\" style=\"font-size: 14px; color: #325afb; font-style : none ;\">[5]<\/a><\/sup><\/span> Au Br\u00e9sil, l'homicide requiert une personne physique comme sujet actif et passif, avec des distinctions juridiques sp\u00e9cifiques entre les types d'homicides tels que l'homicide simple, l'homicide qualifi\u00e9 et l'homicide privil\u00e9gi\u00e9. Pour prouver l'homicide, il faut \u00e9tablir le corpus delicti, g\u00e9n\u00e9ralement \u00e0 l'aide de preuves physiques ou testimoniales. Les strat\u00e9gies de pr\u00e9vention impliquent une approche globale qui s'attaque aux facteurs sociaux tels que la pauvret\u00e9, l'in\u00e9galit\u00e9, la disponibilit\u00e9 des armes et la consommation de drogues. <a class=\"glossaryLink\" href=\"https:\/\/advogados.cv\/fr\/glossaire\/sante-mentale\/\" target=\"_blank\" rel=\"nofollow\" data-mobile-support=\"0\" data-gt-translate-attributes='[{\"attribute\":\"data-cmtooltip\", \"format\":\"html\"}]' tabindex=\"0\" role=\"link\">sant\u00e9 mentale<\/a><span id=\"cmttFootnoteLink6-0\" class=\"cmtt-footnote\"><sup><a class=\"et_smooth_scroll_disabled cmtt_footnote_link cmtt-footnote-deflink\" href=\"#cmttFootnoteLink6\" style=\"font-size: 14px; color: #325afb; font-style : none ;\">[6]<\/a><\/sup><\/span>. O <a class=\"glossaryLink\"  href=\"https:\/\/advogados.cv\/fr\/glossaire\/systeme\/\"  target=\"_blank\"  rel=\"nofollow\"  data-mobile-support=\"0\"  data-gt-translate-attributes='[{\"attribute\":\"data-cmtooltip\", \"format\":\"html\"}]' tabindex='0' role='link'>syst\u00e8me<\/a><span id=\"cmttFootnoteLink9-0\" class=\"cmtt-footnote\"><sup><a class=\"et_smooth_scroll_disabled cmtt_footnote_link cmtt-footnote-deflink\" href=\"#cmttFootnoteLink9\" style=\"font-size: 14px; color: #325afb; font-style : none ;\">[9]<\/a><\/sup><\/span> La loi vise \u00e0 prot\u00e9ger les <a class=\"glossaryLink\"  href=\"https:\/\/advogados.cv\/fr\/glossaire\/loi\/\"  target=\"_blank\"  rel=\"nofollow\"  data-mobile-support=\"0\"  data-gt-translate-attributes='[{\"attribute\":\"data-cmtooltip\", \"format\":\"html\"}]' tabindex='0' role='link'>loi<\/a><span id=\"cmttFootnoteLink10-0\" class=\"cmtt-footnote\"><sup><a class=\"et_smooth_scroll_disabled cmtt_footnote_link cmtt-footnote-deflink\" href=\"#cmttFootnoteLink10\" style=\"font-size: 14px; color: #325afb; font-style : none ;\">[10]<\/a><\/sup><\/span> \u00e0 la vie des individus par le biais de <a class=\"glossaryLink\" href=\"https:\/\/advogados.cv\/fr\/glossaire\/justica\/\" target=\"_blank\" rel=\"nofollow\" data-mobile-support=\"0\" data-gt-translate-attributes='[{\"attribute\":\"data-cmtooltip\", \"format\":\"html\"}]' tabindex=\"0\" role=\"link\">justice<\/a><span id=\"cmttFootnoteLink7-0\" class=\"cmtt-footnote\"><sup><a class=\"et_smooth_scroll_disabled cmtt_footnote_link cmtt-footnote-deflink\" href=\"#cmttFootnoteLink7\" style=\"font-size: 14px; color: #325afb; font-style : none ;\">[7]<\/a><\/sup><\/span> La lutte contre la criminalit\u00e9, les interventions communautaires et les initiatives de sensibilisation du public qui ciblent les causes sous-jacentes des comportements violents. <\/span><\/div>\n<div class=\"cmtt-footnote-def\" id=\"cmttFootnoteLink2\"><span class=\"cmtt-footnote-def-number\">2. <\/span><span class=\"cmtt-footnote-def-back\"><a class=\"cmtt_footnote_link cmtt-footnote-backlink\" href=\"#cmttFootnoteLink2-0\" style=\"font-size: 14px; color: #325afb; font-style : none ;\"> \u2191 <\/a><\/span><span class=\"cmtt-footnote-def-key\"> <a aria-describedby=\"tt\" href=\"https:\/\/advogados.cv\/fr\/glossaire\/incendie\/\" class=\"glossaryLink\" target=\"_blank\">incendie<\/a>. <\/span><span class=\"cmtt-footnote-def-content\"> Le feu est un ph\u00e9nom\u00e8ne complexe impliquant la combustion, le mouvement de l'air et l'\u00e9change de chaleur. Les incendies peuvent se produire dans des environnements vari\u00e9s, des sites industriels tels que les raffineries de p\u00e9trole aux environnements urbains et aux paysages forestiers, et ils surmontent souvent les barri\u00e8res initiales. Les m\u00e9thodes d'extinction s'articulent principalement autour de trois strat\u00e9gies fondamentales : refroidir le combustible en dessous de la temp\u00e9rature de combustion, g\u00e9n\u00e9ralement \u00e0 l'aide d'eau ; \u00e9touffer le combustible en l'isolant de l'oxyg\u00e8ne ; et supprimer les sources de combustible. Parmi les incendies historiques notables, on peut citer le grand incendie de Rome, l'incendie de Chicago et le grand incendie de Londres, qui d\u00e9montrent le potentiel destructeur du feu. L'intensit\u00e9 d'un incendie d\u00e9pend de facteurs tels que les ouvertures du b\u00e2timent, la hauteur du plafond et les mat\u00e9riaux combustibles disponibles. Comprendre la dynamique des incendies est essentiel pour la pr\u00e9vention, l'att\u00e9nuation et l'efficacit\u00e9 des techniques de lutte contre les incendies dans diff\u00e9rents sc\u00e9narios. <\/span><\/div>\n<p><button class=\"cmtt-footnote-showmore-btn\">Afficher plus<\/button><\/p>\n<div class=\"cmtt-footnote-def hidden\" id=\"cmttFootnoteLink3\"><span class=\"cmtt-footnote-def-number\">3. <\/span><span class=\"cmtt-footnote-def-back\"><a class=\"cmtt_footnote_link cmtt-footnote-backlink\" href=\"#cmttFootnoteLink3-0\" style=\"font-size: 14px; color: #325afb; font-style : none ;\"> \u2191 <\/a><\/span><span class=\"cmtt-footnote-def-key\"> <a aria-describedby=\"tt\" href=\"https:\/\/advogados.cv\/fr\/glossaire\/criminel\/\" class=\"glossaryLink\" target=\"_blank\">criminel<\/a>. <\/span><span class=\"cmtt-footnote-def-content\"> Criminosos s&atilde;o indiv&iacute;duos que violam normas legais ao cometer infra&ccedil;&otilde;es sem justifica&ccedil;&atilde;o. As suas a&ccedil;&otilde;es podem variar de crimes impulsivos motivados por gatilhos emocionais a atividades criminosas calculadas e profissionais. A classifica&ccedil;&atilde;o de criminosos inclui infratores impulsivos que agem por emo&ccedil;&atilde;o s&uacute;bita, criminosos ocasionais que respondem a circunst&acirc;ncias espec&iacute;ficas e criminosos habituais que sistematicamente se envolvem em comportamento criminoso. Os sistemas jur&iacute;dicos normalmente abordam a&ccedil;&otilde;es criminosas atrav&eacute;s do devido processo, impondo san&ccedil;&otilde;es como pris&atilde;o, multas ou restri&ccedil;&otilde;es de direitos. As puni&ccedil;&otilde;es servem a dois prop&oacute;sitos: reabilita&ccedil;&atilde;o corretiva e dissuas&atilde;o. Fatores que contribuem para o comportamento criminoso incluem instabilidade emocional, influ&ecirc;ncias ambientais e potenciais desafios de sa&uacute;de mental. A abordagem da justi&ccedil;a criminal varia consoante o tipo e a gravidade da infra&ccedil;&atilde;o, com interven&ccedil;&otilde;es destinadas a prevenir futuras atividades criminosas e proteger a <a class=\"glossaryLink\" href=\"https:\/\/advogados.cv\/fr\/glossaire\/societe\/\" target=\"_blank\" rel=\"nofollow\" data-mobile-support=\"0\" data-gt-translate-attributes='[{\"attribute\":\"data-cmtooltip\", \"format\":\"html\"}]' tabindex=\"0\" role=\"link\">soci\u00e9t\u00e9<\/a><span id=\"cmttFootnoteLink8-0\" class=\"cmtt-footnote\"><sup><a class=\"et_smooth_scroll_disabled cmtt_footnote_link cmtt-footnote-deflink\" href=\"#cmttFootnoteLink8\" style=\"font-size: 14px; color: #325afb; font-style : none ;\">[8]<\/a><\/sup><\/span>. <\/span><\/div>\n<div class=\"cmtt-footnote-def hidden\" id=\"cmttFootnoteLink4\"><span class=\"cmtt-footnote-def-number\">4. <\/span><span class=\"cmtt-footnote-def-back\"><a class=\"cmtt_footnote_link cmtt-footnote-backlink\" href=\"#cmttFootnoteLink4-0\" style=\"font-size: 14px; color: #325afb; font-style : none ;\"> \u2191 <\/a><\/span><span class=\"cmtt-footnote-def-key\"> <a aria-describedby=\"tt\" href=\"https:\/\/advogados.cv\/fr\/glossaire\/vol-2\/\" class=\"glossaryLink\" target=\"_blank\">vol<\/a>. <\/span><span class=\"cmtt-footnote-def-content\"> Le vol est un d\u00e9lit qui consiste \u00e0 s'emparer ill\u00e9galement et sans violence de la propri\u00e9t\u00e9 mobili\u00e8re d'autrui. D\u00e9fini dans les codes p\u00e9naux br\u00e9silien et portugais, il diff\u00e8re de l'infraction de vol. <a class=\"glossaryLink\"  href=\"https:\/\/advogados.cv\/fr\/glossaire\/vol\/\"  target=\"_blank\"  rel=\"nofollow\"  data-mobile-support=\"0\"  data-gt-translate-attributes='[{\"attribute\":\"data-cmtooltip\", \"format\":\"html\"}]' tabindex='0' role='link'>vol<\/a><span id=\"cmttFootnoteLink11-0\" class=\"cmtt-footnote\"><sup><a class=\"et_smooth_scroll_disabled cmtt_footnote_link cmtt-footnote-deflink\" href=\"#cmttFootnoteLink11\" style=\"font-size: 14px; color: #325afb; font-style : none ;\">[11]<\/a><\/sup><\/span> parce qu'elle n'implique pas de menace. Le concept juridique reconna\u00eet diff\u00e9rents \u00e9l\u00e9ments, notamment les sujets actifs et passifs du d\u00e9lit. Historiquement ancr\u00e9 dans les normes sociales, le vol est abord\u00e9 dans les cadres religieux et juridiques depuis les civilisations anciennes. Le principe d'insignifiance permet \u00e0 la justice d'exercer son pouvoir discr\u00e9tionnaire dans les affaires insignifiantes, en tenant compte de facteurs tels que le caract\u00e8re minime de l'infraction et le faible niveau de criminalit\u00e9. <a class=\"glossaryLink\"  href=\"https:\/\/advogados.cv\/fr\/glossaire\/dommages\/\"  target=\"_blank\"  rel=\"nofollow\"  data-mobile-support=\"0\"  data-gt-translate-attributes='[{\"attribute\":\"data-cmtooltip\", \"format\":\"html\"}]' tabindex='0' role='link'>dommages<\/a><span id=\"cmttFootnoteLink12-0\" class=\"cmtt-footnote\"><sup><a class=\"et_smooth_scroll_disabled cmtt_footnote_link cmtt-footnote-deflink\" href=\"#cmttFootnoteLink12\" style=\"font-size: 14px; color: #325afb; font-style : none ;\">[12]<\/a><\/sup><\/span> social. Pesquisas emp&iacute;ricas revelam vieses sist&ecirc;micos nas prosecuta&ccedil;&otilde;es de furto, com a maioria dos casos envolvendo bens de baixo valor (0-200 reais) e afetando desproporcionalmente jovens, desempregados, de baixa renda e n&atilde;o brancos. A interpreta&ccedil;&atilde;o legal varia entre crimes patrimoniais e econ&oacute;micos, destacando complexidades na aplica&ccedil;&atilde;o da justi&ccedil;a criminal e potencial discrimina&ccedil;&atilde;o socioecon&oacute;mica. <\/span><\/div>\n<\/div>\n<div class=\"cmtt-footnote-bottom-border\"><\/div>\n<div class=\"cmtt-footnotes-block\"><div class=\"cmtt-footnote-header\">D\u00e9finitions des termes<\/div><div class=\"cmtt-footnote-header-border\"><\/div><div class=\"cmtt-footnote-def\" id=\"cmttFootnoteLink1\"><span class=\"cmtt-footnote-def-number\">1. <\/span><span class=\"cmtt-footnote-def-back\"><a class=\"cmtt_footnote_link cmtt-footnote-backlink\" href=\"#cmttFootnoteLink1-0\" style=\"font-size: 14px; color: #325afb; font-style : none ;\"> &#8593; <\/a><\/span><span class=\"cmtt-footnote-def-key\"> <a aria-describedby=\"tt\" href=\"https:\/\/advogados.cv\/fr\/glossaire\/meurtre\/\" class=\"glossaryLink\" target=\"_blank\">meurtre<\/a>. <\/span><span class=\"cmtt-footnote-def-content\"> L'homicide est l'acte par lequel une personne en tue une autre, avec des interpr\u00e9tations juridiques et sociales variables selon les contextes. Il peut \u00eatre class\u00e9 comme justifiable, excusable ou criminel, et peut impliquer des actions intentionnelles ou n\u00e9gligentes. Dans le droit p\u00e9nal br\u00e9silien, l'homicide requiert une personne physique comme sujet actif et passif, avec des distinctions juridiques sp\u00e9cifiques entre des types tels que l'homicide simple, l'homicide qualifi\u00e9 et l'homicide privil\u00e9gi\u00e9. Pour prouver l'homicide, il faut \u00e9tablir le corpus delicti, g\u00e9n\u00e9ralement \u00e0 l'aide de preuves physiques ou testimoniales. Les strat\u00e9gies de pr\u00e9vention impliquent une approche globale des facteurs sociaux tels que la pauvret\u00e9, l'in\u00e9galit\u00e9, la disponibilit\u00e9 des armes et la sant\u00e9 mentale. Le syst\u00e8me juridique vise \u00e0 prot\u00e9ger le droit \u00e0 la vie des individus par le biais de politiques de justice p\u00e9nale, d'interventions communautaires et d'initiatives de sensibilisation du public qui ciblent les causes sous-jacentes des comportements violents. <\/span><\/div><div class=\"cmtt-footnote-def\" id=\"cmttFootnoteLink2\"><span class=\"cmtt-footnote-def-number\">2. <\/span><span class=\"cmtt-footnote-def-back\"><a class=\"cmtt_footnote_link cmtt-footnote-backlink\" href=\"#cmttFootnoteLink2-0\" style=\"font-size: 14px; color: #325afb; font-style : none ;\"> &#8593; <\/a><\/span><span class=\"cmtt-footnote-def-key\"> <a aria-describedby=\"tt\" href=\"https:\/\/advogados.cv\/fr\/glossaire\/incendie\/\" class=\"glossaryLink\" target=\"_blank\">inc\u00eandio<\/a>. <\/span><span class=\"cmtt-footnote-def-content\"> O fogo \u00e9 um fen\u00f3meno complexo que envolve combust\u00e3o, movimenta\u00e7\u00e3o de ar e troca de calor. Conflagra\u00e7\u00f5es podem ocorrer em diversos ambientes, desde locais industriais como refinarias de petr\u00f3leo at\u00e9 meios urbanos e paisagens florestais, frequentemente ultrapassando barreiras iniciais. Os m\u00e9todos de extin\u00e7\u00e3o centram-se principalmente em tr\u00eas estrat\u00e9gias fundamentais: arrefecer o combust\u00edvel abaixo da temperatura de combust\u00e3o, tipicamente usando \u00e1gua; sufocar isolando o combust\u00edvel do oxig\u00e9nio; e remover fontes de combust\u00edvel. Inc\u00eandios hist\u00f3ricos not\u00e1veis incluem o Grande Inc\u00eandio de Roma, o Inc\u00eandio de Chicago e o Grande Inc\u00eandio de Londres, demonstrando o potencial destrutivo do fogo. A intensidade de um inc\u00eandio depende de fatores como aberturas de edif\u00edcios, altura do teto e materiais combust\u00edveis dispon\u00edveis. Compreender a din\u00e2mica do fogo \u00e9 crucial para preven\u00e7\u00e3o, mitiga\u00e7\u00e3o e t\u00e9cnicas eficazes de combate a inc\u00eandios em diferentes cen\u00e1rios. <\/span><\/div><button class=\"cmtt-footnote-showmore-btn\">Afficher plus<\/button><div class=\"cmtt-footnote-def hidden\" id=\"cmttFootnoteLink3\"><span class=\"cmtt-footnote-def-number\">3. <\/span><span class=\"cmtt-footnote-def-back\"><a class=\"cmtt_footnote_link cmtt-footnote-backlink\" href=\"#cmttFootnoteLink3-0\" style=\"font-size: 14px; color: #325afb; font-style : none ;\"> &#8593; <\/a><\/span><span class=\"cmtt-footnote-def-key\"> <a aria-describedby=\"tt\" href=\"https:\/\/advogados.cv\/fr\/glossaire\/criminel\/\" class=\"glossaryLink\" target=\"_blank\">criminel<\/a>. <\/span><span class=\"cmtt-footnote-def-content\"> Les criminels sont des individus qui violent les normes juridiques en commettant des infractions sans justification. Leurs actions peuvent aller d'infractions impulsives motiv\u00e9es par des d\u00e9clencheurs \u00e9motionnels \u00e0 des activit\u00e9s criminelles calcul\u00e9es et professionnelles. La classification des criminels comprend les d\u00e9linquants impulsifs qui agissent sous le coup d'une \u00e9motion soudaine, les criminels occasionnels qui r\u00e9agissent \u00e0 des circonstances sp\u00e9cifiques et les criminels habituels qui adoptent syst\u00e9matiquement un comportement criminel. Les syst\u00e8mes juridiques traitent g\u00e9n\u00e9ralement les actions criminelles dans le cadre d'une proc\u00e9dure r\u00e9guli\u00e8re, en imposant des sanctions telles que des peines d'emprisonnement, des amendes ou des restrictions de droits. Les sanctions ont deux objectifs : la r\u00e9habilitation corrective et la dissuasion. Les facteurs qui contribuent au comportement criminel comprennent l'instabilit\u00e9 \u00e9motionnelle, les influences environnementales et les \u00e9ventuels probl\u00e8mes de sant\u00e9 mentale. L'approche de la justice p\u00e9nale varie en fonction du type et de la gravit\u00e9 de l'infraction, les interventions \u00e9tant con\u00e7ues pour pr\u00e9venir toute activit\u00e9 criminelle future et prot\u00e9ger la soci\u00e9t\u00e9. <\/span><\/div><div class=\"cmtt-footnote-def hidden\" id=\"cmttFootnoteLink4\"><span class=\"cmtt-footnote-def-number\">4. <\/span><span class=\"cmtt-footnote-def-back\"><a class=\"cmtt_footnote_link cmtt-footnote-backlink\" href=\"#cmttFootnoteLink4-0\" style=\"font-size: 14px; color: #325afb; font-style : none ;\"> &#8593; <\/a><\/span><span class=\"cmtt-footnote-def-key\"> <a aria-describedby=\"tt\" href=\"https:\/\/advogados.cv\/fr\/glossaire\/vol-2\/\" class=\"glossaryLink\" target=\"_blank\">vol<\/a>. <\/span><span class=\"cmtt-footnote-def-content\"> Le larcin est un d\u00e9lit qui consiste \u00e0 s'emparer ill\u00e9galement et sans violence des biens mobiliers d'autrui. D\u00e9fini dans les codes p\u00e9naux br\u00e9silien et portugais, il diff\u00e8re du vol en ce qu'il n'implique pas de menace. Le concept juridique reconna\u00eet plusieurs \u00e9l\u00e9ments, dont les sujets actifs et passifs du d\u00e9lit. Historiquement ancr\u00e9 dans les normes sociales, le vol est abord\u00e9 dans les cadres religieux et juridiques depuis les civilisations anciennes. Le principe d'insignifiance permet \u00e0 la justice d'exercer son pouvoir discr\u00e9tionnaire dans les affaires insignifiantes, en tenant compte de facteurs tels que le caract\u00e8re minime de l'infraction et la faiblesse du pr\u00e9judice social. La recherche empirique r\u00e9v\u00e8le des biais syst\u00e9miques dans les poursuites pour vol, la majorit\u00e9 des cas impliquant des biens de faible valeur (0-200 reais) et touchant de mani\u00e8re disproportionn\u00e9e les jeunes, les ch\u00f4meurs, les personnes \u00e0 faible revenu et les personnes non blanches. L'interpr\u00e9tation juridique varie selon qu'il s'agit d'un d\u00e9lit \u00e9conomique ou d'un d\u00e9lit contre la propri\u00e9t\u00e9, ce qui met en \u00e9vidence la complexit\u00e9 de l'application de la justice p\u00e9nale et le risque de discrimination socio-\u00e9conomique. <\/span><\/div><div class=\"cmtt-footnote-def hidden\" id=\"cmttFootnoteLink5\"><span class=\"cmtt-footnote-def-number\">5. <\/span><span class=\"cmtt-footnote-def-back\"><a class=\"cmtt_footnote_link cmtt-footnote-backlink\" href=\"#cmttFootnoteLink5-0\" style=\"font-size: 14px; color: #325afb; font-style : none ;\"> &#8593; <\/a><\/span><span class=\"cmtt-footnote-def-key\"> <a aria-describedby=\"tt\" href=\"https:\/\/advogados.cv\/fr\/glossaire\/droit-penal\/\" class=\"glossaryLink\" target=\"_blank\">droit p\u00e9nal<\/a>. <\/span><span class=\"cmtt-footnote-def-content\"> Le droit p\u00e9nal est un syst\u00e8me juridique complexe qui r\u00e9git la conduite sociale et le comportement criminel. Enracin\u00e9 dans des traditions historiques telles que le droit romain et le droit canonique, il vise \u00e0 prot\u00e9ger les droits fondamentaux tels que la vie, la libert\u00e9 et la propri\u00e9t\u00e9. Il \u00e9tablit un \u00e9quilibre entre le pouvoir de l'\u00c9tat et les droits individuels, en mettant l'accent sur les principes de dignit\u00e9 humaine, de proportionnalit\u00e9 et de respect de la l\u00e9galit\u00e9. Les principes cl\u00e9s sont la l\u00e9galit\u00e9, la pr\u00e9somption d'innocence et l'intervention minimale. Les approches th\u00e9oriques vont du mod\u00e8le r\u00e9tributif (la punition en tant que justice) aux mod\u00e8les pr\u00e9ventif et r\u00e9parateur, ax\u00e9s sur la pr\u00e9vention du crime et la r\u00e9insertion des d\u00e9linquants. Les sources comprennent les codes p\u00e9naux, la l\u00e9gislation en mati\u00e8re de proc\u00e9dure p\u00e9nale et les pr\u00e9c\u00e9dents judiciaires. Des universitaires de renom tels que Roxin, Bitencourt et Figueiredo Dias ont contribu\u00e9 de mani\u00e8re significative \u00e0 son d\u00e9veloppement. Le droit p\u00e9nal cherche en fin de compte \u00e0 maintenir l'ordre social tout en respectant les droits de l'homme individuels, en utilisant les m\u00e9canismes juridiques en dernier recours pour r\u00e9soudre les conflits sociaux. <\/span><\/div><div class=\"cmtt-footnote-def hidden\" id=\"cmttFootnoteLink6\"><span class=\"cmtt-footnote-def-number\">6. <\/span><span class=\"cmtt-footnote-def-back\"><a class=\"cmtt_footnote_link cmtt-footnote-backlink\" href=\"#cmttFootnoteLink6-0\" style=\"font-size: 14px; color: #325afb; font-style : none ;\"> &#8593; <\/a><\/span><span class=\"cmtt-footnote-def-key\"> <a aria-describedby=\"tt\" href=\"https:\/\/advogados.cv\/fr\/glossaire\/sante-mentale\/\" class=\"glossaryLink\" target=\"_blank\">sant\u00e9 mentale<\/a>. <\/span><span class=\"cmtt-footnote-def-content\"> La sant\u00e9 mentale englobe le bien-\u00eatre cognitif et \u00e9motionnel, et se concentre sur la capacit\u00e9 de l'individu \u00e0 profiter de la vie et \u00e0 g\u00e9rer le stress. Historiquement, les approches psychiatriques ont \u00e9volu\u00e9 de l'isolement et de la s\u00e9gr\u00e9gation \u00e0 l'int\u00e9gration dans la communaut\u00e9, en particulier au Br\u00e9sil. Le mouvement de r\u00e9forme psychiatrique des ann\u00e9es 1970 a remis en question les mod\u00e8les biom\u00e9dicaux traditionnels, pr\u00f4nant des soins de sant\u00e9 mentale plus holistiques. Des centres sp\u00e9cialis\u00e9s tels que les CAPS (centres de soins psychosociaux) ont \u00e9t\u00e9 cr\u00e9\u00e9s pour apporter un soutien complet aux enfants, aux adolescents et aux adultes. Parmi les principaux jalons l\u00e9gislatifs, citons la loi 10.216 de 2001, qui r\u00e9glemente les soins de sant\u00e9 mentale et donne la priorit\u00e9 aux traitements communautaires plut\u00f4t qu'\u00e0 l'hospitalisation. Des d\u00e9fis subsistent, notamment une p\u00e9nurie de services, une supervision insuffisante et des r\u00e9seaux de soins fragment\u00e9s. Le soutien familial et les initiatives universitaires en mati\u00e8re de sant\u00e9 mentale sont de plus en plus reconnus comme des facteurs essentiels dans le traitement de la d\u00e9pression, de l'anxi\u00e9t\u00e9 et d'autres troubles psychologiques. Les efforts en cours visent \u00e0 am\u00e9liorer les services de sant\u00e9 mentale, en mettant l'accent sur la pr\u00e9vention, l'int\u00e9gration communautaire et les approches de soins personnalis\u00e9es. <\/span><\/div><div class=\"cmtt-footnote-def hidden\" id=\"cmttFootnoteLink7\"><span class=\"cmtt-footnote-def-number\">7. <\/span><span class=\"cmtt-footnote-def-back\"><a class=\"cmtt_footnote_link cmtt-footnote-backlink\" href=\"#cmttFootnoteLink7-0\" style=\"font-size: 14px; color: #325afb; font-style : none ;\"> &#8593; <\/a><\/span><span class=\"cmtt-footnote-def-key\"> <a aria-describedby=\"tt\" href=\"https:\/\/advogados.cv\/fr\/glossaire\/justica\/\" class=\"glossaryLink\" target=\"_blank\">justice<\/a>. <\/span><span class=\"cmtt-footnote-def-content\"> La justice est un concept philosophique et social complexe qui a \u00e9t\u00e9 examin\u00e9 sous diff\u00e9rents angles au cours de diff\u00e9rentes p\u00e9riodes historiques. Les philosophes de la Gr\u00e8ce antique, tels que Socrate et Aristote, ont explor\u00e9 ses dimensions subjectives et correctives, tandis que les penseurs m\u00e9di\u00e9vaux, tels que Thomas d'Aquin, ont reli\u00e9 la justice \u00e0 la volont\u00e9 divine. Les th\u00e9oriciens modernes tels que Rawls, Sen et Dworkin offrent diverses perspectives sur l'\u00e9quit\u00e9, l'\u00e9galit\u00e9 et l'organisation sociale. Parmi les approches cl\u00e9s, citons les points de vue utilitaires qui mettent l'accent sur le bonheur collectif, les perspectives libertaires qui donnent la priorit\u00e9 aux droits individuels et les cadres fond\u00e9s sur les capacit\u00e9s qui mettent l'accent sur le potentiel humain. Les universitaires d\u00e9battent des principes fondamentaux de la justice, en examinant la r\u00e9partition des ressources, des opportunit\u00e9s et des biens sociaux. Symboliquement repr\u00e9sent\u00e9e par une balance, une \u00e9p\u00e9e et des personnages aux yeux band\u00e9s, la justice incarne l'impartialit\u00e9, l'\u00e9quilibre et la prise de d\u00e9cision rationnelle. Le discours contemporain continue d'explorer la mani\u00e8re dont la justice peut \u00eatre r\u00e9alis\u00e9e par le biais de m\u00e9canismes juridiques, \u00e9conomiques et philosophiques, en reconnaissant sa nature dynamique et multiforme. <\/span><\/div><div class=\"cmtt-footnote-def hidden\" id=\"cmttFootnoteLink8\"><span class=\"cmtt-footnote-def-number\">8. <\/span><span class=\"cmtt-footnote-def-back\"><a class=\"cmtt_footnote_link cmtt-footnote-backlink\" href=\"#cmttFootnoteLink8-0\" style=\"font-size: 14px; color: #325afb; font-style : none ;\"> &#8593; <\/a><\/span><span class=\"cmtt-footnote-def-key\"> <a aria-describedby=\"tt\" href=\"https:\/\/advogados.cv\/fr\/glossaire\/societe\/\" class=\"glossaryLink\" target=\"_blank\">soci\u00e9t\u00e9<\/a>. <\/span><span class=\"cmtt-footnote-def-content\"> Une soci\u00e9t\u00e9 est un groupe d'individus qui interagissent pour atteindre des objectifs communs et qui partagent un principe fondamental de coh\u00e9sion. Caract\u00e9ris\u00e9es par des r\u00e9seaux de relations interconnect\u00e9es, les soci\u00e9t\u00e9s peuvent \u00eatre institutionnalis\u00e9es ou non, allant des bandes et des tribus \u00e0 des structures \u00e9tatiques complexes. Les communaut\u00e9s servent de groupes interm\u00e9diaires entre les individus et les structures soci\u00e9tales plus larges, englobant les r\u00e9seaux familiaux, professionnels et sociaux. Les perspectives anthropologiques mettent l'accent sur l'organisation des soci\u00e9t\u00e9s bas\u00e9e sur la subsistance, la technologie et la communication, remettant en cause les anciennes notions hi\u00e9rarchiques. Les normes sociales et les institutions jouent un r\u00f4le crucial dans le maintien de la coh\u00e9sion du groupe, avec des m\u00e9canismes tels que la g\u00e9n\u00e9rosit\u00e9, la reconnaissance du statut et les rituels partag\u00e9s. L'\u00e9volution des soci\u00e9t\u00e9s refl\u00e8te la dynamique changeante de la coop\u00e9ration, de la sp\u00e9cialisation et de l'adaptation, d\u00e9montrant comment les groupes humains s'organisent pour survivre et prosp\u00e9rer dans des contextes culturels et environnementaux diff\u00e9rents. <\/span><\/div><div class=\"cmtt-footnote-def hidden\" id=\"cmttFootnoteLink9\"><span class=\"cmtt-footnote-def-number\">9. <\/span><span class=\"cmtt-footnote-def-back\"><a class=\"cmtt_footnote_link cmtt-footnote-backlink\" href=\"#cmttFootnoteLink9-0\" style=\"font-size: 14px; color: #325afb; font-style : none ;\"> &#8593; <\/a><\/span><span class=\"cmtt-footnote-def-key\"> <a aria-describedby=\"tt\" href=\"https:\/\/advogados.cv\/fr\/glossaire\/systeme\/\" class=\"glossaryLink\" target=\"_blank\">syst\u00e8me<\/a>. <\/span><span class=\"cmtt-footnote-def-content\"> Un syst\u00e8me est un arrangement complexe d'\u00e9l\u00e9ments interconnect\u00e9s travaillant \u00e0 la r\u00e9alisation d'un objectif commun. Caract\u00e9ris\u00e9s par l'int\u00e9gration fonctionnelle et la synergie, les syst\u00e8mes peuvent \u00eatre physiques ou conceptuels, allant des organismes biologiques aux structures organisationnelles. Les syst\u00e8mes biologiques suivent une organisation hi\u00e9rarchique allant du niveau atomique au niveau cosmique, tandis que les syst\u00e8mes d'information en informatique se concentrent sur les processus algorithmiques. Les syst\u00e8mes interagissent dynamiquement avec leur environnement par le biais d'entr\u00e9es et de sorties, en maintenant l'hom\u00e9ostasie gr\u00e2ce \u00e0 une communication continue entre les \u00e9l\u00e9ments. Il existe diff\u00e9rents types de syst\u00e8mes dans toutes les disciplines, y compris les syst\u00e8mes biologiques humains tels que les syst\u00e8mes digestifs et nerveux, et les syst\u00e8mes sociaux tels que les structures \u00e9conomiques et juridiques. Le principe fondamental qui sous-tend tous les syst\u00e8mes est l'interd\u00e9pendance des composants, o\u00f9 les changements dans une partie peuvent influencer de mani\u00e8re significative la fonctionnalit\u00e9 et la performance de l'ensemble du syst\u00e8me. <\/span><\/div><div class=\"cmtt-footnote-def hidden\" id=\"cmttFootnoteLink10\"><span class=\"cmtt-footnote-def-number\">10. <\/span><span class=\"cmtt-footnote-def-back\"><a class=\"cmtt_footnote_link cmtt-footnote-backlink\" href=\"#cmttFootnoteLink10-0\" style=\"font-size: 14px; color: #325afb; font-style : none ;\"> &#8593; <\/a><\/span><span class=\"cmtt-footnote-def-key\"> <a aria-describedby=\"tt\" href=\"https:\/\/advogados.cv\/fr\/glossaire\/loi\/\" class=\"glossaryLink\" target=\"_blank\">loi<\/a>. <\/span><span class=\"cmtt-footnote-def-content\"> Le droit est un syst\u00e8me complexe de r\u00e8gles qui r\u00e9gissent le comportement humain par le biais de droits et de devoirs, fa\u00e7onn\u00e9s par diverses influences sociales et culturelles. D'origine latine et sanskrite, il englobe diff\u00e9rentes familles juridiques telles que le droit civil et la common law. Le domaine fait largement la distinction entre le droit public et le droit priv\u00e9, qui traitent respectivement des int\u00e9r\u00eats des entreprises et des particuliers. Ses fondements remontent aux soci\u00e9t\u00e9s archa\u00efques, avec les premi\u00e8res codifications telles que le code d'Ur-Namu et le code d'Hammurabi. Le droit romain a fait progresser de mani\u00e8re significative les syst\u00e8mes juridiques, en s\u00e9parant le droit de la religion et de la morale, et en d\u00e9veloppant des concepts juridiques sophistiqu\u00e9s. Le droit moderne provient de sources multiples, notamment de la l\u00e9gislation des \u00c9tats, des trait\u00e9s internationaux et des contrats individuels. Les cours et tribunaux appliquent les normes juridiques par le biais d'une interpr\u00e9tation guid\u00e9e par la doctrine, la coutume et les pr\u00e9c\u00e9dents judiciaires, ce qui refl\u00e8te la nature dynamique et adaptative du droit. <\/span><\/div><div class=\"cmtt-footnote-def hidden\" id=\"cmttFootnoteLink11\"><span class=\"cmtt-footnote-def-number\">11. <\/span><span class=\"cmtt-footnote-def-back\"><a class=\"cmtt_footnote_link cmtt-footnote-backlink\" href=\"#cmttFootnoteLink11-0\" style=\"font-size: 14px; color: #325afb; font-style : none ;\"> &#8593; <\/a><\/span><span class=\"cmtt-footnote-def-key\"> <a aria-describedby=\"tt\" href=\"https:\/\/advogados.cv\/fr\/glossaire\/vol\/\" class=\"glossaryLink\" target=\"_blank\">vol<\/a>. <\/span><span class=\"cmtt-footnote-def-content\"> Au Br\u00e9sil, le vol est un d\u00e9lit p\u00e9nal grave, passible de 4 \u00e0 10 ans de prison et d'une amende. L'infraction est consomm\u00e9e lorsque la possession est transf\u00e9r\u00e9e ill\u00e9galement au moyen de la violence ou d'une menace s\u00e9rieuse, m\u00eame si ce n'est que pour une courte dur\u00e9e. Les peines sont aggrav\u00e9es dans des circonstances particuli\u00e8res telles que l'utilisation d'une arme, la multiplicit\u00e9 des auteurs ou la restriction de la libert\u00e9 de la victime. Les dommages corporels graves peuvent entra\u00eener une peine d'emprisonnement de 7 \u00e0 15 ans. Des nuances juridiques distinguent le vol qualifi\u00e9 du vol avec homicide, chaque infraction ayant une intention distincte. L'utilisation d'une arme \u00e0 feu fait l'objet d'une \u00e9valuation minutieuse, exigeant des armes fonctionnelles qui embarrassent r\u00e9ellement les victimes. Le cadre juridique prend en compte des facteurs tels que la violence, la menace et le contexte sp\u00e9cifique du vol. Les poursuites se fondent sur une interpr\u00e9tation pr\u00e9cise du code p\u00e9nal, soulignant la diff\u00e9rence entre le vol et le braquage par l'\u00e9l\u00e9ment de confrontation directe et de menace. <\/span><\/div><div class=\"cmtt-footnote-def hidden\" id=\"cmttFootnoteLink12\"><span class=\"cmtt-footnote-def-number\">12. <\/span><span class=\"cmtt-footnote-def-back\"><a class=\"cmtt_footnote_link cmtt-footnote-backlink\" href=\"#cmttFootnoteLink12-0\" style=\"font-size: 14px; color: #325afb; font-style : none ;\"> &#8593; <\/a><\/span><span class=\"cmtt-footnote-def-key\"> <a aria-describedby=\"tt\" href=\"https:\/\/advogados.cv\/fr\/glossaire\/dommages\/\" class=\"glossaryLink\" target=\"_blank\">dommages<\/a>. <\/span><span class=\"cmtt-footnote-def-content\"> Le dommage est un concept juridique qui trouve son origine dans le mot latin \"damnum\", d\u00e9signant le pr\u00e9judice caus\u00e9 \u00e0 des biens ou \u00e0 des int\u00e9r\u00eats prot\u00e9g\u00e9s par la loi. Il couvre les impacts mat\u00e9riels, moraux, \u00e9conomiques, psychologiques et de r\u00e9putation r\u00e9sultant d'actes civils ou criminels. L'interpr\u00e9tation juridique moderne a d\u00e9pass\u00e9 les perspectives naturalistes traditionnelles, cherchant \u00e0 obtenir une compensation plus compl\u00e8te pour les diff\u00e9rentes formes de dommages. L'\u00e9valuation consiste \u00e0 quantifier les pertes par le biais des co\u00fbts de r\u00e9paration, de la valeur marchande, de t\u00e9moignages d'experts et de projections financi\u00e8res. Les mesures juridiques comprennent l'indemnisation mon\u00e9taire, la restitution, les injonctions, les dommages-int\u00e9r\u00eats punitifs et les mesures de r\u00e9habilitation. Le cadre \u00e9volutif vise \u00e0 r\u00e9pondre \u00e0 des sc\u00e9narios de dommages complexes, en reconnaissant les cons\u00e9quences tangibles et intangibles, et en \u00e9quilibrant la n\u00e9cessit\u00e9 d'une r\u00e9solution juste et compl\u00e8te des dommages. <\/span><\/div><\/div><div class=\"cmtt-footnote-bottom-border\"><\/div>","protected":false},"author":1,"featured_media":0,"menu_order":0,"template":"","meta":{"_acf_changed":false,"footnotes":""},"glossary-categories":[],"glossary-tags":[],"glossary-languages":[],"class_list":["post-1449","glossary","type-glossary","status-publish","hentry"],"post_title":"Crime instant\u00e2neo","post_content":"Um crime instant\u00e2neo \u00e9 uma infra\u00e7\u00e3o criminal conclu\u00edda num \u00fanico momento com consequ\u00eancias permanentes, independentemente das a\u00e7\u00f5es subsequentes do perpetrador. Ao contr\u00e1rio dos crimes cont\u00ednuos ou habituais, envolve um ato definitivo que produz imediatamente efeitos duradouros. Caracterizado por uma a\u00e7\u00e3o \u00fanica e decisiva, estes crimes resultam em resultados irrevers\u00edveis que persistem para al\u00e9m do momento inicial da sua pr\u00e1tica. Exemplos incluem homic\u00eddio, inc\u00eandio, furto, sequestro e viola\u00e7\u00e3o. Legalmente, o foco est\u00e1 no ato consumado, com a senten\u00e7a e a responsabilidade determinadas pelo resultado final, em vez de potenciais tentativas de reverter as consequ\u00eancias. O fator distintivo chave \u00e9 a natureza imediata e permanente do ato criminoso, que permanece consequente independentemente das inten\u00e7\u00f5es ou esfor\u00e7os subsequentes do infrator.","acf":[],"_links":{"self":[{"href":"https:\/\/advogados.cv\/fr\/wp-json\/wp\/v2\/glossary\/1449"}],"collection":[{"href":"https:\/\/advogados.cv\/fr\/wp-json\/wp\/v2\/glossary"}],"about":[{"href":"https:\/\/advogados.cv\/fr\/wp-json\/wp\/v2\/types\/glossary"}],"author":[{"embeddable":true,"href":"https:\/\/advogados.cv\/fr\/wp-json\/wp\/v2\/users\/1"}],"version-history":[{"count":0,"href":"https:\/\/advogados.cv\/fr\/wp-json\/wp\/v2\/glossary\/1449\/revisions"}],"wp:attachment":[{"href":"https:\/\/advogados.cv\/fr\/wp-json\/wp\/v2\/media?parent=1449"}],"wp:term":[{"taxonomy":"glossary-categories","embeddable":true,"href":"https:\/\/advogados.cv\/fr\/wp-json\/wp\/v2\/glossary-categories?post=1449"},{"taxonomy":"glossary-tags","embeddable":true,"href":"https:\/\/advogados.cv\/fr\/wp-json\/wp\/v2\/glossary-tags?post=1449"},{"taxonomy":"glossary-languages","embeddable":true,"href":"https:\/\/advogados.cv\/fr\/wp-json\/wp\/v2\/glossary-languages?post=1449"}],"curies":[{"name":"wp","href":"https:\/\/api.w.org\/{rel}","templated":true}]}}