{"id":1280,"date":"2024-12-05T20:38:42","date_gmt":"2024-12-05T21:38:42","guid":{"rendered":"https:\/\/advogados.cv\/glossary\/razao\/"},"modified":"2024-12-05T20:38:42","modified_gmt":"2024-12-05T21:38:42","slug":"razao","status":"publish","type":"glossary","link":"https:\/\/advogados.cv\/fr\/glossaire\/raison\/","title":{"rendered":"Raison"},"content":{"rendered":"<p>La raison est la capacit\u00e9 de l'esprit humain \u00e0 tirer des conclusions par la pens\u00e9e rationnelle et la d\u00e9lib\u00e9ration. D\u00e9riv\u00e9e du grec \"logos\", elle repr\u00e9sente les processus cognitifs clairs et ordonn\u00e9s qui distinguent l'homme des autres esp\u00e8ces. Des philosophes tels que Socrate, Hegel et Kant ont explor\u00e9 la nature de la raison, la consid\u00e9rant tant\u00f4t comme une m\u00e9thode dialogique, tant\u00f4t comme une force historique divine, tant\u00f4t comme une facult\u00e9 pr\u00e9sentant des limites inh\u00e9rentes. Contrairement \u00e0 la prise de d\u00e9cision bas\u00e9e sur l'\u00e9motion, l'intuition ou la foi, la raison recherche la v\u00e9rit\u00e9 par l'analyse logique et la compr\u00e9hension. Elle implique la compr\u00e9hension des qualit\u00e9s premi\u00e8res des objets, l'expression consciente des pens\u00e9es et la r\u00e9solution de probl\u00e8mes complexes. Tout au long de l'histoire philosophique, la raison a \u00e9t\u00e9 oppos\u00e9e \u00e0 l'imagination et \u00e0 d'autres facult\u00e9s mentales, mais elle reste un outil fondamental pour la recherche intellectuelle et la compr\u00e9hension des principes sous-jacents du monde.<\/p>","protected":false},"excerpt":{"rendered":"<p>A raz&atilde;o &eacute; a capacidade da mente humana de tirar conclus&otilde;es atrav&eacute;s do pensamento racional e delibera&ccedil;&atilde;o. Derivada do grego &ldquo;logos&rdquo;, representa processos cognitivos ordenados e claros que distinguem os humanos de outras esp&eacute;cies. Fil&oacute;sofos como S&oacute;crates, Hegel e Kant exploraram a natureza da raz&atilde;o, vendo-a variavelmente como um m&eacute;todo dial&oacute;gico, uma for&ccedil;a hist&oacute;rica divina [&hellip;]<\/p>","protected":false},"author":1,"featured_media":0,"menu_order":0,"template":"","meta":{"_acf_changed":false,"footnotes":""},"glossary-categories":[],"glossary-tags":[],"glossary-languages":[],"class_list":["post-1280","glossary","type-glossary","status-publish","hentry"],"post_title":"Raz\u00e3o","post_content":"A raz\u00e3o \u00e9 a capacidade da mente humana de tirar conclus\u00f5es atrav\u00e9s do pensamento racional e delibera\u00e7\u00e3o. Derivada do grego \"logos\", representa processos cognitivos ordenados e claros que distinguem os humanos de outras esp\u00e9cies. Fil\u00f3sofos como S\u00f3crates, Hegel e Kant exploraram a natureza da raz\u00e3o, vendo-a variavelmente como um m\u00e9todo dial\u00f3gico, uma for\u00e7a hist\u00f3rica divina ou uma faculdade com limita\u00e7\u00f5es inerentes. Diferentemente da tomada de decis\u00e3o baseada em emo\u00e7\u00e3o, intui\u00e7\u00e3o ou f\u00e9, a raz\u00e3o busca a verdade atrav\u00e9s da an\u00e1lise l\u00f3gica e compreens\u00e3o. Envolve entender as qualidades prim\u00e1rias dos objetos, expressar pensamentos conscientemente e resolver problemas complexos. Ao longo da hist\u00f3ria filos\u00f3fica, a raz\u00e3o foi contrastada com a imagina\u00e7\u00e3o e outras faculdades mentais, mas permanece uma ferramenta fundamental para a investiga\u00e7\u00e3o intelectual e a compreens\u00e3o dos princ\u00edpios subjacentes do mundo.","acf":[],"_links":{"self":[{"href":"https:\/\/advogados.cv\/fr\/wp-json\/wp\/v2\/glossary\/1280"}],"collection":[{"href":"https:\/\/advogados.cv\/fr\/wp-json\/wp\/v2\/glossary"}],"about":[{"href":"https:\/\/advogados.cv\/fr\/wp-json\/wp\/v2\/types\/glossary"}],"author":[{"embeddable":true,"href":"https:\/\/advogados.cv\/fr\/wp-json\/wp\/v2\/users\/1"}],"version-history":[{"count":0,"href":"https:\/\/advogados.cv\/fr\/wp-json\/wp\/v2\/glossary\/1280\/revisions"}],"wp:attachment":[{"href":"https:\/\/advogados.cv\/fr\/wp-json\/wp\/v2\/media?parent=1280"}],"wp:term":[{"taxonomy":"glossary-categories","embeddable":true,"href":"https:\/\/advogados.cv\/fr\/wp-json\/wp\/v2\/glossary-categories?post=1280"},{"taxonomy":"glossary-tags","embeddable":true,"href":"https:\/\/advogados.cv\/fr\/wp-json\/wp\/v2\/glossary-tags?post=1280"},{"taxonomy":"glossary-languages","embeddable":true,"href":"https:\/\/advogados.cv\/fr\/wp-json\/wp\/v2\/glossary-languages?post=1280"}],"curies":[{"name":"wp","href":"https:\/\/api.w.org\/{rel}","templated":true}]}}