{"id":1251,"date":"2024-12-05T20:38:42","date_gmt":"2024-12-05T21:38:42","guid":{"rendered":"https:\/\/advogados.cv\/glossary\/senado-romano\/"},"modified":"2024-12-05T20:38:42","modified_gmt":"2024-12-05T21:38:42","slug":"senado-romano","status":"publish","type":"glossary","link":"https:\/\/advogados.cv\/fr\/glossaire\/senado-romano\/","title":{"rendered":"S\u00e9nat romain"},"content":{"rendered":"<p>O Senado Romano, originando-se da palavra latina &ldquo;senex&rdquo; que significa &ldquo;homem velho&rdquo;, evoluiu a partir de estruturas de conselho tribal nas comunidades do L&aacute;cio. Inicialmente um &oacute;rg&atilde;o consultivo do rei com poderes limitados de <a class=\"glossaryLink\"  href=\"https:\/\/advogados.cv\/fr\/glossaire\/decret\/\"  target=\"_blank\"  rel=\"nofollow\"  data-mobile-support=\"0\"  data-gt-translate-attributes='[{\"attribute\":\"data-cmtooltip\", \"format\":\"html\"}]' tabindex='0' role='link'>d\u00e9cret<\/a><span id=\"cmttFootnoteLink2-0\" class=\"cmtt-footnote\"><sup><a class=\"et_smooth_scroll_disabled cmtt_footnote_link cmtt-footnote-deflink\" href=\"#cmttFootnoteLink2\" style=\"font-size: 14px; color: #325afb; font-style : none ;\">[2]<\/a><\/sup><\/span>, tornou-se a mais alta autoridade estatal durante o per&iacute;odo Republicano (509-27 AC), supervisionando governan&ccedil;a, finan&ccedil;as, judici&aacute;rio e <a class=\"glossaryLink\" href=\"https:\/\/advogados.cv\/fr\/glossaire\/politica\/\" target=\"_blank\" rel=\"nofollow\" data-mobile-support=\"0\" data-gt-translate-attributes='[{\"attribute\":\"data-cmtooltip\", \"format\":\"html\"}]' tabindex=\"0\" role=\"link\">politique<\/a><span id=\"cmttFootnoteLink1-0\" class=\"cmtt-footnote\"><sup><a class=\"et_smooth_scroll_disabled cmtt_footnote_link cmtt-footnote-deflink\" href=\"#cmttFootnoteLink1\" style=\"font-size: 14px; color: #325afb; font-style : none ;\">[1]<\/a><\/sup><\/span> externa. Composto inicialmente por patr&iacute;cios e posteriormente incluindo ex-magistrados plebeus, a influ&ecirc;ncia do Senado mudou drasticamente sob o dom&iacute;nio imperial. Augusto reduziu a membership para 600 e gradualmente limitou seus poderes administrativos. Mantendo seu status de classe governante de elite, o Senado experimentou uma rela&ccedil;&atilde;o inst&aacute;vel com os imperadores, &agrave;s vezes apoiando e outras vezes opondo-se &agrave; lideran&ccedil;a imperial. Apesar da influ&ecirc;ncia pol&iacute;tica diminu&iacute;da, os senadores permaneceram cruciais na governan&ccedil;a romana, participando em processos legislativos, fun&ccedil;&otilde;es judiciais e representando a elite aristocr&aacute;tica ao longo da transforma&ccedil;&atilde;o de Roma de Rep&uacute;blica a Imp&eacute;rio.<\/p>\n<div class=\"cmtt-footnotes-block\"><div class=\"cmtt-footnote-header\">D\u00e9finitions des termes<\/div><div class=\"cmtt-footnote-header-border\"><\/div><div class=\"cmtt-footnote-def\" id=\"cmttFootnoteLink1\"><span class=\"cmtt-footnote-def-number\">1. <\/span><span class=\"cmtt-footnote-def-back\"><a class=\"cmtt_footnote_link cmtt-footnote-backlink\" href=\"#cmttFootnoteLink1-0\" style=\"font-size: 14px; color: #325afb; font-style : none ;\"> &#8593; <\/a><\/span><span class=\"cmtt-footnote-def-key\"> <a aria-describedby=\"tt\" href=\"https:\/\/advogados.cv\/fr\/glossaire\/politica\/\" class=\"glossaryLink\" target=\"_blank\">politique<\/a>. <\/span><span class=\"cmtt-footnote-def-content\"> La politique est un domaine \u00e0 multiples facettes qui explore la gouvernance, la dynamique du pouvoir et l'organisation sociale. Tirant son origine du terme grec ancien \"politeia\", elle \u00e9tudie les structures et les processus de gestion de l'\u00c9tat. Le pouvoir politique se caract\u00e9rise par sa capacit\u00e9 \u00e0 influencer les r\u00e9sultats sociaux par le biais de m\u00e9canismes de l\u00e9gitimit\u00e9, de centralisation et de coercition. Les diff\u00e9rents syst\u00e8mes politiques, des d\u00e9mocraties aux monarchies, fonctionnent gr\u00e2ce \u00e0 des institutions complexes telles que les assembl\u00e9es l\u00e9gislatives, les ex\u00e9cutifs et les syst\u00e8mes judiciaires. Diff\u00e9rentes perspectives id\u00e9ologiques - dont le lib\u00e9ralisme, le conservatisme et le socialisme - fa\u00e7onnent la compr\u00e9hension des fonctions de l'\u00c9tat, des droits individuels et des relations sociales. La politique internationale \u00e9largit encore ce domaine, en analysant les interactions mondiales, les relations diplomatiques et la gouvernance transnationale. Les th\u00e9ories du changement politique, de la distribution du pouvoir et des structures institutionnelles apportent un \u00e9clairage critique sur la mani\u00e8re dont les soci\u00e9t\u00e9s s'organisent, se gouvernent et se transforment \u00e0 travers les processus politiques et les d\u00e9bats philosophiques. <\/span><\/div><div class=\"cmtt-footnote-def\" id=\"cmttFootnoteLink2\"><span class=\"cmtt-footnote-def-number\">2. <\/span><span class=\"cmtt-footnote-def-back\"><a class=\"cmtt_footnote_link cmtt-footnote-backlink\" href=\"#cmttFootnoteLink2-0\" style=\"font-size: 14px; color: #325afb; font-style : none ;\"> &#8593; <\/a><\/span><span class=\"cmtt-footnote-def-key\"> <a aria-describedby=\"tt\" href=\"https:\/\/advogados.cv\/fr\/glossaire\/decret\/\" class=\"glossaryLink\" target=\"_blank\">d\u00e9cret<\/a>. <\/span><span class=\"cmtt-footnote-def-content\"> Un d\u00e9cret est un acte administratif ou l\u00e9gislatif \u00e9mis par les autorit\u00e9s ex\u00e9cutives ou gouvernementales dans diff\u00e9rents pays. Au Br\u00e9sil et au Portugal, les d\u00e9crets sont utilis\u00e9s pour les nominations, les r\u00e8glements et la mise en \u0153uvre des lois, avec des variations entre les niveaux national et r\u00e9gional. Les \u00c9tats-Unis utilisent historiquement des d\u00e9crets dans les tribunaux d'\u00e9quit\u00e9, aujourd'hui remplac\u00e9s par des jugements. En France, les d\u00e9crets sont des r\u00e8glements administratifs adopt\u00e9s par les hauts fonctionnaires, d'un rang sup\u00e9rieur aux arr\u00eat\u00e9s minist\u00e9riels mais inf\u00e9rieur aux lois. Dans la F\u00e9d\u00e9ration de Russie, les d\u00e9crets pr\u00e9sidentiels ont force de loi, mais ne peuvent pas modifier fondamentalement la l\u00e9gislation existante. Ces instruments juridiques servent des objectifs vari\u00e9s, allant de la ratification de trait\u00e9s internationaux et de nominations gouvernementales \u00e0 la mise en place de cadres r\u00e9glementaires, toujours dans le cadre de la hi\u00e9rarchie juridique \u00e9tablie dans leurs juridictions respectives. <\/span><\/div><\/div><div class=\"cmtt-footnote-bottom-border\"><\/div>","protected":false},"excerpt":{"rendered":"<p>O Senado Romano, originando-se da palavra latina &ldquo;senex&rdquo; que significa &ldquo;homem velho&rdquo;, evoluiu a partir de estruturas de conselho tribal nas comunidades do L&aacute;cio. Inicialmente um &oacute;rg&atilde;o consultivo do rei com poderes limitados de decreto, tornou-se a mais alta autoridade estatal durante o per&iacute;odo Republicano (509-27 AC), supervisionando governan&ccedil;a, finan&ccedil;as, judici&aacute;rio e pol&iacute;tica externa. Composto [&hellip;]<\/p>\n<div class=\"cmtt-footnotes-block\">\n<div class=\"cmtt-footnote-header\">D\u00e9finitions des termes<\/div>\n<div class=\"cmtt-footnote-header-border\"><\/div>\n<div class=\"cmtt-footnote-def\" id=\"cmttFootnoteLink1\"><span class=\"cmtt-footnote-def-number\">1. <\/span><span class=\"cmtt-footnote-def-back\"><a class=\"cmtt_footnote_link cmtt-footnote-backlink\" href=\"#cmttFootnoteLink1-0\" style=\"font-size: 14px; color: #325afb; font-style : none ;\"> \u2191 <\/a><\/span><span class=\"cmtt-footnote-def-key\"> <a aria-describedby=\"tt\" href=\"https:\/\/advogados.cv\/fr\/glossaire\/politica\/\" class=\"glossaryLink\" target=\"_blank\">politique<\/a>. <\/span><span class=\"cmtt-footnote-def-content\"> La politique est un domaine \u00e0 multiples facettes qui explore la gouvernance, la dynamique du pouvoir et l'organisation sociale. Issu du terme <a class=\"glossaryLink\" href=\"https:\/\/advogados.cv\/fr\/glossaire\/grec-ancien\/\" target=\"_blank\" rel=\"nofollow\" data-mobile-support=\"0\" data-gt-translate-attributes='[{\"attribute\":\"data-cmtooltip\", \"format\":\"html\"}]' tabindex=\"0\" role=\"link\">grec ancien<\/a><span id=\"cmttFootnoteLink3-0\" class=\"cmtt-footnote\"><sup><a class=\"et_smooth_scroll_disabled cmtt_footnote_link cmtt-footnote-deflink\" href=\"#cmttFootnoteLink3\" style=\"font-size: 14px; color: #325afb; font-style : none ;\">[3]<\/a><\/sup><\/span> &ldquo;politeia&rdquo;, examina as estruturas e processos de gest&atilde;o estatal. O poder pol&iacute;tico &eacute; caracterizado pela sua capacidade de influenciar resultados sociais atrav&eacute;s de mecanismos de legitimidade, centraliza&ccedil;&atilde;o e coer&ccedil;&atilde;o. Diversos sistemas pol&iacute;ticos, desde democracias at&eacute; monarquias, operam atrav&eacute;s de institui&ccedil;&otilde;es complexas como legislaturas, executivos e judici&aacute;rios. Diferentes perspetivas ideol&oacute;gicas &ndash; incluindo liberalismo, conservadorismo e socialismo &ndash; moldam a compreens&atilde;o das fun&ccedil;&otilde;es do <a class=\"glossaryLink\"  href=\"https:\/\/advogados.cv\/fr\/glossaire\/etat\/\"  target=\"_blank\"  rel=\"nofollow\"  data-mobile-support=\"0\"  data-gt-translate-attributes='[{\"attribute\":\"data-cmtooltip\", \"format\":\"html\"}]' tabindex='0' role='link'>\u00c9tat<\/a><span id=\"cmttFootnoteLink5-0\" class=\"cmtt-footnote\"><sup><a class=\"et_smooth_scroll_disabled cmtt_footnote_link cmtt-footnote-deflink\" href=\"#cmttFootnoteLink5\" style=\"font-size: 14px; color: #325afb; font-style : none ;\">[5]<\/a><\/sup><\/span>, direitos individuais e rela&ccedil;&otilde;es sociais. A pol&iacute;tica internacional expande ainda mais este dom&iacute;nio, analisando intera&ccedil;&otilde;es globais, rela&ccedil;&otilde;es diplom&aacute;ticas e governan&ccedil;a transnacional. Teorias de mudan&ccedil;a pol&iacute;tica, distribui&ccedil;&atilde;o de poder e estruturas institucionais fornecem insights cr&iacute;ticos sobre como as sociedades se organizam, governam e transformam atrav&eacute;s de processos pol&iacute;ticos e debates filos&oacute;ficos. <\/span><\/div>\n<div class=\"cmtt-footnote-def\" id=\"cmttFootnoteLink2\"><span class=\"cmtt-footnote-def-number\">2. <\/span><span class=\"cmtt-footnote-def-back\"><a class=\"cmtt_footnote_link cmtt-footnote-backlink\" href=\"#cmttFootnoteLink2-0\" style=\"font-size: 14px; color: #325afb; font-style : none ;\"> \u2191 <\/a><\/span><span class=\"cmtt-footnote-def-key\"> <a aria-describedby=\"tt\" href=\"https:\/\/advogados.cv\/fr\/glossaire\/decret\/\" class=\"glossaryLink\" target=\"_blank\">d\u00e9cret<\/a>. <\/span><span class=\"cmtt-footnote-def-content\"> Un d\u00e9cret est un acte administratif ou l\u00e9gislatif \u00e9mis par les autorit\u00e9s ex\u00e9cutives ou gouvernementales dans diff\u00e9rents pays. Au Br\u00e9sil et au Portugal, les d\u00e9crets sont utilis\u00e9s pour les nominations, <a class=\"glossaryLink\" href=\"https:\/\/advogados.cv\/fr\/glossaire\/reglements\/\" target=\"_blank\" rel=\"nofollow\" data-mobile-support=\"0\" data-gt-translate-attributes='[{\"attribute\":\"data-cmtooltip\", \"format\":\"html\"}]' tabindex=\"0\" role=\"link\">r\u00e8glements<\/a><span id=\"cmttFootnoteLink4-0\" class=\"cmtt-footnote\"><sup><a class=\"et_smooth_scroll_disabled cmtt_footnote_link cmtt-footnote-deflink\" href=\"#cmttFootnoteLink4\" style=\"font-size: 14px; color: #325afb; font-style : none ;\">[4]<\/a><\/sup><\/span> et la mise en \u0153uvre des lois, avec des variations entre les niveaux nationaux et r\u00e9gionaux. Les \u00c9tats-Unis ont toujours utilis\u00e9 des d\u00e9crets dans les tribunaux d'\u00e9quit\u00e9, aujourd'hui remplac\u00e9s par des jugements. En France, les d\u00e9crets sont des r\u00e8glements administratifs adopt\u00e9s par les hauts fonctionnaires, qui se situent au-dessus des arr\u00eat\u00e9s minist\u00e9riels mais au-dessous des lois. Dans la F\u00e9d\u00e9ration de Russie, les d\u00e9crets pr\u00e9sidentiels ont force de loi, mais ne peuvent pas modifier fondamentalement la l\u00e9gislation existante. Ces instruments juridiques servent des objectifs vari\u00e9s, allant de la ratification de trait\u00e9s internationaux et de nominations gouvernementales \u00e0 la mise en place de cadres r\u00e9glementaires, toujours dans le cadre de la hi\u00e9rarchie juridique \u00e9tablie dans leurs juridictions respectives. <\/span><\/div>\n<\/div>\n<div class=\"cmtt-footnote-bottom-border\"><\/div>\n<div class=\"cmtt-footnotes-block\"><div class=\"cmtt-footnote-header\">D\u00e9finitions des termes<\/div><div class=\"cmtt-footnote-header-border\"><\/div><div class=\"cmtt-footnote-def\" id=\"cmttFootnoteLink1\"><span class=\"cmtt-footnote-def-number\">1. <\/span><span class=\"cmtt-footnote-def-back\"><a class=\"cmtt_footnote_link cmtt-footnote-backlink\" href=\"#cmttFootnoteLink1-0\" style=\"font-size: 14px; color: #325afb; font-style : none ;\"> &#8593; <\/a><\/span><span class=\"cmtt-footnote-def-key\"> <a aria-describedby=\"tt\" href=\"https:\/\/advogados.cv\/fr\/glossaire\/politica\/\" class=\"glossaryLink\" target=\"_blank\">politique<\/a>. <\/span><span class=\"cmtt-footnote-def-content\"> La politique est un domaine \u00e0 multiples facettes qui explore la gouvernance, la dynamique du pouvoir et l'organisation sociale. Tirant son origine du terme grec ancien \"politeia\", elle \u00e9tudie les structures et les processus de gestion de l'\u00c9tat. Le pouvoir politique se caract\u00e9rise par sa capacit\u00e9 \u00e0 influencer les r\u00e9sultats sociaux par le biais de m\u00e9canismes de l\u00e9gitimit\u00e9, de centralisation et de coercition. Les diff\u00e9rents syst\u00e8mes politiques, des d\u00e9mocraties aux monarchies, fonctionnent gr\u00e2ce \u00e0 des institutions complexes telles que les assembl\u00e9es l\u00e9gislatives, les ex\u00e9cutifs et les syst\u00e8mes judiciaires. Diff\u00e9rentes perspectives id\u00e9ologiques - dont le lib\u00e9ralisme, le conservatisme et le socialisme - fa\u00e7onnent la compr\u00e9hension des fonctions de l'\u00c9tat, des droits individuels et des relations sociales. La politique internationale \u00e9largit encore ce domaine, en analysant les interactions mondiales, les relations diplomatiques et la gouvernance transnationale. Les th\u00e9ories du changement politique, de la distribution du pouvoir et des structures institutionnelles apportent un \u00e9clairage critique sur la mani\u00e8re dont les soci\u00e9t\u00e9s s'organisent, se gouvernent et se transforment \u00e0 travers les processus politiques et les d\u00e9bats philosophiques. <\/span><\/div><div class=\"cmtt-footnote-def\" id=\"cmttFootnoteLink2\"><span class=\"cmtt-footnote-def-number\">2. <\/span><span class=\"cmtt-footnote-def-back\"><a class=\"cmtt_footnote_link cmtt-footnote-backlink\" href=\"#cmttFootnoteLink2-0\" style=\"font-size: 14px; color: #325afb; font-style : none ;\"> &#8593; <\/a><\/span><span class=\"cmtt-footnote-def-key\"> <a aria-describedby=\"tt\" href=\"https:\/\/advogados.cv\/fr\/glossaire\/decret\/\" class=\"glossaryLink\" target=\"_blank\">d\u00e9cret<\/a>. <\/span><span class=\"cmtt-footnote-def-content\"> Un d\u00e9cret est un acte administratif ou l\u00e9gislatif \u00e9mis par les autorit\u00e9s ex\u00e9cutives ou gouvernementales dans diff\u00e9rents pays. Au Br\u00e9sil et au Portugal, les d\u00e9crets sont utilis\u00e9s pour les nominations, les r\u00e8glements et la mise en \u0153uvre des lois, avec des variations entre les niveaux national et r\u00e9gional. Les \u00c9tats-Unis utilisent historiquement des d\u00e9crets dans les tribunaux d'\u00e9quit\u00e9, aujourd'hui remplac\u00e9s par des jugements. En France, les d\u00e9crets sont des r\u00e8glements administratifs adopt\u00e9s par les hauts fonctionnaires, d'un rang sup\u00e9rieur aux arr\u00eat\u00e9s minist\u00e9riels mais inf\u00e9rieur aux lois. Dans la F\u00e9d\u00e9ration de Russie, les d\u00e9crets pr\u00e9sidentiels ont force de loi, mais ne peuvent pas modifier fondamentalement la l\u00e9gislation existante. Ces instruments juridiques servent des objectifs vari\u00e9s, allant de la ratification de trait\u00e9s internationaux et de nominations gouvernementales \u00e0 la mise en place de cadres r\u00e9glementaires, toujours dans le cadre de la hi\u00e9rarchie juridique \u00e9tablie dans leurs juridictions respectives. <\/span><\/div><button class=\"cmtt-footnote-showmore-btn\">Afficher plus<\/button><div class=\"cmtt-footnote-def hidden\" id=\"cmttFootnoteLink3\"><span class=\"cmtt-footnote-def-number\">3. <\/span><span class=\"cmtt-footnote-def-back\"><a class=\"cmtt_footnote_link cmtt-footnote-backlink\" href=\"#cmttFootnoteLink3-0\" style=\"font-size: 14px; color: #325afb; font-style : none ;\"> &#8593; <\/a><\/span><span class=\"cmtt-footnote-def-key\"> <a aria-describedby=\"tt\" href=\"https:\/\/advogados.cv\/fr\/glossaire\/grec-ancien\/\" class=\"glossaryLink\" target=\"_blank\">grec ancien<\/a>. <\/span><span class=\"cmtt-footnote-def-content\"> Le grec ancien a \u00e9t\u00e9 une langue importante dans l'enseignement europ\u00e9en de la Renaissance au d\u00e9but du XXe si\u00e8cle, particuli\u00e8rement appr\u00e9ci\u00e9e dans les universit\u00e9s et les cercles acad\u00e9miques am\u00e9ricains. Largement \u00e9tudi\u00e9 dans les \u00e9coles et les universit\u00e9s d'Europe, il est rest\u00e9 un sujet acad\u00e9mique important. Bien que les auteurs modernes \u00e9crivent rarement en grec ancien, certaines traductions et certains travaux universitaires continuent d'utiliser cette langue. En Gr\u00e8ce, le grec ancien est une mati\u00e8re obligatoire dans les \u00e9coles secondaires, et des concours internationaux encouragent son \u00e9tude. Au niveau mondial, environ 15 000 \u00e9tudiants en Allemagne et 280 000 en Italie ont \u00e9tudi\u00e9 cette langue au milieu des ann\u00e9es 2000. De nombreuses ressources acad\u00e9miques, y compris des manuels, des dictionnaires et des \u00e9tudes linguistiques, soutiennent sa pertinence acad\u00e9mique continue. Les plateformes en ligne et les ressources num\u00e9riques ont en outre facilit\u00e9 l'\u00e9tude et la pr\u00e9servation du grec ancien, garantissant ainsi la p\u00e9rennit\u00e9 de son importance acad\u00e9mique et culturelle. <\/span><\/div><div class=\"cmtt-footnote-def hidden\" id=\"cmttFootnoteLink4\"><span class=\"cmtt-footnote-def-number\">4. <\/span><span class=\"cmtt-footnote-def-back\"><a class=\"cmtt_footnote_link cmtt-footnote-backlink\" href=\"#cmttFootnoteLink4-0\" style=\"font-size: 14px; color: #325afb; font-style : none ;\"> &#8593; <\/a><\/span><span class=\"cmtt-footnote-def-key\"> <a aria-describedby=\"tt\" href=\"https:\/\/advogados.cv\/fr\/glossaire\/reglements\/\" class=\"glossaryLink\" target=\"_blank\">r\u00e8glements<\/a>. <\/span><span class=\"cmtt-footnote-def-content\"> Les r\u00e8glements sont des actes normatifs \u00e9mis par le pouvoir ex\u00e9cutif, caract\u00e9ris\u00e9s par leur abstraction, leur g\u00e9n\u00e9ralit\u00e9 et leur caract\u00e8re imp\u00e9ratif. Ils servent \u00e0 d\u00e9tailler des actes normatifs sup\u00e9rieurs et sont principalement limit\u00e9s par des cadres constitutionnels et juridiques. Les classifications comprennent les types r\u00e9glementaires, d\u00e9l\u00e9gu\u00e9s, autonomes et ind\u00e9pendants, dont la port\u00e9e s'\u00e9tend des effets administratifs internes aux effets g\u00e9n\u00e9raux externes. Elles peuvent \u00eatre spontan\u00e9es ou provoqu\u00e9es et couvrent diff\u00e9rents niveaux de comp\u00e9tence gouvernementale, notamment au niveau f\u00e9d\u00e9ral, \u00e9tatique, municipal et territorial. Les r\u00e8glements autonomes expliquent directement la Constitution et constituent des actes normatifs primaires, tandis que les r\u00e8glements ind\u00e9pendants interpr\u00e8tent \u00e9galement les dispositions constitutionnelles. Le principe de l\u00e9galit\u00e9 pr\u00e9vaut dans les syst\u00e8mes constitutionnels contemporains, garantissant que les r\u00e8glements op\u00e8rent dans des limites juridiques d\u00e9finies. Les travaux universitaires d'auteurs tels que Francisco, Leal et Velloso ont contribu\u00e9 \u00e0 la compr\u00e9hension de la nature et de la fonction complexes des m\u00e9canismes de r\u00e9gulation. <\/span><\/div><div class=\"cmtt-footnote-def hidden\" id=\"cmttFootnoteLink5\"><span class=\"cmtt-footnote-def-number\">5. <\/span><span class=\"cmtt-footnote-def-back\"><a class=\"cmtt_footnote_link cmtt-footnote-backlink\" href=\"#cmttFootnoteLink5-0\" style=\"font-size: 14px; color: #325afb; font-style : none ;\"> &#8593; <\/a><\/span><span class=\"cmtt-footnote-def-key\"> <a aria-describedby=\"tt\" href=\"https:\/\/advogados.cv\/fr\/glossaire\/etat\/\" class=\"glossaryLink\" target=\"_blank\">\u00c9tat<\/a>. <\/span><span class=\"cmtt-footnote-def-content\"> Un \u00c9tat est une entit\u00e9 souveraine dot\u00e9e de limites territoriales d\u00e9finies, d'une population et d'une gouvernance autonome. Issu du mot latin \"status\", il est n\u00e9 du d\u00e9clin du f\u00e9odalisme et a \u00e9t\u00e9 formellement reconnu par la paix de Westphalie en 1648. Les \u00c9tats exercent leur autorit\u00e9 souveraine par l'interm\u00e9diaire d'institutions qui \u00e9laborent et appliquent les lois, g\u00e8rent les affaires \u00e9conomiques et fournissent des services publics. Ils peuvent \u00eatre structur\u00e9s comme des syst\u00e8mes unitaires ou f\u00e9d\u00e9raux, des monarchies ou des r\u00e9publiques, chacun ayant des caract\u00e9ristiques organisationnelles distinctes. Les principales fonctions sont le maintien de la s\u00e9curit\u00e9, la collecte des imp\u00f4ts, la fourniture de biens publics et la repr\u00e9sentation des int\u00e9r\u00eats nationaux au niveau international. Le concept d'\u00c9tat a \u00e9t\u00e9 largement influenc\u00e9 par des philosophes politiques tels que Hobbes et Locke et fa\u00e7onn\u00e9 par des \u00e9v\u00e9nements historiques tels que la R\u00e9volution fran\u00e7aise. Son \u00e9volution se poursuit en r\u00e9ponse aux d\u00e9fis mondiaux et aux dynamiques sociopolitiques changeantes. <\/span><\/div><\/div><div class=\"cmtt-footnote-bottom-border\"><\/div>","protected":false},"author":1,"featured_media":0,"menu_order":0,"template":"","meta":{"_acf_changed":false,"footnotes":""},"glossary-categories":[],"glossary-tags":[],"glossary-languages":[],"class_list":["post-1251","glossary","type-glossary","status-publish","hentry"],"post_title":"Senado romano","post_content":"O Senado Romano, originando-se da palavra latina \"senex\" que significa \"homem velho\", evoluiu a partir de estruturas de conselho tribal nas comunidades do L\u00e1cio. Inicialmente um \u00f3rg\u00e3o consultivo do rei com poderes limitados de decreto, tornou-se a mais alta autoridade estatal durante o per\u00edodo Republicano (509-27 AC), supervisionando governan\u00e7a, finan\u00e7as, judici\u00e1rio e pol\u00edtica externa. Composto inicialmente por patr\u00edcios e posteriormente incluindo ex-magistrados plebeus, a influ\u00eancia do Senado mudou drasticamente sob o dom\u00ednio imperial. Augusto reduziu a membership para 600 e gradualmente limitou seus poderes administrativos. Mantendo seu status de classe governante de elite, o Senado experimentou uma rela\u00e7\u00e3o inst\u00e1vel com os imperadores, \u00e0s vezes apoiando e outras vezes opondo-se \u00e0 lideran\u00e7a imperial. Apesar da influ\u00eancia pol\u00edtica diminu\u00edda, os senadores permaneceram cruciais na governan\u00e7a romana, participando em processos legislativos, fun\u00e7\u00f5es judiciais e representando a elite aristocr\u00e1tica ao longo da transforma\u00e7\u00e3o de Roma de Rep\u00fablica a Imp\u00e9rio.","acf":[],"_links":{"self":[{"href":"https:\/\/advogados.cv\/fr\/wp-json\/wp\/v2\/glossary\/1251"}],"collection":[{"href":"https:\/\/advogados.cv\/fr\/wp-json\/wp\/v2\/glossary"}],"about":[{"href":"https:\/\/advogados.cv\/fr\/wp-json\/wp\/v2\/types\/glossary"}],"author":[{"embeddable":true,"href":"https:\/\/advogados.cv\/fr\/wp-json\/wp\/v2\/users\/1"}],"version-history":[{"count":0,"href":"https:\/\/advogados.cv\/fr\/wp-json\/wp\/v2\/glossary\/1251\/revisions"}],"wp:attachment":[{"href":"https:\/\/advogados.cv\/fr\/wp-json\/wp\/v2\/media?parent=1251"}],"wp:term":[{"taxonomy":"glossary-categories","embeddable":true,"href":"https:\/\/advogados.cv\/fr\/wp-json\/wp\/v2\/glossary-categories?post=1251"},{"taxonomy":"glossary-tags","embeddable":true,"href":"https:\/\/advogados.cv\/fr\/wp-json\/wp\/v2\/glossary-tags?post=1251"},{"taxonomy":"glossary-languages","embeddable":true,"href":"https:\/\/advogados.cv\/fr\/wp-json\/wp\/v2\/glossary-languages?post=1251"}],"curies":[{"name":"wp","href":"https:\/\/api.w.org\/{rel}","templated":true}]}}