{"id":1239,"date":"2024-12-05T20:38:42","date_gmt":"2024-12-05T21:38:42","guid":{"rendered":"https:\/\/advogados.cv\/glossary\/filosofia-da-grecia-antiga\/"},"modified":"2024-12-05T20:38:42","modified_gmt":"2024-12-05T21:38:42","slug":"filosofia-da-grecia-antiga","status":"publish","type":"glossary","link":"https:\/\/advogados.cv\/fr\/glossaire\/filosofia-da-grecia-antiga\/","title":{"rendered":"Philosophie de la Gr\u00e8ce antique"},"content":{"rendered":"<p>A filosofia grega antiga emergiu no s&eacute;culo VI a.C., revolucionando o pensamento intelectual ao buscar explica&ccedil;&otilde;es racionais para os fen&ocirc;menos do mundo. Abrangendo temas desde a cosmologia at&eacute; a &eacute;tica, influenciou profundamente a <a class=\"glossaryLink\"  href=\"https:\/\/advogados.cv\/fr\/glossaire\/culture\/\"  target=\"_blank\"  rel=\"nofollow\"  data-mobile-support=\"0\"  data-gt-translate-attributes='[{\"attribute\":\"data-cmtooltip\", \"format\":\"html\"}]' tabindex='0' role='link'>culture<\/a><span id=\"cmttFootnoteLink2-0\" class=\"cmtt-footnote\"><sup><a class=\"et_smooth_scroll_disabled cmtt_footnote_link cmtt-footnote-deflink\" href=\"#cmttFootnoteLink2\" style=\"font-size: 14px; color: #325afb; font-style : none ;\">[2]<\/a><\/sup><\/span> ocidental. Fil&oacute;sofos pr&eacute;-socr&aacute;ticos como Xen&oacute;fanes desafiaram interpreta&ccedil;&otilde;es mitol&oacute;gicas, enfatizando explica&ccedil;&otilde;es naturais. S&oacute;crates introduziu um m&eacute;todo de questionamento para explorar virtudes, enquanto Plat&atilde;o desenvolveu teorias metaf&iacute;sicas complexas, incluindo o conceito de formas e um <a class=\"glossaryLink\"  href=\"https:\/\/advogados.cv\/fr\/glossaire\/systeme\/\"  target=\"_blank\"  rel=\"nofollow\"  data-mobile-support=\"0\"  data-gt-translate-attributes='[{\"attribute\":\"data-cmtooltip\", \"format\":\"html\"}]' tabindex='0' role='link'>syst\u00e8me<\/a><span id=\"cmttFootnoteLink3-0\" class=\"cmtt-footnote\"><sup><a class=\"et_smooth_scroll_disabled cmtt_footnote_link cmtt-footnote-deflink\" href=\"#cmttFootnoteLink3\" style=\"font-size: 14px; color: #325afb; font-style : none ;\">[3]<\/a><\/sup><\/span> pol&iacute;tico ideal. Arist&oacute;teles expandiu ainda mais o discurso filos&oacute;fico, criando fundamentos para tradi&ccedil;&otilde;es intelectuais posteriores. A <a class=\"glossaryLink\" href=\"https:\/\/advogados.cv\/fr\/glossaire\/tradicao\/\" target=\"_blank\" rel=\"nofollow\" data-mobile-support=\"0\" data-gt-translate-attributes='[{\"attribute\":\"data-cmtooltip\", \"format\":\"html\"}]' tabindex=\"0\" role=\"link\">tradition<\/a><span id=\"cmttFootnoteLink1-0\" class=\"cmtt-footnote\"><sup><a class=\"et_smooth_scroll_disabled cmtt_footnote_link cmtt-footnote-deflink\" href=\"#cmttFootnoteLink1\" style=\"font-size: 14px; color: #325afb; font-style : none ;\">[1]<\/a><\/sup><\/span> filos&oacute;fica foi caracterizada por uma abordagem sistem&aacute;tica para compreender a realidade, a natureza humana e o conhecimento. As ideias filos&oacute;ficas gregas foram preservadas por eruditos bizantinos e isl&acirc;micos, reintroduzindo eventualmente o pensamento ocidental a conceitos filos&oacute;ficos cl&aacute;ssicos. Esse movimento intelectual marcou uma transi&ccedil;&atilde;o cr&iacute;tica do pensamento mitol&oacute;gico para o racional, estabelecendo bases para investiga&ccedil;&otilde;es filos&oacute;ficas e cient&iacute;ficas subsequentes.<\/p>\n<div class=\"cmtt-footnotes-block\"><div class=\"cmtt-footnote-header\">D\u00e9finitions des termes<\/div><div class=\"cmtt-footnote-header-border\"><\/div><div class=\"cmtt-footnote-def\" id=\"cmttFootnoteLink1\"><span class=\"cmtt-footnote-def-number\">1. <\/span><span class=\"cmtt-footnote-def-back\"><a class=\"cmtt_footnote_link cmtt-footnote-backlink\" href=\"#cmttFootnoteLink1-0\" style=\"font-size: 14px; color: #325afb; font-style : none ;\"> &#8593; <\/a><\/span><span class=\"cmtt-footnote-def-key\"> <a aria-describedby=\"tt\" href=\"https:\/\/advogados.cv\/fr\/glossaire\/tradicao\/\" class=\"glossaryLink\" target=\"_blank\">tradition<\/a>. <\/span><span class=\"cmtt-footnote-def-content\"> La tradition d\u00e9signe la continuit\u00e9 des doctrines, des coutumes et des valeurs au sein des groupes sociaux, \u00e9tudi\u00e9e dans le cadre de diverses disciplines universitaires. Enracin\u00e9es dans des contextes culturels, religieux et sociaux, les traditions peuvent \u00eatre anciennes ou invent\u00e9es intentionnellement, servant \u00e0 la transmission des connaissances entre les g\u00e9n\u00e9rations. Dans les contextes religieux, en particulier le catholicisme, la tradition englobe les pratiques orales et \u00e9crites qui pr\u00e9servent les enseignements spirituels. Les pratiques culturelles int\u00e8grent souvent des traditions, refl\u00e9tant les coutumes, les croyances et les comportements de la communaut\u00e9. Ces traditions ne sont pas statiques, mais dynamiques, s'adaptant \u00e0 des contextes soci\u00e9taux changeants tout en conservant des \u00e9l\u00e9ments fondamentaux. La relation entre tradition et modernit\u00e9 est complexe, les traditions \u00e9tant parfois r\u00e9invent\u00e9es ou r\u00e9interpr\u00e9t\u00e9es pour rester pertinentes. Malgr\u00e9 les conflits potentiels li\u00e9s \u00e0 l'\u00e9volution rapide de la soci\u00e9t\u00e9, les traditions continuent de jouer un r\u00f4le important dans le maintien de l'identit\u00e9 culturelle et la continuit\u00e9 entre les g\u00e9n\u00e9rations. <\/span><\/div><div class=\"cmtt-footnote-def\" id=\"cmttFootnoteLink2\"><span class=\"cmtt-footnote-def-number\">2. <\/span><span class=\"cmtt-footnote-def-back\"><a class=\"cmtt_footnote_link cmtt-footnote-backlink\" href=\"#cmttFootnoteLink2-0\" style=\"font-size: 14px; color: #325afb; font-style : none ;\"> &#8593; <\/a><\/span><span class=\"cmtt-footnote-def-key\"> <a aria-describedby=\"tt\" href=\"https:\/\/advogados.cv\/fr\/glossaire\/culture\/\" class=\"glossaryLink\" target=\"_blank\">culture<\/a>. <\/span><span class=\"cmtt-footnote-def-content\"> La culture est un concept complexe qui englobe les connaissances, les croyances, l'art, la morale, les lois et les comp\u00e9tences acquises par les \u00eatres humains au sein de la soci\u00e9t\u00e9. D\u00e9finie selon diff\u00e9rentes perspectives, elle repr\u00e9sente \u00e0 la fois des id\u00e9es et des pratiques apprises par le biais de l'interaction sociale. En tant que syst\u00e8me dynamique, la culture transmet les changements d'une g\u00e9n\u00e9ration \u00e0 l'autre, permettant ainsi l'adaptation et l'\u00e9volution de l'homme. Elle constitue un m\u00e9canisme essentiel pour r\u00e9soudre les probl\u00e8mes, d\u00e9finir l'identit\u00e9 du groupe et distinguer le comportement humain des instincts naturels. La culture se d\u00e9veloppe par l'invention, la diffusion et la d\u00e9couverte, les influences environnementales fa\u00e7onnant sa transformation. Bien que remise en question par le divertissement et la mondialisation, la culture reste un aspect crucial de l'exp\u00e9rience humaine, car elle fournit des significations symboliques partag\u00e9es et des connaissances pratiques. Sa nature multiforme englobe des dimensions intellectuelles et mat\u00e9rielles, refl\u00e9tant la mani\u00e8re dont les groupes humains interpr\u00e8tent et r\u00e9agissent \u00e0 leur environnement par le biais de mod\u00e8les de comportement et de compr\u00e9hension acquis. <\/span><\/div><button class=\"cmtt-footnote-showmore-btn\">Afficher plus<\/button><div class=\"cmtt-footnote-def hidden\" id=\"cmttFootnoteLink3\"><span class=\"cmtt-footnote-def-number\">3. <\/span><span class=\"cmtt-footnote-def-back\"><a class=\"cmtt_footnote_link cmtt-footnote-backlink\" href=\"#cmttFootnoteLink3-0\" style=\"font-size: 14px; color: #325afb; font-style : none ;\"> &#8593; <\/a><\/span><span class=\"cmtt-footnote-def-key\"> <a aria-describedby=\"tt\" href=\"https:\/\/advogados.cv\/fr\/glossaire\/systeme\/\" class=\"glossaryLink\" target=\"_blank\">syst\u00e8me<\/a>. <\/span><span class=\"cmtt-footnote-def-content\"> Un syst\u00e8me est un arrangement complexe d'\u00e9l\u00e9ments interconnect\u00e9s travaillant \u00e0 la r\u00e9alisation d'un objectif commun. Caract\u00e9ris\u00e9s par l'int\u00e9gration fonctionnelle et la synergie, les syst\u00e8mes peuvent \u00eatre physiques ou conceptuels, allant des organismes biologiques aux structures organisationnelles. Les syst\u00e8mes biologiques suivent une organisation hi\u00e9rarchique allant du niveau atomique au niveau cosmique, tandis que les syst\u00e8mes d'information en informatique se concentrent sur les processus algorithmiques. Les syst\u00e8mes interagissent dynamiquement avec leur environnement par le biais d'entr\u00e9es et de sorties, en maintenant l'hom\u00e9ostasie gr\u00e2ce \u00e0 une communication continue entre les \u00e9l\u00e9ments. Il existe diff\u00e9rents types de syst\u00e8mes dans toutes les disciplines, y compris les syst\u00e8mes biologiques humains tels que les syst\u00e8mes digestifs et nerveux, et les syst\u00e8mes sociaux tels que les structures \u00e9conomiques et juridiques. Le principe fondamental qui sous-tend tous les syst\u00e8mes est l'interd\u00e9pendance des composants, o\u00f9 les changements dans une partie peuvent influencer de mani\u00e8re significative la fonctionnalit\u00e9 et la performance de l'ensemble du syst\u00e8me. <\/span><\/div><\/div><div class=\"cmtt-footnote-bottom-border\"><\/div>","protected":false},"excerpt":{"rendered":"<p>A filosofia grega antiga emergiu no s&eacute;culo VI a.C., revolucionando o pensamento intelectual ao buscar explica&ccedil;&otilde;es racionais para os fen&ocirc;menos do mundo. Abrangendo temas desde a cosmologia at&eacute; a &eacute;tica, influenciou profundamente a cultura ocidental. Fil&oacute;sofos pr&eacute;-socr&aacute;ticos como Xen&oacute;fanes desafiaram interpreta&ccedil;&otilde;es mitol&oacute;gicas, enfatizando explica&ccedil;&otilde;es naturais. S&oacute;crates introduziu um m&eacute;todo de questionamento para explorar virtudes, enquanto [&hellip;]<\/p>\n<div class=\"cmtt-footnotes-block\">\n<div class=\"cmtt-footnote-header\">D\u00e9finitions des termes<\/div>\n<div class=\"cmtt-footnote-header-border\"><\/div>\n<div class=\"cmtt-footnote-def\" id=\"cmttFootnoteLink1\"><span class=\"cmtt-footnote-def-number\">1. <\/span><span class=\"cmtt-footnote-def-back\"><a class=\"cmtt_footnote_link cmtt-footnote-backlink\" href=\"#cmttFootnoteLink1-0\" style=\"font-size: 14px; color: #325afb; font-style : none ;\"> \u2191 <\/a><\/span><span class=\"cmtt-footnote-def-key\"> <a aria-describedby=\"tt\" href=\"https:\/\/advogados.cv\/fr\/glossaire\/tradicao\/\" class=\"glossaryLink\" target=\"_blank\">tradition<\/a>. <\/span><span class=\"cmtt-footnote-def-content\"> Tradi&ccedil;&atilde;o refere-se &agrave; continuidade de doutrinas, <a class=\"glossaryLink\"  href=\"https:\/\/advogados.cv\/fr\/glossaire\/douanes\/\"  target=\"_blank\"  rel=\"nofollow\"  data-mobile-support=\"0\"  data-gt-translate-attributes='[{\"attribute\":\"data-cmtooltip\", \"format\":\"html\"}]' tabindex='0' role='link'>douanes<\/a><span id=\"cmttFootnoteLink8-0\" class=\"cmtt-footnote\"><sup><a class=\"et_smooth_scroll_disabled cmtt_footnote_link cmtt-footnote-deflink\" href=\"#cmttFootnoteLink8\" style=\"font-size: 14px; color: #325afb; font-style : none ;\">[8]<\/a><\/sup><\/span> e valores dentro de grupos sociais, estudada atrav&eacute;s de v&aacute;rias disciplinas acad&eacute;micas. Enraizada em contextos culturais, religiosos e sociais, as tradi&ccedil;&otilde;es podem ser antigas ou intencionalmente inventadas, servindo como transmiss&atilde;o de conhecimento entre gera&ccedil;&otilde;es. Em ambientes religiosos, particularmente no catolicismo, a tradi&ccedil;&atilde;o abrange pr&aacute;ticas orais e escritas que preservam ensinamentos espirituais. Pr&aacute;ticas culturais frequentemente incorporam tradi&ccedil;&otilde;es, refletindo costumes, cren&ccedil;as e comportamentos comunit&aacute;rios. Estas tradi&ccedil;&otilde;es n&atilde;o s&atilde;o est&aacute;ticas, mas din&acirc;micas, adaptando-se a contextos societais em mudan&ccedil;a, mantendo elementos fundamentais. A rela&ccedil;&atilde;o entre tradi&ccedil;&atilde;o e <a class=\"glossaryLink\" href=\"https:\/\/advogados.cv\/fr\/glossaire\/modernidade\/\" target=\"_blank\" rel=\"nofollow\" data-mobile-support=\"0\" data-gt-translate-attributes='[{\"attribute\":\"data-cmtooltip\", \"format\":\"html\"}]' tabindex=\"0\" role=\"link\">modernidade<\/a><span id=\"cmttFootnoteLink6-0\" class=\"cmtt-footnote\"><sup><a class=\"et_smooth_scroll_disabled cmtt_footnote_link cmtt-footnote-deflink\" href=\"#cmttFootnoteLink6\" style=\"font-size: 14px; color: #325afb; font-style : none ;\">[6]<\/a><\/sup><\/span> &eacute; complexa, com tradi&ccedil;&otilde;es sendo por vezes reinventadas ou reinterpretadas para permanecerem relevantes. Apesar de potenciais conflitos com r&aacute;pidas mudan&ccedil;as sociais, as tradi&ccedil;&otilde;es continuam a desempenhar um papel significativo na manuten&ccedil;&atilde;o da identidade cultural e no fornecimento de continuidade atrav&eacute;s de gera&ccedil;&otilde;es. <\/span><\/div>\n<div class=\"cmtt-footnote-def\" id=\"cmttFootnoteLink2\"><span class=\"cmtt-footnote-def-number\">2. <\/span><span class=\"cmtt-footnote-def-back\"><a class=\"cmtt_footnote_link cmtt-footnote-backlink\" href=\"#cmttFootnoteLink2-0\" style=\"font-size: 14px; color: #325afb; font-style : none ;\"> \u2191 <\/a><\/span><span class=\"cmtt-footnote-def-key\"> <a aria-describedby=\"tt\" href=\"https:\/\/advogados.cv\/fr\/glossaire\/culture\/\" class=\"glossaryLink\" target=\"_blank\">culture<\/a>. <\/span><span class=\"cmtt-footnote-def-content\"> La culture est un concept complexe qui englobe les connaissances, les croyances et l'art, <a class=\"glossaryLink\"  href=\"https:\/\/advogados.cv\/fr\/glossaire\/morale\/\"  target=\"_blank\"  rel=\"nofollow\"  data-mobile-support=\"0\"  data-gt-translate-attributes='[{\"attribute\":\"data-cmtooltip\", \"format\":\"html\"}]' tabindex='0' role='link'>morale<\/a><span id=\"cmttFootnoteLink9-0\" class=\"cmtt-footnote\"><sup><a class=\"et_smooth_scroll_disabled cmtt_footnote_link cmtt-footnote-deflink\" href=\"#cmttFootnoteLink9\" style=\"font-size: 14px; color: #325afb; font-style : none ;\">[9]<\/a><\/sup><\/span>, leis e capacidades adquiridas pelos humanos em <a class=\"glossaryLink\" href=\"https:\/\/advogados.cv\/fr\/glossaire\/societe\/\" target=\"_blank\" rel=\"nofollow\" data-mobile-support=\"0\" data-gt-translate-attributes='[{\"attribute\":\"data-cmtooltip\", \"format\":\"html\"}]' tabindex=\"0\" role=\"link\">soci\u00e9t\u00e9<\/a><span id=\"cmttFootnoteLink7-0\" class=\"cmtt-footnote\"><sup><a class=\"et_smooth_scroll_disabled cmtt_footnote_link cmtt-footnote-deflink\" href=\"#cmttFootnoteLink7\" style=\"font-size: 14px; color: #325afb; font-style : none ;\">[7]<\/a><\/sup><\/span>. Definida por diversas perspetivas, representa tanto ideias como pr&aacute;ticas aprendidas atrav&eacute;s da intera&ccedil;&atilde;o social. Como um sistema din&acirc;mico, a cultura transmite modifica&ccedil;&otilde;es atrav&eacute;s das gera&ccedil;&otilde;es, permitindo a adapta&ccedil;&atilde;o e evolu&ccedil;&atilde;o humana. Serve como um mecanismo essencial para resolver problemas, definir a identidade de grupo e distinguir o comportamento humano dos instintos naturais. A cultura desenvolve-se atrav&eacute;s de inven&ccedil;&atilde;o, difus&atilde;o e descoberta, com influ&ecirc;ncias ambientais a moldar a sua transforma&ccedil;&atilde;o. Embora desafiada pelo entretenimento e <a class=\"glossaryLink\" href=\"https:\/\/advogados.cv\/fr\/glossaire\/globalizacao\/\" target=\"_blank\" rel=\"nofollow\" data-mobile-support=\"0\" data-gt-translate-attributes='[{\"attribute\":\"data-cmtooltip\", \"format\":\"html\"}]' tabindex=\"0\" role=\"link\">mondialisation<\/a><span id=\"cmttFootnoteLink4-0\" class=\"cmtt-footnote\"><sup><a class=\"et_smooth_scroll_disabled cmtt_footnote_link cmtt-footnote-deflink\" href=\"#cmttFootnoteLink4\" style=\"font-size: 14px; color: #325afb; font-style : none ;\">[4]<\/a><\/sup><\/span>La culture reste un aspect crucial de l'exp\u00e9rience humaine, car elle fournit des significations symboliques partag\u00e9es et des connaissances pratiques. Sa nature multiforme englobe des dimensions intellectuelles et mat\u00e9rielles, refl\u00e9tant la mani\u00e8re dont les groupes humains interpr\u00e8tent et r\u00e9agissent \u00e0 leur environnement par le biais de mod\u00e8les appris de comportement et de compr\u00e9hension. <\/span><\/div>\n<p><button class=\"cmtt-footnote-showmore-btn\">Afficher plus<\/button><\/p>\n<div class=\"cmtt-footnote-def hidden\" id=\"cmttFootnoteLink3\"><span class=\"cmtt-footnote-def-number\">3. <\/span><span class=\"cmtt-footnote-def-back\"><a class=\"cmtt_footnote_link cmtt-footnote-backlink\" href=\"#cmttFootnoteLink3-0\" style=\"font-size: 14px; color: #325afb; font-style : none ;\"> \u2191 <\/a><\/span><span class=\"cmtt-footnote-def-key\"> <a aria-describedby=\"tt\" href=\"https:\/\/advogados.cv\/fr\/glossaire\/systeme\/\" class=\"glossaryLink\" target=\"_blank\">syst\u00e8me<\/a>. <\/span><span class=\"cmtt-footnote-def-content\"> Un syst\u00e8me est un arrangement complexe d'\u00e9l\u00e9ments interconnect\u00e9s travaillant \u00e0 la r\u00e9alisation d'un objectif commun. Caract\u00e9ris\u00e9s par l'int\u00e9gration fonctionnelle et la synergie, les syst\u00e8mes peuvent \u00eatre physiques ou conceptuels, allant des organismes biologiques aux structures organisationnelles. Les syst\u00e8mes biologiques suivent une organisation hi\u00e9rarchique allant du niveau atomique au niveau cosmique, tandis que les syst\u00e8mes d'information en informatique se concentrent sur les processus algorithmiques. Les syst\u00e8mes interagissent dynamiquement avec leur environnement par le biais d'entr\u00e9es et de sorties, en maintenant l'hom\u00e9ostasie gr\u00e2ce \u00e0 <a class=\"glossaryLink\" href=\"https:\/\/advogados.cv\/fr\/glossaire\/comunicacao\/\" target=\"_blank\" rel=\"nofollow\" data-mobile-support=\"0\" data-gt-translate-attributes='[{\"attribute\":\"data-cmtooltip\", \"format\":\"html\"}]' tabindex=\"0\" role=\"link\">communication<\/a><span id=\"cmttFootnoteLink5-0\" class=\"cmtt-footnote\"><sup><a class=\"et_smooth_scroll_disabled cmtt_footnote_link cmtt-footnote-deflink\" href=\"#cmttFootnoteLink5\" style=\"font-size: 14px; color: #325afb; font-style : none ;\">[5]<\/a><\/sup><\/span> entre les \u00e9l\u00e9ments. Il existe diff\u00e9rents types de syst\u00e8mes dans toutes les disciplines, y compris les syst\u00e8mes biologiques humains tels que les syst\u00e8mes digestifs et nerveux, et les syst\u00e8mes sociaux tels que les structures \u00e9conomiques et juridiques. Le principe fondamental qui sous-tend tous les syst\u00e8mes est l'interd\u00e9pendance des composants, les modifications d'une partie pouvant influencer de mani\u00e8re significative la fonctionnalit\u00e9 et les performances de l'ensemble du syst\u00e8me. <\/span><\/div>\n<\/div>\n<div class=\"cmtt-footnote-bottom-border\"><\/div>\n<div class=\"cmtt-footnotes-block\"><div class=\"cmtt-footnote-header\">D\u00e9finitions des termes<\/div><div class=\"cmtt-footnote-header-border\"><\/div><div class=\"cmtt-footnote-def\" id=\"cmttFootnoteLink1\"><span class=\"cmtt-footnote-def-number\">1. <\/span><span class=\"cmtt-footnote-def-back\"><a class=\"cmtt_footnote_link cmtt-footnote-backlink\" href=\"#cmttFootnoteLink1-0\" style=\"font-size: 14px; color: #325afb; font-style : none ;\"> &#8593; <\/a><\/span><span class=\"cmtt-footnote-def-key\"> <a aria-describedby=\"tt\" href=\"https:\/\/advogados.cv\/fr\/glossaire\/tradicao\/\" class=\"glossaryLink\" target=\"_blank\">tradition<\/a>. <\/span><span class=\"cmtt-footnote-def-content\"> La tradition d\u00e9signe la continuit\u00e9 des doctrines, des coutumes et des valeurs au sein des groupes sociaux, \u00e9tudi\u00e9e dans le cadre de diverses disciplines universitaires. Enracin\u00e9es dans des contextes culturels, religieux et sociaux, les traditions peuvent \u00eatre anciennes ou invent\u00e9es intentionnellement, servant \u00e0 la transmission des connaissances entre les g\u00e9n\u00e9rations. Dans les contextes religieux, en particulier le catholicisme, la tradition englobe les pratiques orales et \u00e9crites qui pr\u00e9servent les enseignements spirituels. Les pratiques culturelles int\u00e8grent souvent des traditions, refl\u00e9tant les coutumes, les croyances et les comportements de la communaut\u00e9. Ces traditions ne sont pas statiques, mais dynamiques, s'adaptant \u00e0 des contextes soci\u00e9taux changeants tout en conservant des \u00e9l\u00e9ments fondamentaux. La relation entre tradition et modernit\u00e9 est complexe, les traditions \u00e9tant parfois r\u00e9invent\u00e9es ou r\u00e9interpr\u00e9t\u00e9es pour rester pertinentes. Malgr\u00e9 les conflits potentiels li\u00e9s \u00e0 l'\u00e9volution rapide de la soci\u00e9t\u00e9, les traditions continuent de jouer un r\u00f4le important dans le maintien de l'identit\u00e9 culturelle et la continuit\u00e9 entre les g\u00e9n\u00e9rations. <\/span><\/div><div class=\"cmtt-footnote-def\" id=\"cmttFootnoteLink2\"><span class=\"cmtt-footnote-def-number\">2. <\/span><span class=\"cmtt-footnote-def-back\"><a class=\"cmtt_footnote_link cmtt-footnote-backlink\" href=\"#cmttFootnoteLink2-0\" style=\"font-size: 14px; color: #325afb; font-style : none ;\"> &#8593; <\/a><\/span><span class=\"cmtt-footnote-def-key\"> <a aria-describedby=\"tt\" href=\"https:\/\/advogados.cv\/fr\/glossaire\/culture\/\" class=\"glossaryLink\" target=\"_blank\">culture<\/a>. <\/span><span class=\"cmtt-footnote-def-content\"> La culture est un concept complexe qui englobe les connaissances, les croyances, l'art, la morale, les lois et les comp\u00e9tences acquises par les \u00eatres humains au sein de la soci\u00e9t\u00e9. D\u00e9finie selon diff\u00e9rentes perspectives, elle repr\u00e9sente \u00e0 la fois des id\u00e9es et des pratiques apprises par le biais de l'interaction sociale. En tant que syst\u00e8me dynamique, la culture transmet les changements d'une g\u00e9n\u00e9ration \u00e0 l'autre, permettant ainsi l'adaptation et l'\u00e9volution de l'homme. Elle constitue un m\u00e9canisme essentiel pour r\u00e9soudre les probl\u00e8mes, d\u00e9finir l'identit\u00e9 du groupe et distinguer le comportement humain des instincts naturels. La culture se d\u00e9veloppe par l'invention, la diffusion et la d\u00e9couverte, les influences environnementales fa\u00e7onnant sa transformation. Bien que remise en question par le divertissement et la mondialisation, la culture reste un aspect crucial de l'exp\u00e9rience humaine, car elle fournit des significations symboliques partag\u00e9es et des connaissances pratiques. Sa nature multiforme englobe des dimensions intellectuelles et mat\u00e9rielles, refl\u00e9tant la mani\u00e8re dont les groupes humains interpr\u00e8tent et r\u00e9agissent \u00e0 leur environnement par le biais de mod\u00e8les de comportement et de compr\u00e9hension acquis. <\/span><\/div><button class=\"cmtt-footnote-showmore-btn\">Afficher plus<\/button><div class=\"cmtt-footnote-def hidden\" id=\"cmttFootnoteLink3\"><span class=\"cmtt-footnote-def-number\">3. <\/span><span class=\"cmtt-footnote-def-back\"><a class=\"cmtt_footnote_link cmtt-footnote-backlink\" href=\"#cmttFootnoteLink3-0\" style=\"font-size: 14px; color: #325afb; font-style : none ;\"> &#8593; <\/a><\/span><span class=\"cmtt-footnote-def-key\"> <a aria-describedby=\"tt\" href=\"https:\/\/advogados.cv\/fr\/glossaire\/systeme\/\" class=\"glossaryLink\" target=\"_blank\">syst\u00e8me<\/a>. <\/span><span class=\"cmtt-footnote-def-content\"> Un syst\u00e8me est un arrangement complexe d'\u00e9l\u00e9ments interconnect\u00e9s travaillant \u00e0 la r\u00e9alisation d'un objectif commun. Caract\u00e9ris\u00e9s par l'int\u00e9gration fonctionnelle et la synergie, les syst\u00e8mes peuvent \u00eatre physiques ou conceptuels, allant des organismes biologiques aux structures organisationnelles. Les syst\u00e8mes biologiques suivent une organisation hi\u00e9rarchique allant du niveau atomique au niveau cosmique, tandis que les syst\u00e8mes d'information en informatique se concentrent sur les processus algorithmiques. Les syst\u00e8mes interagissent dynamiquement avec leur environnement par le biais d'entr\u00e9es et de sorties, en maintenant l'hom\u00e9ostasie gr\u00e2ce \u00e0 une communication continue entre les \u00e9l\u00e9ments. Il existe diff\u00e9rents types de syst\u00e8mes dans toutes les disciplines, y compris les syst\u00e8mes biologiques humains tels que les syst\u00e8mes digestifs et nerveux, et les syst\u00e8mes sociaux tels que les structures \u00e9conomiques et juridiques. Le principe fondamental qui sous-tend tous les syst\u00e8mes est l'interd\u00e9pendance des composants, o\u00f9 les changements dans une partie peuvent influencer de mani\u00e8re significative la fonctionnalit\u00e9 et la performance de l'ensemble du syst\u00e8me. <\/span><\/div><div class=\"cmtt-footnote-def hidden\" id=\"cmttFootnoteLink4\"><span class=\"cmtt-footnote-def-number\">4. <\/span><span class=\"cmtt-footnote-def-back\"><a class=\"cmtt_footnote_link cmtt-footnote-backlink\" href=\"#cmttFootnoteLink4-0\" style=\"font-size: 14px; color: #325afb; font-style : none ;\"> &#8593; <\/a><\/span><span class=\"cmtt-footnote-def-key\"> <a aria-describedby=\"tt\" href=\"https:\/\/advogados.cv\/fr\/glossaire\/globalizacao\/\" class=\"glossaryLink\" target=\"_blank\">mondialisation<\/a>. <\/span><span class=\"cmtt-footnote-def-content\"> La mondialisation est un processus historique complexe d'interconnexion croissante dans les domaines de l'\u00e9conomie, de la culture et de la communication. N\u00e9e des premi\u00e8res routes commerciales telles que la route de la soie, elle s'est acc\u00e9l\u00e9r\u00e9e gr\u00e2ce aux progr\u00e8s technologiques en mati\u00e8re de transport et de communication. La p\u00e9riode qui a suivi la Seconde Guerre mondiale a connu une expansion significative gr\u00e2ce aux institutions internationales, aux blocs \u00e9conomiques et aux soci\u00e9t\u00e9s multinationales. Les principaux effets sont l'\u00e9change mondial d'informations gr\u00e2ce aux technologies de l'internet, la facilitation du commerce transfrontalier et l'hybridation culturelle. Tout en permettant une connectivit\u00e9 et des opportunit\u00e9s \u00e9conomiques sans pr\u00e9c\u00e9dent, la mondialisation soul\u00e8ve simultan\u00e9ment des d\u00e9fis critiques en mati\u00e8re d'homog\u00e9n\u00e9isation culturelle, de durabilit\u00e9 environnementale et d'in\u00e9galit\u00e9 \u00e9conomique. Le ph\u00e9nom\u00e8ne a transform\u00e9 la mani\u00e8re dont les biens, les services, les id\u00e9es et les personnes franchissent les fronti\u00e8res nationales, cr\u00e9ant \u00e0 la fois des possibilit\u00e9s d'int\u00e9gration et des tensions sociales potentielles. Sa nature multiforme continue de susciter des d\u00e9bats acad\u00e9miques et politiques sur ses implications soci\u00e9tales \u00e0 long terme. <\/span><\/div><div class=\"cmtt-footnote-def hidden\" id=\"cmttFootnoteLink5\"><span class=\"cmtt-footnote-def-number\">5. <\/span><span class=\"cmtt-footnote-def-back\"><a class=\"cmtt_footnote_link cmtt-footnote-backlink\" href=\"#cmttFootnoteLink5-0\" style=\"font-size: 14px; color: #325afb; font-style : none ;\"> &#8593; <\/a><\/span><span class=\"cmtt-footnote-def-key\"> <a aria-describedby=\"tt\" href=\"https:\/\/advogados.cv\/fr\/glossaire\/comunicacao\/\" class=\"glossaryLink\" target=\"_blank\">communication<\/a>. <\/span><span class=\"cmtt-footnote-def-content\"> La communication est un processus complexe d'\u00e9change d'informations par le biais de signes, de symboles et de canaux technologiques. \u00c9voluant des formes orales et \u00e9crites aux plateformes num\u00e9riques, elle englobe diff\u00e9rents modes, dont la communication verbale, non verbale et m\u00e9diatis\u00e9e. Apparue au d\u00e9but du XXe si\u00e8cle, la th\u00e9orie de la communication explore la structure et la signification sociale de l'interaction humaine dans diff\u00e9rents contextes, tels que les domaines interpersonnels, organisationnels et interculturels. La s\u00e9miotique joue un r\u00f4le crucial pour comprendre comment les pens\u00e9es et les sentiments sont transform\u00e9s en signes compr\u00e9hensibles. Les avanc\u00e9es technologiques, en particulier les ordinateurs et les r\u00e9seaux sociaux, continuent de remodeler les processus de communication, passant des m\u00e9dias de masse traditionnels aux r\u00e9seaux collaboratifs. Le domaine s'inspire de disciplines humanistes telles que la philosophie, la sociologie et la psychologie, examinant la communication comme un ph\u00e9nom\u00e8ne social dynamique qui refl\u00e8te la connectivit\u00e9 humaine et l'\u00e9change d'informations. <\/span><\/div><div class=\"cmtt-footnote-def hidden\" id=\"cmttFootnoteLink6\"><span class=\"cmtt-footnote-def-number\">6. <\/span><span class=\"cmtt-footnote-def-back\"><a class=\"cmtt_footnote_link cmtt-footnote-backlink\" href=\"#cmttFootnoteLink6-0\" style=\"font-size: 14px; color: #325afb; font-style : none ;\"> &#8593; <\/a><\/span><span class=\"cmtt-footnote-def-key\"> <a aria-describedby=\"tt\" href=\"https:\/\/advogados.cv\/fr\/glossaire\/modernidade\/\" class=\"glossaryLink\" target=\"_blank\">modernidade<\/a>. <\/span><span class=\"cmtt-footnote-def-content\"> A modernidade emergiu no s\u00e9culo XVIII, caracterizada por uma nova compreens\u00e3o da hist\u00f3ria impulsionada pelo pensamento iluminista. Enfatizando a racionalidade, a consci\u00eancia e o progresso, marcou uma mudan\u00e7a das perspetivas hist\u00f3ricas tradicionais. Historiadores como Von Ranke e institui\u00e7\u00f5es desenvolveram abordagens sistem\u00e1ticas para estudar eventos hist\u00f3ricos, estreitamente ligados a narrativas de estados-na\u00e7\u00e3o. O regime moderno de historicidade, como descrito por Fran\u00e7ois Hartog, focou-se em perspetivas orientadas para o futuro e acelera\u00e7\u00e3o temporal. Romancistas como Tolstoi e Balzac desafiaram narrativas hist\u00f3ricas unificadas ao explorar m\u00faltiplas perspetivas e experi\u00eancias individuais. Estudiosos como Koselleck destacaram a transforma\u00e7\u00e3o da compreens\u00e3o hist\u00f3rica, afastando-se da vis\u00e3o cl\u00e1ssica da hist\u00f3ria como professora da vida. An\u00e1lises cr\u00edticas de pensadores como Bauman, Habermas e Elias aprofundaram as dimens\u00f5es sociais e filos\u00f3ficas complexas da modernidade, examinando os seus aspetos est\u00e9ticos, emancipat\u00f3rios e potencialmente destrutivos. <\/span><\/div><div class=\"cmtt-footnote-def hidden\" id=\"cmttFootnoteLink7\"><span class=\"cmtt-footnote-def-number\">7. <\/span><span class=\"cmtt-footnote-def-back\"><a class=\"cmtt_footnote_link cmtt-footnote-backlink\" href=\"#cmttFootnoteLink7-0\" style=\"font-size: 14px; color: #325afb; font-style : none ;\"> &#8593; <\/a><\/span><span class=\"cmtt-footnote-def-key\"> <a aria-describedby=\"tt\" href=\"https:\/\/advogados.cv\/fr\/glossaire\/societe\/\" class=\"glossaryLink\" target=\"_blank\">soci\u00e9t\u00e9<\/a>. <\/span><span class=\"cmtt-footnote-def-content\"> Une soci\u00e9t\u00e9 est un groupe d'individus qui interagissent pour atteindre des objectifs communs et qui partagent un principe fondamental de coh\u00e9sion. Caract\u00e9ris\u00e9es par des r\u00e9seaux de relations interconnect\u00e9es, les soci\u00e9t\u00e9s peuvent \u00eatre institutionnalis\u00e9es ou non, allant des bandes et des tribus \u00e0 des structures \u00e9tatiques complexes. Les communaut\u00e9s servent de groupes interm\u00e9diaires entre les individus et les structures soci\u00e9tales plus larges, englobant les r\u00e9seaux familiaux, professionnels et sociaux. Les perspectives anthropologiques mettent l'accent sur l'organisation des soci\u00e9t\u00e9s bas\u00e9e sur la subsistance, la technologie et la communication, remettant en cause les anciennes notions hi\u00e9rarchiques. Les normes sociales et les institutions jouent un r\u00f4le crucial dans le maintien de la coh\u00e9sion du groupe, avec des m\u00e9canismes tels que la g\u00e9n\u00e9rosit\u00e9, la reconnaissance du statut et les rituels partag\u00e9s. L'\u00e9volution des soci\u00e9t\u00e9s refl\u00e8te la dynamique changeante de la coop\u00e9ration, de la sp\u00e9cialisation et de l'adaptation, d\u00e9montrant comment les groupes humains s'organisent pour survivre et prosp\u00e9rer dans des contextes culturels et environnementaux diff\u00e9rents. <\/span><\/div><div class=\"cmtt-footnote-def hidden\" id=\"cmttFootnoteLink8\"><span class=\"cmtt-footnote-def-number\">8. <\/span><span class=\"cmtt-footnote-def-back\"><a class=\"cmtt_footnote_link cmtt-footnote-backlink\" href=\"#cmttFootnoteLink8-0\" style=\"font-size: 14px; color: #325afb; font-style : none ;\"> &#8593; <\/a><\/span><span class=\"cmtt-footnote-def-key\"> <a aria-describedby=\"tt\" href=\"https:\/\/advogados.cv\/fr\/glossaire\/douanes\/\" class=\"glossaryLink\" target=\"_blank\">douanes<\/a>. <\/span><span class=\"cmtt-footnote-def-content\"> Les coutumes sont des r\u00e8gles sociales issues de pratiques r\u00e9p\u00e9t\u00e9es dans un contexte culturel sp\u00e9cifique, caract\u00e9ris\u00e9es par des \u00e9l\u00e9ments objectifs (corpus consuetudo) et subjectifs (animus). Elles refl\u00e8tent la conviction psychologique des obligations comportementales dans diff\u00e9rentes soci\u00e9t\u00e9s. Ces pratiques couvrent diff\u00e9rents domaines, y compris des perspectives juridiques, sociales et anthropologiques. Les exemples vont des comportements traditionnels aux activit\u00e9s criminelles potentielles, telles que le curandeirismo et la capoeira. Sur le plan juridique, les coutumes \u00e9tablissent une distinction entre les infractions habituelles et les infractions typiques, en se concentrant sur la perception sociale des pratiques. D'un point de vue sociologique, elles repr\u00e9sentent des valeurs essentielles et transmettent des normes culturelles qui d\u00e9finissent un comportement acceptable. Les coutumes sont intrins\u00e8quement li\u00e9es \u00e0 des concepts plus larges tels que l'habitus, le droit coutumier et l'anthropologie juridique, d\u00e9montrant comment les pratiques sociales \u00e9voluent et se normalisent dans des cadres culturels sp\u00e9cifiques. Elles servent de prisme \u00e0 travers lequel les soci\u00e9t\u00e9s comprennent et cat\u00e9gorisent le comportement humain. <\/span><\/div><div class=\"cmtt-footnote-def hidden\" id=\"cmttFootnoteLink9\"><span class=\"cmtt-footnote-def-number\">9. <\/span><span class=\"cmtt-footnote-def-back\"><a class=\"cmtt_footnote_link cmtt-footnote-backlink\" href=\"#cmttFootnoteLink9-0\" style=\"font-size: 14px; color: #325afb; font-style : none ;\"> &#8593; <\/a><\/span><span class=\"cmtt-footnote-def-key\"> <a aria-describedby=\"tt\" href=\"https:\/\/advogados.cv\/fr\/glossaire\/morale\/\" class=\"glossaryLink\" target=\"_blank\">morale<\/a>. <\/span><span class=\"cmtt-footnote-def-content\"> La moralit\u00e9 consiste \u00e0 distinguer les actions correctes des actions incorrectes et provient du mot latin \"moralis\". Elle englobe la conscience individuelle, les valeurs soci\u00e9tales et les normes de comportement. Les principes moraux transcendent les r\u00e8gles juridiques, repr\u00e9sentant des lignes directrices autonomes et non coercitives enracin\u00e9es dans l'empathie humaine et les exp\u00e9riences historiques. Contrairement \u00e0 la loi, les normes morales sont plus globales et fa\u00e7onn\u00e9es par le sentiment social. La recherche biologique sugg\u00e8re que les capacit\u00e9s morales existent non seulement chez les humains, mais aussi chez les primates, d\u00e9montrant les fondements \u00e9volutionnaires de l'empathie et de la r\u00e9ciprocit\u00e9. Les contextes religieux et culturels influencent consid\u00e9rablement les structures morales, diff\u00e9rentes traditions mettant l'accent sur diff\u00e9rents principes \u00e9thiques. La litt\u00e9rature et les interactions sociales propagent des le\u00e7ons de morale, en pr\u00e9sentant des mod\u00e8les de comportement exemplaires. Fondamentalement, la morale sert de syst\u00e8me complexe de contr\u00f4le social, guidant la conduite individuelle par le biais de valeurs int\u00e9rioris\u00e9es et d'une compr\u00e9hension collective du bien et du mal. <\/span><\/div><\/div><div class=\"cmtt-footnote-bottom-border\"><\/div>","protected":false},"author":1,"featured_media":0,"menu_order":0,"template":"","meta":{"_acf_changed":false,"footnotes":""},"glossary-categories":[],"glossary-tags":[],"glossary-languages":[],"class_list":["post-1239","glossary","type-glossary","status-publish","hentry"],"post_title":"Filosofia da Gr\u00e9cia Antiga","post_content":"A filosofia grega antiga emergiu no s\u00e9culo VI a.C., revolucionando o pensamento intelectual ao buscar explica\u00e7\u00f5es racionais para os fen\u00f4menos do mundo. Abrangendo temas desde a cosmologia at\u00e9 a \u00e9tica, influenciou profundamente a cultura ocidental. Fil\u00f3sofos pr\u00e9-socr\u00e1ticos como Xen\u00f3fanes desafiaram interpreta\u00e7\u00f5es mitol\u00f3gicas, enfatizando explica\u00e7\u00f5es naturais. S\u00f3crates introduziu um m\u00e9todo de questionamento para explorar virtudes, enquanto Plat\u00e3o desenvolveu teorias metaf\u00edsicas complexas, incluindo o conceito de formas e um sistema pol\u00edtico ideal. Arist\u00f3teles expandiu ainda mais o discurso filos\u00f3fico, criando fundamentos para tradi\u00e7\u00f5es intelectuais posteriores. A tradi\u00e7\u00e3o filos\u00f3fica foi caracterizada por uma abordagem sistem\u00e1tica para compreender a realidade, a natureza humana e o conhecimento. As ideias filos\u00f3ficas gregas foram preservadas por eruditos bizantinos e isl\u00e2micos, reintroduzindo eventualmente o pensamento ocidental a conceitos filos\u00f3ficos cl\u00e1ssicos. Esse movimento intelectual marcou uma transi\u00e7\u00e3o cr\u00edtica do pensamento mitol\u00f3gico para o racional, estabelecendo bases para investiga\u00e7\u00f5es filos\u00f3ficas e cient\u00edficas subsequentes.","acf":[],"_links":{"self":[{"href":"https:\/\/advogados.cv\/fr\/wp-json\/wp\/v2\/glossary\/1239"}],"collection":[{"href":"https:\/\/advogados.cv\/fr\/wp-json\/wp\/v2\/glossary"}],"about":[{"href":"https:\/\/advogados.cv\/fr\/wp-json\/wp\/v2\/types\/glossary"}],"author":[{"embeddable":true,"href":"https:\/\/advogados.cv\/fr\/wp-json\/wp\/v2\/users\/1"}],"version-history":[{"count":0,"href":"https:\/\/advogados.cv\/fr\/wp-json\/wp\/v2\/glossary\/1239\/revisions"}],"wp:attachment":[{"href":"https:\/\/advogados.cv\/fr\/wp-json\/wp\/v2\/media?parent=1239"}],"wp:term":[{"taxonomy":"glossary-categories","embeddable":true,"href":"https:\/\/advogados.cv\/fr\/wp-json\/wp\/v2\/glossary-categories?post=1239"},{"taxonomy":"glossary-tags","embeddable":true,"href":"https:\/\/advogados.cv\/fr\/wp-json\/wp\/v2\/glossary-tags?post=1239"},{"taxonomy":"glossary-languages","embeddable":true,"href":"https:\/\/advogados.cv\/fr\/wp-json\/wp\/v2\/glossary-languages?post=1239"}],"curies":[{"name":"wp","href":"https:\/\/api.w.org\/{rel}","templated":true}]}}