{"id":1181,"date":"2024-12-05T20:38:41","date_gmt":"2024-12-05T21:38:41","guid":{"rendered":"https:\/\/advogados.cv\/glossary\/assembleia\/"},"modified":"2024-12-05T20:38:41","modified_gmt":"2024-12-05T21:38:41","slug":"assembleia","status":"publish","type":"glossary","link":"https:\/\/advogados.cv\/fr\/glossaire\/assembleia\/","title":{"rendered":"Assembl\u00e9e"},"content":{"rendered":"<p>Uma assembleia &eacute; uma reuni&atilde;o de pessoas para fins pol&iacute;ticos, religiosos ou sociais, tipicamente composta por representantes ou delegados. As assembleias servem como f&oacute;runs de discuss&atilde;o, tomada de decis&otilde;es e a&ccedil;&atilde;o coletiva, desempenhando um papel crucial na governan&ccedil;a democr&aacute;tica. Podem assumir v&aacute;rias formas, incluindo organismos legislativos, assembleias constituintes e assembleias representativas. Ao longo da hist&oacute;ria, assembleias not&aacute;veis moldaram movimentos pol&iacute;ticos e a governa&ccedil;&atilde;o, como a Assembleia Nacional Francesa durante a Revolu&ccedil;&atilde;o e a Assembleia Geral das Na&ccedil;&otilde;es Unidas. Embora as assembleias sejam essenciais para a participa&ccedil;&atilde;o p&uacute;blica e representa&ccedil;&atilde;o dos interesses comunit&aacute;rios, enfrentam desafios como polariza&ccedil;&atilde;o e garantia de representa&ccedil;&atilde;o equilibrada. A sua fun&ccedil;&atilde;o envolve aprovar leis, elaborar pol&iacute;ticas e fornecer um controlo do poder governamental, com a sua import&acirc;ncia e m&eacute;todos a continuarem a evoluir na paisagem <a class=\"glossaryLink\" href=\"https:\/\/advogados.cv\/fr\/glossaire\/politica\/\" target=\"_blank\" rel=\"nofollow\" data-mobile-support=\"0\" data-gt-translate-attributes='[{\"attribute\":\"data-cmtooltip\", \"format\":\"html\"}]' tabindex=\"0\" role=\"link\">politique<\/a><span id=\"cmttFootnoteLink1-0\" class=\"cmtt-footnote\"><sup><a class=\"et_smooth_scroll_disabled cmtt_footnote_link cmtt-footnote-deflink\" href=\"#cmttFootnoteLink1\" style=\"font-size: 14px; color: #325afb; font-style : none ;\">[1]<\/a><\/sup><\/span> moderna.<\/p>\n<div class=\"cmtt-footnotes-block\"><div class=\"cmtt-footnote-header\">D\u00e9finitions des termes<\/div><div class=\"cmtt-footnote-header-border\"><\/div><div class=\"cmtt-footnote-def\" id=\"cmttFootnoteLink1\"><span class=\"cmtt-footnote-def-number\">1. <\/span><span class=\"cmtt-footnote-def-back\"><a class=\"cmtt_footnote_link cmtt-footnote-backlink\" href=\"#cmttFootnoteLink1-0\" style=\"font-size: 14px; color: #325afb; font-style : none ;\"> &#8593; <\/a><\/span><span class=\"cmtt-footnote-def-key\"> <a aria-describedby=\"tt\" href=\"https:\/\/advogados.cv\/fr\/glossaire\/politica\/\" class=\"glossaryLink\" target=\"_blank\">politique<\/a>. <\/span><span class=\"cmtt-footnote-def-content\"> La politique est un domaine \u00e0 multiples facettes qui explore la gouvernance, la dynamique du pouvoir et l'organisation sociale. Tirant son origine du terme grec ancien \"politeia\", elle \u00e9tudie les structures et les processus de gestion de l'\u00c9tat. Le pouvoir politique se caract\u00e9rise par sa capacit\u00e9 \u00e0 influencer les r\u00e9sultats sociaux par le biais de m\u00e9canismes de l\u00e9gitimit\u00e9, de centralisation et de coercition. Les diff\u00e9rents syst\u00e8mes politiques, des d\u00e9mocraties aux monarchies, fonctionnent gr\u00e2ce \u00e0 des institutions complexes telles que les assembl\u00e9es l\u00e9gislatives, les ex\u00e9cutifs et les syst\u00e8mes judiciaires. Diff\u00e9rentes perspectives id\u00e9ologiques - dont le lib\u00e9ralisme, le conservatisme et le socialisme - fa\u00e7onnent la compr\u00e9hension des fonctions de l'\u00c9tat, des droits individuels et des relations sociales. La politique internationale \u00e9largit encore ce domaine, en analysant les interactions mondiales, les relations diplomatiques et la gouvernance transnationale. Les th\u00e9ories du changement politique, de la distribution du pouvoir et des structures institutionnelles apportent un \u00e9clairage critique sur la mani\u00e8re dont les soci\u00e9t\u00e9s s'organisent, se gouvernent et se transforment \u00e0 travers les processus politiques et les d\u00e9bats philosophiques. <\/span><\/div><\/div><div class=\"cmtt-footnote-bottom-border\"><\/div>","protected":false},"excerpt":{"rendered":"<p>Uma assembleia &eacute; uma reuni&atilde;o de pessoas para fins pol&iacute;ticos, religiosos ou sociais, tipicamente composta por representantes ou delegados. As assembleias servem como f&oacute;runs de discuss&atilde;o, tomada de decis&otilde;es e a&ccedil;&atilde;o coletiva, desempenhando um papel crucial na governan&ccedil;a democr&aacute;tica. Podem assumir v&aacute;rias formas, incluindo organismos legislativos, assembleias constituintes e assembleias representativas. Ao longo da hist&oacute;ria, [&hellip;]<\/p>\n<div class=\"cmtt-footnotes-block\">\n<div class=\"cmtt-footnote-header\">D\u00e9finitions des termes<\/div>\n<div class=\"cmtt-footnote-header-border\"><\/div>\n<div class=\"cmtt-footnote-def\" id=\"cmttFootnoteLink1\"><span class=\"cmtt-footnote-def-number\">1. <\/span><span class=\"cmtt-footnote-def-back\"><a class=\"cmtt_footnote_link cmtt-footnote-backlink\" href=\"#cmttFootnoteLink1-0\" style=\"font-size: 14px; color: #325afb; font-style : none ;\"> \u2191 <\/a><\/span><span class=\"cmtt-footnote-def-key\"> <a aria-describedby=\"tt\" href=\"https:\/\/advogados.cv\/fr\/glossaire\/politica\/\" class=\"glossaryLink\" target=\"_blank\">politique<\/a>. <\/span><span class=\"cmtt-footnote-def-content\"> La politique est un domaine \u00e0 multiples facettes qui explore la gouvernance, la dynamique du pouvoir et l'organisation sociale. Issu du terme <a class=\"glossaryLink\" href=\"https:\/\/advogados.cv\/fr\/glossaire\/grec-ancien\/\" target=\"_blank\" rel=\"nofollow\" data-mobile-support=\"0\" data-gt-translate-attributes='[{\"attribute\":\"data-cmtooltip\", \"format\":\"html\"}]' tabindex=\"0\" role=\"link\">grec ancien<\/a><span id=\"cmttFootnoteLink2-0\" class=\"cmtt-footnote\"><sup><a class=\"et_smooth_scroll_disabled cmtt_footnote_link cmtt-footnote-deflink\" href=\"#cmttFootnoteLink2\" style=\"font-size: 14px; color: #325afb; font-style : none ;\">[2]<\/a><\/sup><\/span> &ldquo;politeia&rdquo;, examina as estruturas e processos de gest&atilde;o estatal. O poder pol&iacute;tico &eacute; caracterizado pela sua capacidade de influenciar resultados sociais atrav&eacute;s de mecanismos de legitimidade, centraliza&ccedil;&atilde;o e coer&ccedil;&atilde;o. Diversos sistemas pol&iacute;ticos, desde democracias at&eacute; monarquias, operam atrav&eacute;s de institui&ccedil;&otilde;es complexas como legislaturas, executivos e judici&aacute;rios. Diferentes perspetivas ideol&oacute;gicas &ndash; incluindo liberalismo, conservadorismo e socialismo &ndash; moldam a compreens&atilde;o das fun&ccedil;&otilde;es do <a class=\"glossaryLink\"  href=\"https:\/\/advogados.cv\/fr\/glossaire\/etat\/\"  target=\"_blank\"  rel=\"nofollow\"  data-mobile-support=\"0\"  data-gt-translate-attributes='[{\"attribute\":\"data-cmtooltip\", \"format\":\"html\"}]' tabindex='0' role='link'>\u00c9tat<\/a><span id=\"cmttFootnoteLink3-0\" class=\"cmtt-footnote\"><sup><a class=\"et_smooth_scroll_disabled cmtt_footnote_link cmtt-footnote-deflink\" href=\"#cmttFootnoteLink3\" style=\"font-size: 14px; color: #325afb; font-style : none ;\">[3]<\/a><\/sup><\/span>, direitos individuais e rela&ccedil;&otilde;es sociais. A pol&iacute;tica internacional expande ainda mais este dom&iacute;nio, analisando intera&ccedil;&otilde;es globais, rela&ccedil;&otilde;es diplom&aacute;ticas e governan&ccedil;a transnacional. Teorias de mudan&ccedil;a pol&iacute;tica, distribui&ccedil;&atilde;o de poder e estruturas institucionais fornecem insights cr&iacute;ticos sobre como as sociedades se organizam, governam e transformam atrav&eacute;s de processos pol&iacute;ticos e debates filos&oacute;ficos. <\/span><\/div>\n<\/div>\n<div class=\"cmtt-footnote-bottom-border\"><\/div>\n<div class=\"cmtt-footnotes-block\"><div class=\"cmtt-footnote-header\">D\u00e9finitions des termes<\/div><div class=\"cmtt-footnote-header-border\"><\/div><div class=\"cmtt-footnote-def\" id=\"cmttFootnoteLink1\"><span class=\"cmtt-footnote-def-number\">1. <\/span><span class=\"cmtt-footnote-def-back\"><a class=\"cmtt_footnote_link cmtt-footnote-backlink\" href=\"#cmttFootnoteLink1-0\" style=\"font-size: 14px; color: #325afb; font-style : none ;\"> &#8593; <\/a><\/span><span class=\"cmtt-footnote-def-key\"> <a aria-describedby=\"tt\" href=\"https:\/\/advogados.cv\/fr\/glossaire\/politica\/\" class=\"glossaryLink\" target=\"_blank\">politique<\/a>. <\/span><span class=\"cmtt-footnote-def-content\"> La politique est un domaine \u00e0 multiples facettes qui explore la gouvernance, la dynamique du pouvoir et l'organisation sociale. Tirant son origine du terme grec ancien \"politeia\", elle \u00e9tudie les structures et les processus de gestion de l'\u00c9tat. Le pouvoir politique se caract\u00e9rise par sa capacit\u00e9 \u00e0 influencer les r\u00e9sultats sociaux par le biais de m\u00e9canismes de l\u00e9gitimit\u00e9, de centralisation et de coercition. Les diff\u00e9rents syst\u00e8mes politiques, des d\u00e9mocraties aux monarchies, fonctionnent gr\u00e2ce \u00e0 des institutions complexes telles que les assembl\u00e9es l\u00e9gislatives, les ex\u00e9cutifs et les syst\u00e8mes judiciaires. Diff\u00e9rentes perspectives id\u00e9ologiques - dont le lib\u00e9ralisme, le conservatisme et le socialisme - fa\u00e7onnent la compr\u00e9hension des fonctions de l'\u00c9tat, des droits individuels et des relations sociales. La politique internationale \u00e9largit encore ce domaine, en analysant les interactions mondiales, les relations diplomatiques et la gouvernance transnationale. Les th\u00e9ories du changement politique, de la distribution du pouvoir et des structures institutionnelles apportent un \u00e9clairage critique sur la mani\u00e8re dont les soci\u00e9t\u00e9s s'organisent, se gouvernent et se transforment \u00e0 travers les processus politiques et les d\u00e9bats philosophiques. <\/span><\/div><div class=\"cmtt-footnote-def\" id=\"cmttFootnoteLink2\"><span class=\"cmtt-footnote-def-number\">2. <\/span><span class=\"cmtt-footnote-def-back\"><a class=\"cmtt_footnote_link cmtt-footnote-backlink\" href=\"#cmttFootnoteLink2-0\" style=\"font-size: 14px; color: #325afb; font-style : none ;\"> &#8593; <\/a><\/span><span class=\"cmtt-footnote-def-key\"> <a aria-describedby=\"tt\" href=\"https:\/\/advogados.cv\/fr\/glossaire\/grec-ancien\/\" class=\"glossaryLink\" target=\"_blank\">grec ancien<\/a>. <\/span><span class=\"cmtt-footnote-def-content\"> Le grec ancien a \u00e9t\u00e9 une langue importante dans l'enseignement europ\u00e9en de la Renaissance au d\u00e9but du XXe si\u00e8cle, particuli\u00e8rement appr\u00e9ci\u00e9e dans les universit\u00e9s et les cercles acad\u00e9miques am\u00e9ricains. Largement \u00e9tudi\u00e9 dans les \u00e9coles et les universit\u00e9s d'Europe, il est rest\u00e9 un sujet acad\u00e9mique important. Bien que les auteurs modernes \u00e9crivent rarement en grec ancien, certaines traductions et certains travaux universitaires continuent d'utiliser cette langue. En Gr\u00e8ce, le grec ancien est une mati\u00e8re obligatoire dans les \u00e9coles secondaires, et des concours internationaux encouragent son \u00e9tude. Au niveau mondial, environ 15 000 \u00e9tudiants en Allemagne et 280 000 en Italie ont \u00e9tudi\u00e9 cette langue au milieu des ann\u00e9es 2000. De nombreuses ressources acad\u00e9miques, y compris des manuels, des dictionnaires et des \u00e9tudes linguistiques, soutiennent sa pertinence acad\u00e9mique continue. Les plateformes en ligne et les ressources num\u00e9riques ont en outre facilit\u00e9 l'\u00e9tude et la pr\u00e9servation du grec ancien, garantissant ainsi la p\u00e9rennit\u00e9 de son importance acad\u00e9mique et culturelle. <\/span><\/div><button class=\"cmtt-footnote-showmore-btn\">Afficher plus<\/button><div class=\"cmtt-footnote-def hidden\" id=\"cmttFootnoteLink3\"><span class=\"cmtt-footnote-def-number\">3. <\/span><span class=\"cmtt-footnote-def-back\"><a class=\"cmtt_footnote_link cmtt-footnote-backlink\" href=\"#cmttFootnoteLink3-0\" style=\"font-size: 14px; color: #325afb; font-style : none ;\"> &#8593; <\/a><\/span><span class=\"cmtt-footnote-def-key\"> <a aria-describedby=\"tt\" href=\"https:\/\/advogados.cv\/fr\/glossaire\/etat\/\" class=\"glossaryLink\" target=\"_blank\">\u00c9tat<\/a>. <\/span><span class=\"cmtt-footnote-def-content\"> Un \u00c9tat est une entit\u00e9 souveraine dot\u00e9e de limites territoriales d\u00e9finies, d'une population et d'une gouvernance autonome. Issu du mot latin \"status\", il est n\u00e9 du d\u00e9clin du f\u00e9odalisme et a \u00e9t\u00e9 formellement reconnu par la paix de Westphalie en 1648. Les \u00c9tats exercent leur autorit\u00e9 souveraine par l'interm\u00e9diaire d'institutions qui \u00e9laborent et appliquent les lois, g\u00e8rent les affaires \u00e9conomiques et fournissent des services publics. Ils peuvent \u00eatre structur\u00e9s comme des syst\u00e8mes unitaires ou f\u00e9d\u00e9raux, des monarchies ou des r\u00e9publiques, chacun ayant des caract\u00e9ristiques organisationnelles distinctes. Les principales fonctions sont le maintien de la s\u00e9curit\u00e9, la collecte des imp\u00f4ts, la fourniture de biens publics et la repr\u00e9sentation des int\u00e9r\u00eats nationaux au niveau international. Le concept d'\u00c9tat a \u00e9t\u00e9 largement influenc\u00e9 par des philosophes politiques tels que Hobbes et Locke et fa\u00e7onn\u00e9 par des \u00e9v\u00e9nements historiques tels que la R\u00e9volution fran\u00e7aise. Son \u00e9volution se poursuit en r\u00e9ponse aux d\u00e9fis mondiaux et aux dynamiques sociopolitiques changeantes. <\/span><\/div><\/div><div class=\"cmtt-footnote-bottom-border\"><\/div>","protected":false},"author":1,"featured_media":0,"menu_order":0,"template":"","meta":{"_acf_changed":false,"footnotes":""},"glossary-categories":[],"glossary-tags":[],"glossary-languages":[],"class_list":["post-1181","glossary","type-glossary","status-publish","hentry"],"post_title":"Assembleia","post_content":"Uma assembleia \u00e9 uma reuni\u00e3o de pessoas para fins pol\u00edticos, religiosos ou sociais, tipicamente composta por representantes ou delegados. As assembleias servem como f\u00f3runs de discuss\u00e3o, tomada de decis\u00f5es e a\u00e7\u00e3o coletiva, desempenhando um papel crucial na governan\u00e7a democr\u00e1tica. Podem assumir v\u00e1rias formas, incluindo organismos legislativos, assembleias constituintes e assembleias representativas. Ao longo da hist\u00f3ria, assembleias not\u00e1veis moldaram movimentos pol\u00edticos e a governa\u00e7\u00e3o, como a Assembleia Nacional Francesa durante a Revolu\u00e7\u00e3o e a Assembleia Geral das Na\u00e7\u00f5es Unidas. Embora as assembleias sejam essenciais para a participa\u00e7\u00e3o p\u00fablica e representa\u00e7\u00e3o dos interesses comunit\u00e1rios, enfrentam desafios como polariza\u00e7\u00e3o e garantia de representa\u00e7\u00e3o equilibrada. A sua fun\u00e7\u00e3o envolve aprovar leis, elaborar pol\u00edticas e fornecer um controlo do poder governamental, com a sua import\u00e2ncia e m\u00e9todos a continuarem a evoluir na paisagem pol\u00edtica moderna.","acf":[],"_links":{"self":[{"href":"https:\/\/advogados.cv\/fr\/wp-json\/wp\/v2\/glossary\/1181"}],"collection":[{"href":"https:\/\/advogados.cv\/fr\/wp-json\/wp\/v2\/glossary"}],"about":[{"href":"https:\/\/advogados.cv\/fr\/wp-json\/wp\/v2\/types\/glossary"}],"author":[{"embeddable":true,"href":"https:\/\/advogados.cv\/fr\/wp-json\/wp\/v2\/users\/1"}],"version-history":[{"count":0,"href":"https:\/\/advogados.cv\/fr\/wp-json\/wp\/v2\/glossary\/1181\/revisions"}],"wp:attachment":[{"href":"https:\/\/advogados.cv\/fr\/wp-json\/wp\/v2\/media?parent=1181"}],"wp:term":[{"taxonomy":"glossary-categories","embeddable":true,"href":"https:\/\/advogados.cv\/fr\/wp-json\/wp\/v2\/glossary-categories?post=1181"},{"taxonomy":"glossary-tags","embeddable":true,"href":"https:\/\/advogados.cv\/fr\/wp-json\/wp\/v2\/glossary-tags?post=1181"},{"taxonomy":"glossary-languages","embeddable":true,"href":"https:\/\/advogados.cv\/fr\/wp-json\/wp\/v2\/glossary-languages?post=1181"}],"curies":[{"name":"wp","href":"https:\/\/api.w.org\/{rel}","templated":true}]}}