{"id":1038,"date":"2024-12-05T20:38:39","date_gmt":"2024-12-05T21:38:39","guid":{"rendered":"https:\/\/advogados.cv\/glossary\/pessoa-fisica\/"},"modified":"2024-12-05T20:38:39","modified_gmt":"2024-12-05T21:38:39","slug":"pessoa-fisica","status":"publish","type":"glossary","link":"https:\/\/advogados.cv\/fr\/glossaire\/pessoa-fisica\/","title":{"rendered":"Individus"},"content":{"rendered":"<p>Na teoria jur&iacute;dica, uma pessoa &eacute; uma entidade capaz de adquirir direitos e cumprir obriga&ccedil;&otilde;es, abrangendo pessoas naturais e jur&iacute;dicas. A <a class=\"glossaryLink\" href=\"https:\/\/advogados.cv\/fr\/glossaire\/personalidade-juridica\/\" target=\"_blank\" rel=\"nofollow\" data-mobile-support=\"0\" data-gt-translate-attributes='[{\"attribute\":\"data-cmtooltip\", \"format\":\"html\"}]' tabindex=\"0\" role=\"link\">personnalit\u00e9 juridique<\/a><span id=\"cmttFootnoteLink1-0\" class=\"cmtt-footnote\"><sup><a class=\"et_smooth_scroll_disabled cmtt_footnote_link cmtt-footnote-deflink\" href=\"#cmttFootnoteLink1\" style=\"font-size: 14px; color: #325afb; font-style : none ;\">[1]<\/a><\/sup><\/span> come&ccedil;a no nascimento, com direitos estendendo-se a crian&ccedil;as n&atilde;o nascidas, e continua at&eacute; &agrave; <a class=\"glossaryLink\"  href=\"https:\/\/advogados.cv\/fr\/glossaire\/la-mort\/\"  target=\"_blank\"  rel=\"nofollow\"  data-mobile-support=\"0\"  data-gt-translate-attributes='[{\"attribute\":\"data-cmtooltip\", \"format\":\"html\"}]' tabindex='0' role='link'>la mort<\/a><span id=\"cmttFootnoteLink2-0\" class=\"cmtt-footnote\"><sup><a class=\"et_smooth_scroll_disabled cmtt_footnote_link cmtt-footnote-deflink\" href=\"#cmttFootnoteLink2\" style=\"font-size: 14px; color: #325afb; font-style : none ;\">[2]<\/a><\/sup><\/span>. A capacidade varia com a idade e caracter&iacute;sticas individuais, com menores tendo autonomia jur&iacute;dica limitada e adultos geralmente possuindo plenos direitos legais. O conceito distingue interpreta&ccedil;&otilde;es subjetivas de personalidade, reconhecendo tanto o racioc&iacute;nio individual quanto din&acirc;micas de poder societal. Sistemas jur&iacute;dicos analisam atributos pessoais como idade, <a class=\"glossaryLink\"  href=\"https:\/\/advogados.cv\/fr\/glossaire\/etat\/\"  target=\"_blank\"  rel=\"nofollow\"  data-mobile-support=\"0\"  data-gt-translate-attributes='[{\"attribute\":\"data-cmtooltip\", \"format\":\"html\"}]' tabindex='0' role='link'>\u00c9tat<\/a><span id=\"cmttFootnoteLink3-0\" class=\"cmtt-footnote\"><sup><a class=\"et_smooth_scroll_disabled cmtt_footnote_link cmtt-footnote-deflink\" href=\"#cmttFootnoteLink3\" style=\"font-size: 14px; color: #325afb; font-style : none ;\">[3]<\/a><\/sup><\/span> mental e nacionalidade para determinar a capacidade jur&iacute;dica. Entidades p&uacute;blicas e privadas podem receber personalidade jur&iacute;dica, embora &oacute;rg&atilde;os dentro de estruturas administrativas care&ccedil;am de estatuto jur&iacute;dico aut&oacute;nomo. O quadro reconhece as complexas dimens&otilde;es sociais e jur&iacute;dicas da personalidade, equilibrando direitos individuais com regula&ccedil;&otilde;es sist&eacute;micas.<\/p>\n<div class=\"cmtt-footnotes-block\"><div class=\"cmtt-footnote-header\">D\u00e9finitions des termes<\/div><div class=\"cmtt-footnote-header-border\"><\/div><div class=\"cmtt-footnote-def\" id=\"cmttFootnoteLink1\"><span class=\"cmtt-footnote-def-number\">1. <\/span><span class=\"cmtt-footnote-def-back\"><a class=\"cmtt_footnote_link cmtt-footnote-backlink\" href=\"#cmttFootnoteLink1-0\" style=\"font-size: 14px; color: #325afb; font-style : none ;\"> &#8593; <\/a><\/span><span class=\"cmtt-footnote-def-key\"> <a aria-describedby=\"tt\" href=\"https:\/\/advogados.cv\/fr\/glossaire\/personalidade-juridica\/\" class=\"glossaryLink\" target=\"_blank\">personnalit\u00e9 juridique<\/a>. <\/span><span class=\"cmtt-footnote-def-content\"> La notion de personne juridique fait r\u00e9f\u00e9rence \u00e0 la capacit\u00e9 de poss\u00e9der des droits et des devoirs, inh\u00e9rente \u00e0 tous les \u00eatres humains, ind\u00e9pendamment de la conscience ou de la volont\u00e9 de chacun. Historiquement ancr\u00e9 dans le droit romain, o\u00f9 les esclaves \u00e9taient consid\u00e9r\u00e9s comme des objets sans droits l\u00e9gaux, le concept a \u00e9volu\u00e9 pour reconna\u00eetre la dignit\u00e9 humaine universelle. Il englobe des attributs fondamentaux tels que le nom, le statut et la citoyennet\u00e9, depuis la naissance jusqu'\u00e0 la mort. La personnalit\u00e9 juridique s'applique aux personnes physiques et morales, permettant aux individus et aux entit\u00e9s de participer \u00e0 des relations juridiques en tant que sujets ayant des droits et des obligations. La propri\u00e9t\u00e9 est consid\u00e9r\u00e9e comme une extension \u00e9conomique de ce concept. La doctrine distingue la personnalit\u00e9 juridique comme un attribut fondamental qui permet d'obtenir des droits, plut\u00f4t que comme un droit en soi, avec des cadres juridiques sp\u00e9cifiques d\u00e9finissant son d\u00e9but, sa port\u00e9e et sa fin dans diff\u00e9rentes juridictions. <\/span><\/div><div class=\"cmtt-footnote-def\" id=\"cmttFootnoteLink2\"><span class=\"cmtt-footnote-def-number\">2. <\/span><span class=\"cmtt-footnote-def-back\"><a class=\"cmtt_footnote_link cmtt-footnote-backlink\" href=\"#cmttFootnoteLink2-0\" style=\"font-size: 14px; color: #325afb; font-style : none ;\"> &#8593; <\/a><\/span><span class=\"cmtt-footnote-def-key\"> <a aria-describedby=\"tt\" href=\"https:\/\/advogados.cv\/fr\/glossaire\/la-mort\/\" class=\"glossaryLink\" target=\"_blank\">la mort<\/a>. <\/span><span class=\"cmtt-footnote-def-content\"> La mort est un ph\u00e9nom\u00e8ne biologique et philosophique complexe caract\u00e9ris\u00e9 par la cessation des fonctions physiologiques et de la conscience. D\u00e9finie diff\u00e9remment selon les cultures et les disciplines, elle implique des consid\u00e9rations m\u00e9dicales, juridiques et \u00e9thiques complexes. Traditionnellement identifi\u00e9e par une d\u00e9faillance cardiaque et respiratoire, les d\u00e9finitions modernes mettent de plus en plus l'accent sur la mort c\u00e9r\u00e9brale et les crit\u00e8res neurologiques. Les processus biologiques apr\u00e8s la mort comprennent la d\u00e9composition cellulaire, influenc\u00e9e par des facteurs environnementaux. Au niveau mondial, le vieillissement reste la principale cause de d\u00e9c\u00e8s, les maladies infectieuses \u00e9tant pr\u00e9dominantes dans les pays en d\u00e9veloppement et les maladies chroniques dans les pays industrialis\u00e9s. Les interpr\u00e9tations culturelles varient consid\u00e9rablement, les diff\u00e9rentes soci\u00e9t\u00e9s d\u00e9veloppant des rituels et des perspectives uniques sur la mortalit\u00e9. Les progr\u00e8s de la m\u00e9decine ont transform\u00e9 la compr\u00e9hension de la mort, en en faisant un \u00e9v\u00e9nement mieux contr\u00f4l\u00e9 et g\u00e9r\u00e9 m\u00e9dicalement, soulevant des d\u00e9bats continus sur la d\u00e9finition pr\u00e9cise, la d\u00e9termination et les implications pour le don d'organes et les d\u00e9cisions de fin de vie. <\/span><\/div><button class=\"cmtt-footnote-showmore-btn\">Afficher plus<\/button><div class=\"cmtt-footnote-def hidden\" id=\"cmttFootnoteLink3\"><span class=\"cmtt-footnote-def-number\">3. <\/span><span class=\"cmtt-footnote-def-back\"><a class=\"cmtt_footnote_link cmtt-footnote-backlink\" href=\"#cmttFootnoteLink3-0\" style=\"font-size: 14px; color: #325afb; font-style : none ;\"> &#8593; <\/a><\/span><span class=\"cmtt-footnote-def-key\"> <a aria-describedby=\"tt\" href=\"https:\/\/advogados.cv\/fr\/glossaire\/etat\/\" class=\"glossaryLink\" target=\"_blank\">\u00c9tat<\/a>. <\/span><span class=\"cmtt-footnote-def-content\"> Un \u00c9tat est une entit\u00e9 souveraine dot\u00e9e de limites territoriales d\u00e9finies, d'une population et d'une gouvernance autonome. Issu du mot latin \"status\", il est n\u00e9 du d\u00e9clin du f\u00e9odalisme et a \u00e9t\u00e9 formellement reconnu par la paix de Westphalie en 1648. Les \u00c9tats exercent leur autorit\u00e9 souveraine par l'interm\u00e9diaire d'institutions qui \u00e9laborent et appliquent les lois, g\u00e8rent les affaires \u00e9conomiques et fournissent des services publics. Ils peuvent \u00eatre structur\u00e9s comme des syst\u00e8mes unitaires ou f\u00e9d\u00e9raux, des monarchies ou des r\u00e9publiques, chacun ayant des caract\u00e9ristiques organisationnelles distinctes. Les principales fonctions sont le maintien de la s\u00e9curit\u00e9, la collecte des imp\u00f4ts, la fourniture de biens publics et la repr\u00e9sentation des int\u00e9r\u00eats nationaux au niveau international. Le concept d'\u00c9tat a \u00e9t\u00e9 largement influenc\u00e9 par des philosophes politiques tels que Hobbes et Locke et fa\u00e7onn\u00e9 par des \u00e9v\u00e9nements historiques tels que la R\u00e9volution fran\u00e7aise. Son \u00e9volution se poursuit en r\u00e9ponse aux d\u00e9fis mondiaux et aux dynamiques sociopolitiques changeantes. <\/span><\/div><\/div><div class=\"cmtt-footnote-bottom-border\"><\/div>","protected":false},"excerpt":{"rendered":"<p>Na teoria jur&iacute;dica, uma pessoa &eacute; uma entidade capaz de adquirir direitos e cumprir obriga&ccedil;&otilde;es, abrangendo pessoas naturais e jur&iacute;dicas. A personalidade jur&iacute;dica come&ccedil;a no nascimento, com direitos estendendo-se a crian&ccedil;as n&atilde;o nascidas, e continua at&eacute; &agrave; morte. A capacidade varia com a idade e caracter&iacute;sticas individuais, com menores tendo autonomia jur&iacute;dica limitada e adultos [&hellip;]<\/p>\n<div class=\"cmtt-footnotes-block\">\n<div class=\"cmtt-footnote-header\">D\u00e9finitions des termes<\/div>\n<div class=\"cmtt-footnote-header-border\"><\/div>\n<div class=\"cmtt-footnote-def\" id=\"cmttFootnoteLink1\"><span class=\"cmtt-footnote-def-number\">1. <\/span><span class=\"cmtt-footnote-def-back\"><a class=\"cmtt_footnote_link cmtt-footnote-backlink\" href=\"#cmttFootnoteLink1-0\" style=\"font-size: 14px; color: #325afb; font-style : none ;\"> \u2191 <\/a><\/span><span class=\"cmtt-footnote-def-key\"> <a aria-describedby=\"tt\" href=\"https:\/\/advogados.cv\/fr\/glossaire\/personalidade-juridica\/\" class=\"glossaryLink\" target=\"_blank\">personnalit\u00e9 juridique<\/a>. <\/span><span class=\"cmtt-footnote-def-content\"> Personalidade jur&iacute;dica refere-se &agrave; capacidade de possuir direitos e deveres, inerente a todos os seres humanos independentemente da consci&ecirc;ncia ou vontade individual. Historicamente enraizada no <a class=\"glossaryLink\" href=\"https:\/\/advogados.cv\/fr\/glossaire\/droit-romain\/\" target=\"_blank\" rel=\"nofollow\" data-mobile-support=\"0\" data-gt-translate-attributes='[{\"attribute\":\"data-cmtooltip\", \"format\":\"html\"}]' tabindex=\"0\" role=\"link\">droit romain<\/a><span id=\"cmttFootnoteLink4-0\" class=\"cmtt-footnote\"><sup><a class=\"et_smooth_scroll_disabled cmtt_footnote_link cmtt-footnote-deflink\" href=\"#cmttFootnoteLink4\" style=\"font-size: 14px; color: #325afb; font-style : none ;\">[4]<\/a><\/sup><\/span>, onde os escravos eram considerados objetos sem direitos legais, o conceito evoluiu para reconhecer a dignidade humana universal. Engloba atributos fundamentais como nome, estatuto e cidadania, come&ccedil;ando no nascimento vivo e terminando com a morte. A personalidade jur&iacute;dica aplica-se a pessoas naturais e jur&iacute;dicas, permitindo que indiv&iacute;duos e entidades participem em rela&ccedil;&otilde;es legais como sujeitos com direitos e obriga&ccedil;&otilde;es. A propriedade &eacute; vista como uma extens&atilde;o econ&oacute;mica deste conceito. A doutrina distingue a personalidade jur&iacute;dica como um atributo fundamental que possibilita direitos, em vez de ser um <a class=\"glossaryLink\"  href=\"https:\/\/advogados.cv\/fr\/glossaire\/loi\/\"  target=\"_blank\"  rel=\"nofollow\"  data-mobile-support=\"0\"  data-gt-translate-attributes='[{\"attribute\":\"data-cmtooltip\", \"format\":\"html\"}]' tabindex='0' role='link'>loi<\/a><span id=\"cmttFootnoteLink6-0\" class=\"cmtt-footnote\"><sup><a class=\"et_smooth_scroll_disabled cmtt_footnote_link cmtt-footnote-deflink\" href=\"#cmttFootnoteLink6\" style=\"font-size: 14px; color: #325afb; font-style : none ;\">[6]<\/a><\/sup><\/span> em si, com marcos jur&iacute;dicos espec&iacute;ficos definindo o seu in&iacute;cio, &acirc;mbito e t&eacute;rmino em diferentes jurisdi&ccedil;&otilde;es. <\/span><\/div>\n<div class=\"cmtt-footnote-def\" id=\"cmttFootnoteLink2\"><span class=\"cmtt-footnote-def-number\">2. <\/span><span class=\"cmtt-footnote-def-back\"><a class=\"cmtt_footnote_link cmtt-footnote-backlink\" href=\"#cmttFootnoteLink2-0\" style=\"font-size: 14px; color: #325afb; font-style : none ;\"> \u2191 <\/a><\/span><span class=\"cmtt-footnote-def-key\"> <a aria-describedby=\"tt\" href=\"https:\/\/advogados.cv\/fr\/glossaire\/la-mort\/\" class=\"glossaryLink\" target=\"_blank\">la mort<\/a>. <\/span><span class=\"cmtt-footnote-def-content\"> La mort est un ph\u00e9nom\u00e8ne biologique et philosophique complexe caract\u00e9ris\u00e9 par la cessation des fonctions physiologiques et de la conscience. D\u00e9finie diff\u00e9remment selon les cultures et les disciplines, elle implique des consid\u00e9rations m\u00e9dicales, juridiques et \u00e9thiques complexes. Traditionnellement identifi\u00e9e par une d\u00e9faillance cardiaque et respiratoire, les d\u00e9finitions modernes mettent de plus en plus l'accent sur la mort c\u00e9r\u00e9brale et les crit\u00e8res neurologiques. Les processus biologiques apr\u00e8s la mort comprennent la d\u00e9composition cellulaire, influenc\u00e9e par des facteurs environnementaux. Au niveau mondial, le vieillissement reste la principale cause de d\u00e9c\u00e8s, les maladies infectieuses \u00e9tant pr\u00e9dominantes dans les pays en d\u00e9veloppement et les maladies chroniques dans les pays industrialis\u00e9s. Les interpr\u00e9tations culturelles varient consid\u00e9rablement, les diff\u00e9rentes soci\u00e9t\u00e9s d\u00e9veloppant des rituels et des perspectives uniques sur la mortalit\u00e9. Les progr\u00e8s de la m\u00e9decine ont transform\u00e9 la compr\u00e9hension de la mort, en en faisant un \u00e9v\u00e9nement mieux contr\u00f4l\u00e9 et g\u00e9r\u00e9 m\u00e9dicalement, soulevant des d\u00e9bats continus sur la d\u00e9finition pr\u00e9cise, la d\u00e9termination et les implications pour le don d'organes et les d\u00e9cisions de fin de vie. <\/span><\/div>\n<p><button class=\"cmtt-footnote-showmore-btn\">Afficher plus<\/button><\/p>\n<div class=\"cmtt-footnote-def hidden\" id=\"cmttFootnoteLink3\"><span class=\"cmtt-footnote-def-number\">3. <\/span><span class=\"cmtt-footnote-def-back\"><a class=\"cmtt_footnote_link cmtt-footnote-backlink\" href=\"#cmttFootnoteLink3-0\" style=\"font-size: 14px; color: #325afb; font-style : none ;\"> \u2191 <\/a><\/span><span class=\"cmtt-footnote-def-key\"> <a aria-describedby=\"tt\" href=\"https:\/\/advogados.cv\/fr\/glossaire\/etat\/\" class=\"glossaryLink\" target=\"_blank\">\u00c9tat<\/a>. <\/span><span class=\"cmtt-footnote-def-content\"> Un \u00c9tat est une entit\u00e9 souveraine dot\u00e9e de limites territoriales d\u00e9finies, d'une population et d'une gouvernance autonome. Issu du mot latin \"status\", l'\u00c9tat est n\u00e9 du d\u00e9clin de l'Union europ\u00e9enne. <a class=\"glossaryLink\" href=\"https:\/\/advogados.cv\/fr\/glossaire\/feodalisme\/\" target=\"_blank\" rel=\"nofollow\" data-mobile-support=\"0\" data-gt-translate-attributes='[{\"attribute\":\"data-cmtooltip\", \"format\":\"html\"}]' tabindex=\"0\" role=\"link\">f\u00e9odalisme<\/a><span id=\"cmttFootnoteLink5-0\" class=\"cmtt-footnote\"><sup><a class=\"et_smooth_scroll_disabled cmtt_footnote_link cmtt-footnote-deflink\" href=\"#cmttFootnoteLink5\" style=\"font-size: 14px; color: #325afb; font-style : none ;\">[5]<\/a><\/sup><\/span> et a \u00e9t\u00e9 formellement reconnu par la paix de Westphalie de 1648. Les \u00c9tats exercent leur autorit\u00e9 souveraine par l'interm\u00e9diaire d'institutions qui \u00e9laborent et appliquent les lois, g\u00e8rent les affaires \u00e9conomiques et fournissent des services publics. Ils peuvent \u00eatre structur\u00e9s comme des syst\u00e8mes unitaires ou f\u00e9d\u00e9raux, des monarchies ou des r\u00e9publiques, chacun ayant des caract\u00e9ristiques organisationnelles distinctes. Les principales fonctions sont le maintien de la s\u00e9curit\u00e9, la collecte des imp\u00f4ts, la fourniture de biens publics et la repr\u00e9sentation des int\u00e9r\u00eats nationaux au niveau international. Le concept d'\u00c9tat a \u00e9t\u00e9 largement influenc\u00e9 par des philosophes politiques tels que Hobbes et Locke et fa\u00e7onn\u00e9 par des \u00e9v\u00e9nements historiques tels que la R\u00e9volution fran\u00e7aise. Son \u00e9volution se poursuit en r\u00e9ponse aux d\u00e9fis mondiaux et aux dynamiques sociopolitiques changeantes. <\/span><\/div>\n<\/div>\n<div class=\"cmtt-footnote-bottom-border\"><\/div>\n<div class=\"cmtt-footnotes-block\"><div class=\"cmtt-footnote-header\">D\u00e9finitions des termes<\/div><div class=\"cmtt-footnote-header-border\"><\/div><div class=\"cmtt-footnote-def\" id=\"cmttFootnoteLink1\"><span class=\"cmtt-footnote-def-number\">1. <\/span><span class=\"cmtt-footnote-def-back\"><a class=\"cmtt_footnote_link cmtt-footnote-backlink\" href=\"#cmttFootnoteLink1-0\" style=\"font-size: 14px; color: #325afb; font-style : none ;\"> &#8593; <\/a><\/span><span class=\"cmtt-footnote-def-key\"> <a aria-describedby=\"tt\" href=\"https:\/\/advogados.cv\/fr\/glossaire\/personalidade-juridica\/\" class=\"glossaryLink\" target=\"_blank\">personnalit\u00e9 juridique<\/a>. <\/span><span class=\"cmtt-footnote-def-content\"> La notion de personne juridique fait r\u00e9f\u00e9rence \u00e0 la capacit\u00e9 de poss\u00e9der des droits et des devoirs, inh\u00e9rente \u00e0 tous les \u00eatres humains, ind\u00e9pendamment de la conscience ou de la volont\u00e9 de chacun. Historiquement ancr\u00e9 dans le droit romain, o\u00f9 les esclaves \u00e9taient consid\u00e9r\u00e9s comme des objets sans droits l\u00e9gaux, le concept a \u00e9volu\u00e9 pour reconna\u00eetre la dignit\u00e9 humaine universelle. Il englobe des attributs fondamentaux tels que le nom, le statut et la citoyennet\u00e9, depuis la naissance jusqu'\u00e0 la mort. La personnalit\u00e9 juridique s'applique aux personnes physiques et morales, permettant aux individus et aux entit\u00e9s de participer \u00e0 des relations juridiques en tant que sujets ayant des droits et des obligations. La propri\u00e9t\u00e9 est consid\u00e9r\u00e9e comme une extension \u00e9conomique de ce concept. La doctrine distingue la personnalit\u00e9 juridique comme un attribut fondamental qui permet d'obtenir des droits, plut\u00f4t que comme un droit en soi, avec des cadres juridiques sp\u00e9cifiques d\u00e9finissant son d\u00e9but, sa port\u00e9e et sa fin dans diff\u00e9rentes juridictions. <\/span><\/div><div class=\"cmtt-footnote-def\" id=\"cmttFootnoteLink2\"><span class=\"cmtt-footnote-def-number\">2. <\/span><span class=\"cmtt-footnote-def-back\"><a class=\"cmtt_footnote_link cmtt-footnote-backlink\" href=\"#cmttFootnoteLink2-0\" style=\"font-size: 14px; color: #325afb; font-style : none ;\"> &#8593; <\/a><\/span><span class=\"cmtt-footnote-def-key\"> <a aria-describedby=\"tt\" href=\"https:\/\/advogados.cv\/fr\/glossaire\/la-mort\/\" class=\"glossaryLink\" target=\"_blank\">la mort<\/a>. <\/span><span class=\"cmtt-footnote-def-content\"> La mort est un ph\u00e9nom\u00e8ne biologique et philosophique complexe caract\u00e9ris\u00e9 par la cessation des fonctions physiologiques et de la conscience. D\u00e9finie diff\u00e9remment selon les cultures et les disciplines, elle implique des consid\u00e9rations m\u00e9dicales, juridiques et \u00e9thiques complexes. Traditionnellement identifi\u00e9e par une d\u00e9faillance cardiaque et respiratoire, les d\u00e9finitions modernes mettent de plus en plus l'accent sur la mort c\u00e9r\u00e9brale et les crit\u00e8res neurologiques. Les processus biologiques apr\u00e8s la mort comprennent la d\u00e9composition cellulaire, influenc\u00e9e par des facteurs environnementaux. Au niveau mondial, le vieillissement reste la principale cause de d\u00e9c\u00e8s, les maladies infectieuses \u00e9tant pr\u00e9dominantes dans les pays en d\u00e9veloppement et les maladies chroniques dans les pays industrialis\u00e9s. Les interpr\u00e9tations culturelles varient consid\u00e9rablement, les diff\u00e9rentes soci\u00e9t\u00e9s d\u00e9veloppant des rituels et des perspectives uniques sur la mortalit\u00e9. Les progr\u00e8s de la m\u00e9decine ont transform\u00e9 la compr\u00e9hension de la mort, en en faisant un \u00e9v\u00e9nement mieux contr\u00f4l\u00e9 et g\u00e9r\u00e9 m\u00e9dicalement, soulevant des d\u00e9bats continus sur la d\u00e9finition pr\u00e9cise, la d\u00e9termination et les implications pour le don d'organes et les d\u00e9cisions de fin de vie. <\/span><\/div><button class=\"cmtt-footnote-showmore-btn\">Afficher plus<\/button><div class=\"cmtt-footnote-def hidden\" id=\"cmttFootnoteLink3\"><span class=\"cmtt-footnote-def-number\">3. <\/span><span class=\"cmtt-footnote-def-back\"><a class=\"cmtt_footnote_link cmtt-footnote-backlink\" href=\"#cmttFootnoteLink3-0\" style=\"font-size: 14px; color: #325afb; font-style : none ;\"> &#8593; <\/a><\/span><span class=\"cmtt-footnote-def-key\"> <a aria-describedby=\"tt\" href=\"https:\/\/advogados.cv\/fr\/glossaire\/etat\/\" class=\"glossaryLink\" target=\"_blank\">\u00c9tat<\/a>. <\/span><span class=\"cmtt-footnote-def-content\"> Un \u00c9tat est une entit\u00e9 souveraine dot\u00e9e de limites territoriales d\u00e9finies, d'une population et d'une gouvernance autonome. Issu du mot latin \"status\", il est n\u00e9 du d\u00e9clin du f\u00e9odalisme et a \u00e9t\u00e9 formellement reconnu par la paix de Westphalie en 1648. Les \u00c9tats exercent leur autorit\u00e9 souveraine par l'interm\u00e9diaire d'institutions qui \u00e9laborent et appliquent les lois, g\u00e8rent les affaires \u00e9conomiques et fournissent des services publics. Ils peuvent \u00eatre structur\u00e9s comme des syst\u00e8mes unitaires ou f\u00e9d\u00e9raux, des monarchies ou des r\u00e9publiques, chacun ayant des caract\u00e9ristiques organisationnelles distinctes. Les principales fonctions sont le maintien de la s\u00e9curit\u00e9, la collecte des imp\u00f4ts, la fourniture de biens publics et la repr\u00e9sentation des int\u00e9r\u00eats nationaux au niveau international. Le concept d'\u00c9tat a \u00e9t\u00e9 largement influenc\u00e9 par des philosophes politiques tels que Hobbes et Locke et fa\u00e7onn\u00e9 par des \u00e9v\u00e9nements historiques tels que la R\u00e9volution fran\u00e7aise. Son \u00e9volution se poursuit en r\u00e9ponse aux d\u00e9fis mondiaux et aux dynamiques sociopolitiques changeantes. <\/span><\/div><div class=\"cmtt-footnote-def hidden\" id=\"cmttFootnoteLink4\"><span class=\"cmtt-footnote-def-number\">4. <\/span><span class=\"cmtt-footnote-def-back\"><a class=\"cmtt_footnote_link cmtt-footnote-backlink\" href=\"#cmttFootnoteLink4-0\" style=\"font-size: 14px; color: #325afb; font-style : none ;\"> &#8593; <\/a><\/span><span class=\"cmtt-footnote-def-key\"> <a aria-describedby=\"tt\" href=\"https:\/\/advogados.cv\/fr\/glossaire\/droit-romain\/\" class=\"glossaryLink\" target=\"_blank\">droit romain<\/a>. <\/span><span class=\"cmtt-footnote-def-content\"> Le droit romain englobe les r\u00e8gles juridiques \u00e9labor\u00e9es \u00e0 Rome et dans son empire de 449 avant J.-C. \u00e0 530 apr\u00e8s J.-C., \u00e9voluant \u00e0 travers quatre grandes p\u00e9riodes. D'abord nationaliste et li\u00e9 aux pratiques religieuses, il est progressivement devenu plus universel et plus complexe. Les Douze Tablettes, le premier texte juridique \u00e9crit de Rome, ont marqu\u00e9 une transition cruciale du droit coutumier au droit codifi\u00e9, en traitant des proc\u00e9dures, des jugements et des droits de propri\u00e9t\u00e9. Sous Justinien, d'importantes compilations juridiques telles que le Corpus Juris Civilis ont \u00e9t\u00e9 cr\u00e9\u00e9es, int\u00e9grant les concepts juridiques grecs et les constitutions imp\u00e9riales. Le droit romain a profond\u00e9ment influenc\u00e9 les syst\u00e8mes juridiques d'Europe et d'Am\u00e9rique latine, en \u00e9tablissant les principes fondamentaux du droit priv\u00e9 et du droit public. Son h\u00e9ritage comprend le d\u00e9veloppement du professionnalisme juridique, de la jurisprudence et des structures visant \u00e0 harmoniser les normes juridiques, ce qui en fait un mod\u00e8le crucial pour la compr\u00e9hension des syst\u00e8mes juridiques historiques et contemporains. <\/span><\/div><div class=\"cmtt-footnote-def hidden\" id=\"cmttFootnoteLink5\"><span class=\"cmtt-footnote-def-number\">5. <\/span><span class=\"cmtt-footnote-def-back\"><a class=\"cmtt_footnote_link cmtt-footnote-backlink\" href=\"#cmttFootnoteLink5-0\" style=\"font-size: 14px; color: #325afb; font-style : none ;\"> &#8593; <\/a><\/span><span class=\"cmtt-footnote-def-key\"> <a aria-describedby=\"tt\" href=\"https:\/\/advogados.cv\/fr\/glossaire\/feodalisme\/\" class=\"glossaryLink\" target=\"_blank\">f\u00e9odalisme<\/a>. <\/span><span class=\"cmtt-footnote-def-content\"> Le d\u00e9clin de l'Empire romain entra\u00eene une fragmentation politique et l'\u00e9mergence du f\u00e9odalisme. Des tribus germaniques s'installent dans les territoires imp\u00e9riaux, transformant les structures sociales. Les syst\u00e8mes seigneuriaux se d\u00e9veloppent avec des domaines fonciers centr\u00e9s sur les seigneurs et les paysans, caract\u00e9ris\u00e9s par des \u00e9conomies autosuffisantes et un commerce limit\u00e9. L'organisation politique f\u00e9odale est marqu\u00e9e par des relations hi\u00e9rarchiques entre seigneurs, vassaux et serfs, avec un pouvoir d\u00e9centralis\u00e9 et des autorit\u00e9s centrales faibles. \u00c0 partir du XIIIe si\u00e8cle, la croissance urbaine, les \u00e9conomies commerciales et la centralisation royale ont progressivement \u00e9rod\u00e9 les institutions f\u00e9odales. Cette transformation a \u00e9t\u00e9 favoris\u00e9e par les changements d\u00e9mographiques, la population europ\u00e9enne passant de 18 millions d'habitants en 800 \u00e0 34 millions en 1200. La soci\u00e9t\u00e9 f\u00e9odale comprenait trois ordres distincts : le clerg\u00e9, la noblesse et les paysans, li\u00e9s par des obligations mutuelles et des pratiques coutumi\u00e8res. Le passage progressif au travail salari\u00e9 et aux mod\u00e8les \u00e9conomiques proto-capitalistes a fini par remettre en question et d\u00e9manteler les syst\u00e8mes f\u00e9odaux traditionnels. <\/span><\/div><div class=\"cmtt-footnote-def hidden\" id=\"cmttFootnoteLink6\"><span class=\"cmtt-footnote-def-number\">6. <\/span><span class=\"cmtt-footnote-def-back\"><a class=\"cmtt_footnote_link cmtt-footnote-backlink\" href=\"#cmttFootnoteLink6-0\" style=\"font-size: 14px; color: #325afb; font-style : none ;\"> &#8593; <\/a><\/span><span class=\"cmtt-footnote-def-key\"> <a aria-describedby=\"tt\" href=\"https:\/\/advogados.cv\/fr\/glossaire\/loi\/\" class=\"glossaryLink\" target=\"_blank\">loi<\/a>. <\/span><span class=\"cmtt-footnote-def-content\"> Le droit est un syst\u00e8me complexe de r\u00e8gles qui r\u00e9gissent le comportement humain par le biais de droits et de devoirs, fa\u00e7onn\u00e9s par diverses influences sociales et culturelles. D'origine latine et sanskrite, il englobe diff\u00e9rentes familles juridiques telles que le droit civil et la common law. Le domaine fait largement la distinction entre le droit public et le droit priv\u00e9, qui traitent respectivement des int\u00e9r\u00eats des entreprises et des particuliers. Ses fondements remontent aux soci\u00e9t\u00e9s archa\u00efques, avec les premi\u00e8res codifications telles que le code d'Ur-Namu et le code d'Hammurabi. Le droit romain a fait progresser de mani\u00e8re significative les syst\u00e8mes juridiques, en s\u00e9parant le droit de la religion et de la morale, et en d\u00e9veloppant des concepts juridiques sophistiqu\u00e9s. Le droit moderne provient de sources multiples, notamment de la l\u00e9gislation des \u00c9tats, des trait\u00e9s internationaux et des contrats individuels. Les cours et tribunaux appliquent les normes juridiques par le biais d'une interpr\u00e9tation guid\u00e9e par la doctrine, la coutume et les pr\u00e9c\u00e9dents judiciaires, ce qui refl\u00e8te la nature dynamique et adaptative du droit. <\/span><\/div><\/div><div class=\"cmtt-footnote-bottom-border\"><\/div>","protected":false},"author":1,"featured_media":0,"menu_order":0,"template":"","meta":{"_acf_changed":false,"footnotes":""},"glossary-categories":[],"glossary-tags":[],"glossary-languages":[],"class_list":["post-1038","glossary","type-glossary","status-publish","hentry"],"post_title":"Pessoa f\u00edsica","post_content":"Na teoria jur\u00eddica, uma pessoa \u00e9 uma entidade capaz de adquirir direitos e cumprir obriga\u00e7\u00f5es, abrangendo pessoas naturais e jur\u00eddicas. A personalidade jur\u00eddica come\u00e7a no nascimento, com direitos estendendo-se a crian\u00e7as n\u00e3o nascidas, e continua at\u00e9 \u00e0 morte. A capacidade varia com a idade e caracter\u00edsticas individuais, com menores tendo autonomia jur\u00eddica limitada e adultos geralmente possuindo plenos direitos legais. O conceito distingue interpreta\u00e7\u00f5es subjetivas de personalidade, reconhecendo tanto o racioc\u00ednio individual quanto din\u00e2micas de poder societal. Sistemas jur\u00eddicos analisam atributos pessoais como idade, estado mental e nacionalidade para determinar a capacidade jur\u00eddica. Entidades p\u00fablicas e privadas podem receber personalidade jur\u00eddica, embora \u00f3rg\u00e3os dentro de estruturas administrativas care\u00e7am de estatuto jur\u00eddico aut\u00f3nomo. O quadro reconhece as complexas dimens\u00f5es sociais e jur\u00eddicas da personalidade, equilibrando direitos individuais com regula\u00e7\u00f5es sist\u00e9micas.","acf":[],"_links":{"self":[{"href":"https:\/\/advogados.cv\/fr\/wp-json\/wp\/v2\/glossary\/1038"}],"collection":[{"href":"https:\/\/advogados.cv\/fr\/wp-json\/wp\/v2\/glossary"}],"about":[{"href":"https:\/\/advogados.cv\/fr\/wp-json\/wp\/v2\/types\/glossary"}],"author":[{"embeddable":true,"href":"https:\/\/advogados.cv\/fr\/wp-json\/wp\/v2\/users\/1"}],"version-history":[{"count":0,"href":"https:\/\/advogados.cv\/fr\/wp-json\/wp\/v2\/glossary\/1038\/revisions"}],"wp:attachment":[{"href":"https:\/\/advogados.cv\/fr\/wp-json\/wp\/v2\/media?parent=1038"}],"wp:term":[{"taxonomy":"glossary-categories","embeddable":true,"href":"https:\/\/advogados.cv\/fr\/wp-json\/wp\/v2\/glossary-categories?post=1038"},{"taxonomy":"glossary-tags","embeddable":true,"href":"https:\/\/advogados.cv\/fr\/wp-json\/wp\/v2\/glossary-tags?post=1038"},{"taxonomy":"glossary-languages","embeddable":true,"href":"https:\/\/advogados.cv\/fr\/wp-json\/wp\/v2\/glossary-languages?post=1038"}],"curies":[{"name":"wp","href":"https:\/\/api.w.org\/{rel}","templated":true}]}}