{"id":1670,"date":"2024-12-13T16:18:48","date_gmt":"2024-12-13T17:18:48","guid":{"rendered":"https:\/\/advogados.cv\/?page_id=1670"},"modified":"2024-12-13T16:20:13","modified_gmt":"2024-12-13T17:20:13","slug":"escritorios-de-advocacia","status":"publish","type":"page","link":"https:\/\/advogados.cv\/en\/law-firms\/","title":{"rendered":"Law firms"},"content":{"rendered":"<section class=\"bde-section-1670-111 bde-section\">\n  \n  \n\t\n\n\n\n<div class=\"section-container\"><h1 class=\"bde-heading-1670-112 bde-heading\">\nList of Law Firms in Cape Verde\n<\/h1><div class=\"bde-text-1670-113 bde-text\">\nWhatever your legal needs, here you'll find a comprehensive list of the top law firms in Cape Verde. From specialised legal advice to representation in complex cases, connect with reliable professionals who are ready to help. Discover the ideal firm to protect your interests and achieve effective solutions.\n<\/div><div class=\"bde-icon-1670-114 bde-icon\">\n\n    \n            <div class=\"bde-icon-icon breakdance-icon-atom\" >\n    \n                    <svg xmlns=\"http:\/\/www.w3.org\/2000\/svg\" width=\"20\" height=\"31\" viewbox=\"0 0 20 31\" fill=\"none\">\n<rect x=\"0.75\" y=\"0.75\" width=\"18.5\" height=\"29.5\" rx=\"9.25\" stroke=\"#191919\" stroke-width=\"1.5\"\/>\n<path d=\"M15 17.5C13.8333 18 11.3 19.7 10.5 22.5L9.5 22.5C9.33333 21.3333 8.2 18.7 5 17.5\" stroke=\"#191919\" stroke-width=\"1.5\"\/>\n<path d=\"M10 21.5L10 9\" stroke=\"#191919\" stroke-width=\"1.5\"\/>\n<\/svg>\n        \n        \n        \n            <\/div>\n    \n\n\n<\/div><\/div>\n<\/section><section class=\"bde-section-1670-115 bde-section\">\n  \n  \n\t\n\n\n\n<div class=\"section-container\"><div class=\"bde-post-list-1670-155 bde-post-list\"><div class=\"bde-loop bde-loop-grid ee-posts ee-posts-grid\">    <article class=\"bde-loop-item ee-post\">\n        \n        \n        <div class=\"bde-loop-item__wrap ee-post-wrap\">\n            \n                            <h3 class=\"ee-post-title\" >\n                    <a class=\"bde-loop-item__title-link ee-post-title-link\" href=\"https:\/\/advogados.cv\/en\/law-firm\/abner-ramos-de-pina-lawyers\/\" tabindex=\"-1\">\n                        Abner Ramos De Pina Lawyers                    <\/a>\n                <\/h3>\n                            <div class=\"bde-loop-item__post-meta ee-post-meta\">\n                    \n                <\/div>\n                            <div class=\"bde-loop-item__content ee-post-content\">\n                                    <\/div>\n            \n        \n    \n    \n    \n                            \n            \n                    \n            \n            \n\n    \n    \n    \n    \n                            \n    <a class=\"breakdance-link button-atom button-atom--primary bde-loop-item__button ee-post-button\" href=\"https:\/\/advogados.cv\/en\/law-firm\/abner-ramos-de-pina-lawyers\/\" target=\"_self\" data-type=\"url\" aria-label=\"Read more about Abner Ramos De Pina Advogados\">\n\n    \n        <span class=\"button-atom__text\">Read More<\/span>\n\n        \n        \n                <\/a>\n\n    \n\n\n\n\n            \n        <\/div>\n\n    <\/article>\n\n    <article class=\"bde-loop-item ee-post\">\n        \n        \n        <div class=\"bde-loop-item__wrap ee-post-wrap\">\n            \n                            <h3 class=\"ee-post-title\" >\n                    <a class=\"bde-loop-item__title-link ee-post-title-link\" href=\"https:\/\/advogados.cv\/en\/law-firm\/escritorio-de-abogados\/\" tabindex=\"-1\">\n                        Law Firm                    <\/a>\n                <\/h3>\n                            <div class=\"bde-loop-item__post-meta ee-post-meta\">\n                    \n                <\/div>\n                            <div class=\"bde-loop-item__content ee-post-content\">\n                                    <\/div>\n            \n        \n    \n    \n    \n                            \n            \n                    \n            \n            \n\n    \n    \n    \n    \n                            \n    <a class=\"breakdance-link button-atom button-atom--primary bde-loop-item__button ee-post-button\" href=\"https:\/\/advogados.cv\/en\/law-firm\/escritorio-de-abogados\/\" target=\"_self\" data-type=\"url\" aria-label=\"Read more about Escritorio De Abogados\">\n\n    \n        <span class=\"button-atom__text\">Read More<\/span>\n\n        \n        \n                <\/a>\n\n    \n\n\n\n\n            \n        <\/div>\n\n    <\/article>\n\n    <article class=\"bde-loop-item ee-post\">\n        \n        \n        <div class=\"bde-loop-item__wrap ee-post-wrap\">\n            \n                            <h3 class=\"ee-post-title\" >\n                    <a class=\"bde-loop-item__title-link ee-post-title-link\" href=\"https:\/\/advogados.cv\/en\/law-firm\/osvaldo-lopes-advogado\/\" tabindex=\"-1\">\n                        Osvaldo Lopes Advogado                    <\/a>\n                <\/h3>\n                            <div class=\"bde-loop-item__post-meta ee-post-meta\">\n                    \n                <\/div>\n                            <div class=\"bde-loop-item__content ee-post-content\">\n                                    <\/div>\n            \n        \n    \n    \n    \n                            \n            \n                    \n            \n            \n\n    \n    \n    \n    \n                            \n    <a class=\"breakdance-link button-atom button-atom--primary bde-loop-item__button ee-post-button\" href=\"https:\/\/advogados.cv\/en\/law-firm\/osvaldo-lopes-advogado\/\" target=\"_self\" data-type=\"url\" aria-label=\"Read more about Osvaldo Lopes Advogado\">\n\n    \n        <span class=\"button-atom__text\">Read More<\/span>\n\n        \n        \n                <\/a>\n\n    \n\n\n\n\n            \n        <\/div>\n\n    <\/article>\n\n    <article class=\"bde-loop-item ee-post\">\n        \n        \n        <div class=\"bde-loop-item__wrap ee-post-wrap\">\n            \n                            <h3 class=\"ee-post-title\" >\n                    <a class=\"bde-loop-item__title-link ee-post-title-link\" href=\"https:\/\/advogados.cv\/en\/law-firm\/carla-mendes-lawyer\/\" tabindex=\"-1\">\n                        Carla Mendes - Lawyer                    <\/a>\n                <\/h3>\n                            <div class=\"bde-loop-item__post-meta ee-post-meta\">\n                    \n                <\/div>\n                            <div class=\"bde-loop-item__content ee-post-content\">\n                                    <\/div>\n            \n        \n    \n    \n    \n                            \n            \n                    \n            \n            \n\n    \n    \n    \n    \n                            \n    <a class=\"breakdance-link button-atom button-atom--primary bde-loop-item__button ee-post-button\" href=\"https:\/\/advogados.cv\/en\/law-firm\/carla-mendes-lawyer\/\" target=\"_self\" data-type=\"url\" aria-label=\"Read more about Carla Mendes &#8211; Advogada\">\n\n    \n        <span class=\"button-atom__text\">Read More<\/span>\n\n        \n        \n                <\/a>\n\n    \n\n\n\n\n            \n        <\/div>\n\n    <\/article>\n\n    <article class=\"bde-loop-item ee-post\">\n        \n        \n        <div class=\"bde-loop-item__wrap ee-post-wrap\">\n            \n                            <h3 class=\"ee-post-title\" >\n                    <a class=\"bde-loop-item__title-link ee-post-title-link\" href=\"https:\/\/advogados.cv\/en\/law-firm\/projuris-information-and-security-services\/\" tabindex=\"-1\">\n                        PROJURIS - Services, Information and Security                    <\/a>\n                <\/h3>\n                            <div class=\"bde-loop-item__post-meta ee-post-meta\">\n                    \n                <\/div>\n                            <div class=\"bde-loop-item__content ee-post-content\">\n                                    <\/div>\n            \n        \n    \n    \n    \n                            \n            \n                    \n            \n            \n\n    \n    \n    \n    \n                            \n    <a class=\"breakdance-link button-atom button-atom--primary bde-loop-item__button ee-post-button\" href=\"https:\/\/advogados.cv\/en\/law-firm\/projuris-information-and-security-services\/\" target=\"_self\" data-type=\"url\" aria-label=\"Read more about PROJURIS &#8211; Servi\u00e7os, Informa\u00e7\u00e3o e Seguran\u00e7a\">\n\n    \n        <span class=\"button-atom__text\">Read More<\/span>\n\n        \n        \n                <\/a>\n\n    \n\n\n\n\n            \n        <\/div>\n\n    <\/article>\n\n    <article class=\"bde-loop-item ee-post\">\n        \n        \n        <div class=\"bde-loop-item__wrap ee-post-wrap\">\n            \n                            <h3 class=\"ee-post-title\" >\n                    <a class=\"bde-loop-item__title-link ee-post-title-link\" href=\"https:\/\/advogados.cv\/en\/law-firm\/jose-antonio-tavares-office\/\" tabindex=\"-1\">\n                        Jos\u00e9 Ant\u00f3nio Tavares Office                    <\/a>\n                <\/h3>\n                            <div class=\"bde-loop-item__post-meta ee-post-meta\">\n                    \n                <\/div>\n                            <div class=\"bde-loop-item__content ee-post-content\">\n                                    <\/div>\n            \n        \n    \n    \n    \n                            \n            \n                    \n            \n            \n\n    \n    \n    \n    \n                            \n    <a class=\"breakdance-link button-atom button-atom--primary bde-loop-item__button ee-post-button\" href=\"https:\/\/advogados.cv\/en\/law-firm\/jose-antonio-tavares-office\/\" target=\"_self\" data-type=\"url\" aria-label=\"Read more about Escrit\u00f3rio Jos\u00e9 Ant\u00f3nio Tavares\">\n\n    \n        <span class=\"button-atom__text\">Read More<\/span>\n\n        \n        \n                <\/a>\n\n    \n\n\n\n\n            \n        <\/div>\n\n    <\/article>\n\n    <article class=\"bde-loop-item ee-post\">\n        \n        \n        <div class=\"bde-loop-item__wrap ee-post-wrap\">\n            \n                            <h3 class=\"ee-post-title\" >\n                    <a class=\"bde-loop-item__title-link ee-post-title-link\" href=\"https:\/\/advogados.cv\/en\/law-firm\/helio-cruz-advogado\/\" tabindex=\"-1\">\n                        H\u00e9lio Cruz - Lawyer                    <\/a>\n                <\/h3>\n                            <div class=\"bde-loop-item__post-meta ee-post-meta\">\n                    \n                <\/div>\n                            <div class=\"bde-loop-item__content ee-post-content\">\n                                    <\/div>\n            \n        \n    \n    \n    \n                            \n            \n                    \n            \n            \n\n    \n    \n    \n    \n                            \n    <a class=\"breakdance-link button-atom button-atom--primary bde-loop-item__button ee-post-button\" href=\"https:\/\/advogados.cv\/en\/law-firm\/helio-cruz-advogado\/\" target=\"_self\" data-type=\"url\" aria-label=\"Read more about H\u00e9lio Cruz &#8211; Advogado\">\n\n    \n        <span class=\"button-atom__text\">Read More<\/span>\n\n        \n        \n                <\/a>\n\n    \n\n\n\n\n            \n        <\/div>\n\n    <\/article>\n\n    <article class=\"bde-loop-item ee-post\">\n        \n        \n        <div class=\"bde-loop-item__wrap ee-post-wrap\">\n            \n                            <h3 class=\"ee-post-title\" >\n                    <a class=\"bde-loop-item__title-link ee-post-title-link\" href=\"https:\/\/advogados.cv\/en\/law-firm\/felix-cardoso-advogados-associados-praia\/\" tabindex=\"-1\">\n                        F\u00e9lix Cardoso Advogados Associados - Praia                    <\/a>\n                <\/h3>\n                            <div class=\"bde-loop-item__post-meta ee-post-meta\">\n                    \n                <\/div>\n                            <div class=\"bde-loop-item__content ee-post-content\">\n                                    <\/div>\n            \n        \n    \n    \n    \n                            \n            \n                    \n            \n            \n\n    \n    \n    \n    \n                            \n    <a class=\"breakdance-link button-atom button-atom--primary bde-loop-item__button ee-post-button\" href=\"https:\/\/advogados.cv\/en\/law-firm\/felix-cardoso-advogados-associados-praia\/\" target=\"_self\" data-type=\"url\" aria-label=\"Read more about F\u00e9lix Cardoso Advogados Associados &#8211; Praia\">\n\n    \n        <span class=\"button-atom__text\">Read More<\/span>\n\n        \n        \n                <\/a>\n\n    \n\n\n\n\n            \n        <\/div>\n\n    <\/article>\n\n    <article class=\"bde-loop-item ee-post\">\n        \n        \n        <div class=\"bde-loop-item__wrap ee-post-wrap\">\n            \n                            <h3 class=\"ee-post-title\" >\n                    <a class=\"bde-loop-item__title-link ee-post-title-link\" href=\"https:\/\/advogados.cv\/en\/law-firm\/hernani-lima-lawyer-salt-asparagus-santa-maria-cape-verde\/\" tabindex=\"-1\">\n                        Hernani Lima - Lawyer - Sal - Espargos - Santa Maria - Cape Verde                    <\/a>\n                <\/h3>\n                            <div class=\"bde-loop-item__post-meta ee-post-meta\">\n                    \n                <\/div>\n                            <div class=\"bde-loop-item__content ee-post-content\">\n                                    <\/div>\n            \n        \n    \n    \n    \n                            \n            \n                    \n            \n            \n\n    \n    \n    \n    \n                            \n    <a class=\"breakdance-link button-atom button-atom--primary bde-loop-item__button ee-post-button\" href=\"https:\/\/advogados.cv\/en\/law-firm\/hernani-lima-lawyer-salt-asparagus-santa-maria-cape-verde\/\" target=\"_self\" data-type=\"url\" aria-label=\"Read more about Hernani Lima &#8211; Advogado &#8211; Sal &#8211; Espargos &#8211; Santa Maria &#8211; Cabo Verde\">\n\n    \n        <span class=\"button-atom__text\">Read More<\/span>\n\n        \n        \n                <\/a>\n\n    \n\n\n\n\n            \n        <\/div>\n\n    <\/article>\n\n    <article class=\"bde-loop-item ee-post\">\n        \n        \n        <div class=\"bde-loop-item__wrap ee-post-wrap\">\n            \n                            <h3 class=\"ee-post-title\" >\n                    <a class=\"bde-loop-item__title-link ee-post-title-link\" href=\"https:\/\/advogados.cv\/en\/law-firm\/billy-balton-brito-advogado\/\" tabindex=\"-1\">\n                        Billy Balton Brito Lawyer                    <\/a>\n                <\/h3>\n                            <div class=\"bde-loop-item__post-meta ee-post-meta\">\n                    \n                <\/div>\n                            <div class=\"bde-loop-item__content ee-post-content\">\n                                    <\/div>\n            \n        \n    \n    \n    \n                            \n            \n                    \n            \n            \n\n    \n    \n    \n    \n                            \n    <a class=\"breakdance-link button-atom button-atom--primary bde-loop-item__button ee-post-button\" href=\"https:\/\/advogados.cv\/en\/law-firm\/billy-balton-brito-advogado\/\" target=\"_self\" data-type=\"url\" aria-label=\"Read more about Billy Balton Brito Advogado\">\n\n    \n        <span class=\"button-atom__text\">Read More<\/span>\n\n        \n        \n                <\/a>\n\n    \n\n\n\n\n            \n        <\/div>\n\n    <\/article>\n\n    <article class=\"bde-loop-item ee-post\">\n        \n        \n        <div class=\"bde-loop-item__wrap ee-post-wrap\">\n            \n                            <h3 class=\"ee-post-title\" >\n                    <a class=\"bde-loop-item__title-link ee-post-title-link\" href=\"https:\/\/advogados.cv\/en\/law-firm\/dith-mar-lima-lawyer\/\" tabindex=\"-1\">\n                        Dith Mar Lima - Lawyer                    <\/a>\n                <\/h3>\n                            <div class=\"bde-loop-item__post-meta ee-post-meta\">\n                    \n                <\/div>\n                            <div class=\"bde-loop-item__content ee-post-content\">\n                                    <\/div>\n            \n        \n    \n    \n    \n                            \n            \n                    \n            \n            \n\n    \n    \n    \n    \n                            \n    <a class=\"breakdance-link button-atom button-atom--primary bde-loop-item__button ee-post-button\" href=\"https:\/\/advogados.cv\/en\/law-firm\/dith-mar-lima-lawyer\/\" target=\"_self\" data-type=\"url\" aria-label=\"Read more about Dith Mar Lima &#8211; Advogado\">\n\n    \n        <span class=\"button-atom__text\">Read More<\/span>\n\n        \n        \n                <\/a>\n\n    \n\n\n\n\n            \n        <\/div>\n\n    <\/article>\n\n    <article class=\"bde-loop-item ee-post\">\n        \n        \n        <div class=\"bde-loop-item__wrap ee-post-wrap\">\n            \n                            <h3 class=\"ee-post-title\" >\n                    <a class=\"bde-loop-item__title-link ee-post-title-link\" href=\"https:\/\/advogados.cv\/en\/law-firm\/samp-servicos-de-advocacia-manuel-de-pina-associados-sociedade-de-advogados-r-l\/\" tabindex=\"-1\">\n                        SAMP - Servi\u00e7os de Advocacia, Manuel de Pina &amp; Associados, Sociedade de Advogados, R.L.                    <\/a>\n                <\/h3>\n                            <div class=\"bde-loop-item__post-meta ee-post-meta\">\n                    \n                <\/div>\n                            <div class=\"bde-loop-item__content ee-post-content\">\n                                    <\/div>\n            \n        \n    \n    \n    \n                            \n            \n                    \n            \n            \n\n    \n    \n    \n    \n                            \n    <a class=\"breakdance-link button-atom button-atom--primary bde-loop-item__button ee-post-button\" href=\"https:\/\/advogados.cv\/en\/law-firm\/samp-servicos-de-advocacia-manuel-de-pina-associados-sociedade-de-advogados-r-l\/\" target=\"_self\" data-type=\"url\" aria-label=\"Read more about SAMP &#8211; Servi\u00e7os de Advocacia, Manuel de Pina &#038; Associados, Sociedade de Advogados, R.L.\">\n\n    \n        <span class=\"button-atom__text\">Read More<\/span>\n\n        \n        \n                <\/a>\n\n    \n\n\n\n\n            \n        <\/div>\n\n    <\/article>\n\n    <article class=\"bde-loop-item ee-post\">\n        \n        \n        <div class=\"bde-loop-item__wrap ee-post-wrap\">\n            \n                            <h3 class=\"ee-post-title\" >\n                    <a class=\"bde-loop-item__title-link ee-post-title-link\" href=\"https:\/\/advogados.cv\/en\/law-firm\/dennis-reis-law-office\/\" tabindex=\"-1\">\n                        Dennis Reis Law Office                    <\/a>\n                <\/h3>\n                            <div class=\"bde-loop-item__post-meta ee-post-meta\">\n                    \n                <\/div>\n                            <div class=\"bde-loop-item__content ee-post-content\">\n                                    <\/div>\n            \n        \n    \n    \n    \n                            \n            \n                    \n            \n            \n\n    \n    \n    \n    \n                            \n    <a class=\"breakdance-link button-atom button-atom--primary bde-loop-item__button ee-post-button\" href=\"https:\/\/advogados.cv\/en\/law-firm\/dennis-reis-law-office\/\" target=\"_self\" data-type=\"url\" aria-label=\"Read more about Dennis Reis Law Office\">\n\n    \n        <span class=\"button-atom__text\">Read More<\/span>\n\n        \n        \n                <\/a>\n\n    \n\n\n\n\n            \n        <\/div>\n\n    <\/article>\n\n    <article class=\"bde-loop-item ee-post\">\n        \n        \n        <div class=\"bde-loop-item__wrap ee-post-wrap\">\n            \n                            <h3 class=\"ee-post-title\" >\n                    <a class=\"bde-loop-item__title-link ee-post-title-link\" href=\"https:\/\/advogados.cv\/en\/law-firm\/fmdsadvogados\/\" tabindex=\"-1\">\n                        FMDSADLAWYERS                    <\/a>\n                <\/h3>\n                            <div class=\"bde-loop-item__post-meta ee-post-meta\">\n                    \n                <\/div>\n                            <div class=\"bde-loop-item__content ee-post-content\">\n                                    <\/div>\n            \n        \n    \n    \n    \n                            \n            \n                    \n            \n            \n\n    \n    \n    \n    \n                            \n    <a class=\"breakdance-link button-atom button-atom--primary bde-loop-item__button ee-post-button\" href=\"https:\/\/advogados.cv\/en\/law-firm\/fmdsadvogados\/\" target=\"_self\" data-type=\"url\" aria-label=\"Read more about FMDSADVOGADOS\">\n\n    \n        <span class=\"button-atom__text\">Read More<\/span>\n\n        \n        \n                <\/a>\n\n    \n\n\n\n\n            \n        <\/div>\n\n    <\/article>\n\n    <article class=\"bde-loop-item ee-post\">\n        \n        \n        <div class=\"bde-loop-item__wrap ee-post-wrap\">\n            \n                            <h3 class=\"ee-post-title\" >\n                    <a class=\"bde-loop-item__title-link ee-post-title-link\" href=\"https:\/\/advogados.cv\/en\/law-firm\/d-hopffer-almada-associados\/\" tabindex=\"-1\">\n                        D. Hopffer Almada &amp; Associados                    <\/a>\n                <\/h3>\n                            <div class=\"bde-loop-item__post-meta ee-post-meta\">\n                    \n                <\/div>\n                            <div class=\"bde-loop-item__content ee-post-content\">\n                                    <\/div>\n            \n        \n    \n    \n    \n                            \n            \n                    \n            \n            \n\n    \n    \n    \n    \n                            \n    <a class=\"breakdance-link button-atom button-atom--primary bde-loop-item__button ee-post-button\" href=\"https:\/\/advogados.cv\/en\/law-firm\/d-hopffer-almada-associados\/\" target=\"_self\" data-type=\"url\" aria-label=\"Read more about D. Hopffer Almada &#038; Associados\">\n\n    \n        <span class=\"button-atom__text\">Read More<\/span>\n\n        \n        \n                <\/a>\n\n    \n\n\n\n\n            \n        <\/div>\n\n    <\/article>\n\n    <article class=\"bde-loop-item ee-post\">\n        \n        \n        <div class=\"bde-loop-item__wrap ee-post-wrap\">\n            \n                            <h3 class=\"ee-post-title\" >\n                    <a class=\"bde-loop-item__title-link ee-post-title-link\" href=\"https:\/\/advogados.cv\/en\/law-firm\/advoconsulting-maria-antonia-cruz\/\" tabindex=\"-1\">\n                        Advoconsulting Maria Antonia Cruz                    <\/a>\n                <\/h3>\n                            <div class=\"bde-loop-item__post-meta ee-post-meta\">\n                    \n                <\/div>\n                            <div class=\"bde-loop-item__content ee-post-content\">\n                                    <\/div>\n            \n        \n    \n    \n    \n                            \n            \n                    \n            \n            \n\n    \n    \n    \n    \n                            \n    <a class=\"breakdance-link button-atom button-atom--primary bde-loop-item__button ee-post-button\" href=\"https:\/\/advogados.cv\/en\/law-firm\/advoconsulting-maria-antonia-cruz\/\" target=\"_self\" data-type=\"url\" aria-label=\"Read more about Advoconsulting Maria Antonia Cruz\">\n\n    \n        <span class=\"button-atom__text\">Read More<\/span>\n\n        \n        \n                <\/a>\n\n    \n\n\n\n\n            \n        <\/div>\n\n    <\/article>\n\n    <article class=\"bde-loop-item ee-post\">\n        \n        \n        <div class=\"bde-loop-item__wrap ee-post-wrap\">\n            \n                            <h3 class=\"ee-post-title\" >\n                    <a class=\"bde-loop-item__title-link ee-post-title-link\" href=\"https:\/\/advogados.cv\/en\/law-firm\/ilidio-cruz-e-associados\/\" tabindex=\"-1\">\n                        Il\u00eddio Cruz e Associados                    <\/a>\n                <\/h3>\n                            <div class=\"bde-loop-item__post-meta ee-post-meta\">\n                    \n                <\/div>\n                            <div class=\"bde-loop-item__content ee-post-content\">\n                                    <\/div>\n            \n        \n    \n    \n    \n                            \n            \n                    \n            \n            \n\n    \n    \n    \n    \n                            \n    <a class=\"breakdance-link button-atom button-atom--primary bde-loop-item__button ee-post-button\" href=\"https:\/\/advogados.cv\/en\/law-firm\/ilidio-cruz-e-associados\/\" target=\"_self\" data-type=\"url\" aria-label=\"Read more about Il\u00eddio Cruz e Associados\">\n\n    \n        <span class=\"button-atom__text\">Read More<\/span>\n\n        \n        \n                <\/a>\n\n    \n\n\n\n\n            \n        <\/div>\n\n    <\/article>\n\n    <article class=\"bde-loop-item ee-post\">\n        \n        \n        <div class=\"bde-loop-item__wrap ee-post-wrap\">\n            \n                            <h3 class=\"ee-post-title\" >\n                    <a class=\"bde-loop-item__title-link ee-post-title-link\" href=\"https:\/\/advogados.cv\/en\/law-firm\/cma-carla-monteiro-associados-sociedade-de-advogados-rl\/\" tabindex=\"-1\">\n                        CMA - Carla Monteiro &amp; Associados, Sociedade de Advogados, RL                    <\/a>\n                <\/h3>\n                            <div class=\"bde-loop-item__post-meta ee-post-meta\">\n                    \n                <\/div>\n                            <div class=\"bde-loop-item__content ee-post-content\">\n                                    <\/div>\n            \n        \n    \n    \n    \n                            \n            \n                    \n            \n            \n\n    \n    \n    \n    \n                            \n    <a class=\"breakdance-link button-atom button-atom--primary bde-loop-item__button ee-post-button\" href=\"https:\/\/advogados.cv\/en\/law-firm\/cma-carla-monteiro-associados-sociedade-de-advogados-rl\/\" target=\"_self\" data-type=\"url\" aria-label=\"Read more about CMA &#8211; Carla Monteiro &#038; Associados, Sociedade de Advogados, RL\">\n\n    \n        <span class=\"button-atom__text\">Read More<\/span>\n\n        \n        \n                <\/a>\n\n    \n\n\n\n\n            \n        <\/div>\n\n    <\/article>\n\n    <article class=\"bde-loop-item ee-post\">\n        \n        \n        <div class=\"bde-loop-item__wrap ee-post-wrap\">\n            \n                            <h3 class=\"ee-post-title\" >\n                    <a class=\"bde-loop-item__title-link ee-post-title-link\" href=\"https:\/\/advogados.cv\/en\/law-firm\/vm-advogados-law-firm\/\" tabindex=\"-1\">\n                        VM Advogados - Law Firm                    <\/a>\n                <\/h3>\n                            <div class=\"bde-loop-item__post-meta ee-post-meta\">\n                    \n                <\/div>\n                            <div class=\"bde-loop-item__content ee-post-content\">\n                                    <\/div>\n            \n        \n    \n    \n    \n                            \n            \n                    \n            \n            \n\n    \n    \n    \n    \n                            \n    <a class=\"breakdance-link button-atom button-atom--primary bde-loop-item__button ee-post-button\" href=\"https:\/\/advogados.cv\/en\/law-firm\/vm-advogados-law-firm\/\" target=\"_self\" data-type=\"url\" aria-label=\"Read more about VM Advogados &#8211; Law Firm\">\n\n    \n        <span class=\"button-atom__text\">Read More<\/span>\n\n        \n        \n                <\/a>\n\n    \n\n\n\n\n            \n        <\/div>\n\n    <\/article>\n\n    <article class=\"bde-loop-item ee-post\">\n        \n        \n        <div class=\"bde-loop-item__wrap ee-post-wrap\">\n            \n                            <h3 class=\"ee-post-title\" >\n                    <a class=\"bde-loop-item__title-link ee-post-title-link\" href=\"https:\/\/advogados.cv\/en\/law-firm\/bvla-lawyers\/\" tabindex=\"-1\">\n                        BVLA - Lawyers                    <\/a>\n                <\/h3>\n                            <div class=\"bde-loop-item__post-meta ee-post-meta\">\n                    \n                <\/div>\n                            <div class=\"bde-loop-item__content ee-post-content\">\n                                    <\/div>\n            \n        \n    \n    \n    \n                            \n            \n                    \n            \n            \n\n    \n    \n    \n    \n                            \n    <a class=\"breakdance-link button-atom button-atom--primary bde-loop-item__button ee-post-button\" href=\"https:\/\/advogados.cv\/en\/law-firm\/bvla-lawyers\/\" target=\"_self\" data-type=\"url\" aria-label=\"Read more about BVLA &#8211; Advogados\">\n\n    \n        <span class=\"button-atom__text\">Read More<\/span>\n\n        \n        \n                <\/a>\n\n    \n\n\n\n\n            \n        <\/div>\n\n    <\/article>\n\n    <article class=\"bde-loop-item ee-post\">\n        \n        \n        <div class=\"bde-loop-item__wrap ee-post-wrap\">\n            \n                            <h3 class=\"ee-post-title\" >\n                    <a class=\"bde-loop-item__title-link ee-post-title-link\" href=\"https:\/\/advogados.cv\/en\/law-firm\/felix-cardoso-advogados-associados\/\" tabindex=\"-1\">\n                        F\u00e9lix Cardoso Advogados Associados                    <\/a>\n                <\/h3>\n                            <div class=\"bde-loop-item__post-meta ee-post-meta\">\n                    \n                <\/div>\n                            <div class=\"bde-loop-item__content ee-post-content\">\n                                    <\/div>\n            \n        \n    \n    \n    \n                            \n            \n                    \n            \n            \n\n    \n    \n    \n    \n                            \n    <a class=\"breakdance-link button-atom button-atom--primary bde-loop-item__button ee-post-button\" href=\"https:\/\/advogados.cv\/en\/law-firm\/felix-cardoso-advogados-associados\/\" target=\"_self\" data-type=\"url\" aria-label=\"Read more about F\u00e9lix Cardoso Advogados Associados\">\n\n    \n        <span class=\"button-atom__text\">Read More<\/span>\n\n        \n        \n                <\/a>\n\n    \n\n\n\n\n            \n        <\/div>\n\n    <\/article>\n\n<\/div><\/div><div class=\"bde-post-list-1670-157 bde-post-list\">    <div class=\"bde-isotope-filter-bar\">\n        <div class=\"bde-tabs\">\n            \n\n        \n  \n  \n  <div class=\"bde-tabs__tabslist-container bde-tabs__tabslist-container--scrollable is-vertical js-tabs-container\">\n    <div class=\"bde-tabs__tabslist bde-tabs__tabslist--bar js-tablist\" role=\"tablist\" aria-label=\"Content tabs\" aria-orientation=\"vertical\" data-tabs-id=\"isotope\">\n      \n              <button role=\"tab\" aria-selected=\"false\" class=\"bde-tabs__tab js-tab\" aria-controls=\"tab-panel-isotope-1\" id=\"tab-isotope-1\" data-value=\"109\">\n                    <span class=\"bde-tabs__tab-title\">News<\/span>\n        <\/button>\n          <\/div>\n  <\/div>\n\n\n        <\/div>\n    <\/div>\n<div class=\"bde-loop bde-loop-grid ee-posts ee-posts-grid bde-loop-isotope ee-posts-isotope\">    <article class=\"bde-loop-item ee-post\" data-filters=\"109\">\n                                <a class=\"bde-loop-item__image-link ee-post-image-link\" href=\"https:\/\/www.governo.cv\/cabo-verde-atinge-taxa-de-desemprego-mais-baixa-de-sempre-primeiro-ministro-realca-resultado-historico\/\" tabindex=\"-1\" target=\"_blank\" rel=\"noopener noreferrer nofollow\">\n                <div class=\"bde-loop-item__image ee-post-image\">\n                     <img loading=\"lazy\" decoding=\"async\" src=\"data:image\/svg+xml;base64,PHN2ZyB4bWxucz0iaHR0cDovL3d3dy53My5vcmcvMjAwMC9zdmciIHdpZHRoPSI1NDAiIGhlaWdodD0iNTQwIiB2aWV3Qm94PSIwIDAgMTQwIDE0MCI+PHBhdGggZD0iTTAgMGgxNDB2MTQwSDB6IiBmaWxsPSIjZTVlN2ViIi8+PHBhdGggZD0iTTg4IDgyLjQ2SDUxLjh2LTQuNTJsNi43NC02Ljc0YTEuMTMgMS4xMyAwIDAxMS42IDBsNS4yMyA1LjIzIDEyLjc2LTEyLjc3YTEuMTMgMS4xMyAwIDAxMS42IDBMODggNzEuOTF6IiBmaWxsPSIjZTVlN2ViIi8+PHBhdGggZD0iTTg5LjQ4IDUyLjMySDUwLjI5YTQuNTIgNC41MiAwIDAwLTQuNTIgNC41MlY4NGE0LjUzIDQuNTMgMCAwMDQuNTIgNC41MmgzOS4xOUE0LjUyIDQuNTIgMCAwMDk0IDg0VjU2Ljg0YTQuNTIgNC41MiAwIDAwLTQuNTItNC41MnptLTMzLjE2IDUuMjdhNS4yOCA1LjI4IDAgMTEtNS4yNyA1LjI4IDUuMjcgNS4yNyAwIDAxNS4yNy01LjI4ek04OCA4Mi40Nkg1MS44di00LjUybDYuNzQtNi43NGExLjEzIDEuMTMgMCAwMTEuNiAwbDUuMjMgNS4yMyAxMi43Ni0xMi43N2ExLjEzIDEuMTMgMCAwMTEuNiAwTDg4IDcxLjkxeiIgZmlsbD0iI2QxZDVkYiIvPjwvc3ZnPg==\" width=\"540\" height=\"540\" alt=\"\">                <\/div>\n            <\/a>\n        \n        \n        <div class=\"bde-loop-item__wrap ee-post-wrap\">\n            \n                            <h3 class=\"ee-post-title\" >\n                    <a class=\"bde-loop-item__title-link ee-post-title-link\" href=\"https:\/\/www.governo.cv\/cabo-verde-atinge-taxa-de-desemprego-mais-baixa-de-sempre-primeiro-ministro-realca-resultado-historico\/\" tabindex=\"-1\" target=\"_blank\" rel=\"noopener noreferrer nofollow\">\n                        Cabo Verde atinge taxa de desemprego mais baixa de sempre: Primeiro-Ministro real\u00e7a resultado hist\u00f3rico                    <\/a>\n                <\/h3>\n                            <div class=\"bde-loop-item__post-meta ee-post-meta\">\n                                                                                <span class=\"bde-loop-item__meta-item bde-loop-item__meta-author ee-post-meta-author ee-post-meta-item\">Lawyers.cv<\/span>\n                                                                                                                <span class=\"bde-loop-item__meta-date bde-loop-item__meta-item ee-post-meta-date ee-post-meta-item\">\n                                    28\/04\/2026                                <\/span>\n                                                                                                            <span class=\"bde-loop-item__comments bde-loop-item__meta-item ee-post-meta-comments ee-post-meta-item\">No Comments<\/span>\n                                                    \n                <\/div>\n                            <div class=\"bde-loop-item__content ee-post-content\">\n                    O Primeiro-Ministro, Jos&eacute; Ulisses Correia e Silva, reagiu aos mais recentes dados do mercado de trabalho e real&ccedil;ou que o pa&iacute;s alcan&ccedil;ou a taxa de desemprego mais baixa de sempre,&hellip;                <\/div>\n            \n        \n    \n    \n    \n                            \n            \n                    \n            \n            \n\n    \n    \n    \n    \n                            \n    <a class=\"breakdance-link button-atom button-atom--primary bde-loop-item__button ee-post-button\" href=\"https:\/\/www.governo.cv\/cabo-verde-atinge-taxa-de-desemprego-mais-baixa-de-sempre-primeiro-ministro-realca-resultado-historico\/\" target=\"_self\" data-type=\"url\" aria-label=\"Read more about Cabo Verde atinge taxa de desemprego mais baixa de sempre: Primeiro-Ministro real\u00e7a resultado hist\u00f3rico\" rel=\"noopener noreferrer nofollow\">\n\n    \n        <span class=\"button-atom__text\">Read more<\/span>\n\n        \n        \n                <\/a>\n\n    \n\n\n\n\n            \n        <\/div>\n\n    <\/article>\n\n    <article class=\"bde-loop-item ee-post\" data-filters=\"109\">\n                                <a class=\"bde-loop-item__image-link ee-post-image-link\" href=\"https:\/\/www.governo.cv\/publicacao-do-novo-codigo-do-processo-administrativo-no-boletim-oficial\/\" tabindex=\"-1\" target=\"_blank\" rel=\"noopener noreferrer nofollow\">\n                <div class=\"bde-loop-item__image ee-post-image\">\n                     <img loading=\"lazy\" decoding=\"async\" src=\"data:image\/svg+xml;base64,PHN2ZyB4bWxucz0iaHR0cDovL3d3dy53My5vcmcvMjAwMC9zdmciIHdpZHRoPSI1NDAiIGhlaWdodD0iNTQwIiB2aWV3Qm94PSIwIDAgMTQwIDE0MCI+PHBhdGggZD0iTTAgMGgxNDB2MTQwSDB6IiBmaWxsPSIjZTVlN2ViIi8+PHBhdGggZD0iTTg4IDgyLjQ2SDUxLjh2LTQuNTJsNi43NC02Ljc0YTEuMTMgMS4xMyAwIDAxMS42IDBsNS4yMyA1LjIzIDEyLjc2LTEyLjc3YTEuMTMgMS4xMyAwIDAxMS42IDBMODggNzEuOTF6IiBmaWxsPSIjZTVlN2ViIi8+PHBhdGggZD0iTTg5LjQ4IDUyLjMySDUwLjI5YTQuNTIgNC41MiAwIDAwLTQuNTIgNC41MlY4NGE0LjUzIDQuNTMgMCAwMDQuNTIgNC41MmgzOS4xOUE0LjUyIDQuNTIgMCAwMDk0IDg0VjU2Ljg0YTQuNTIgNC41MiAwIDAwLTQuNTItNC41MnptLTMzLjE2IDUuMjdhNS4yOCA1LjI4IDAgMTEtNS4yNyA1LjI4IDUuMjcgNS4yNyAwIDAxNS4yNy01LjI4ek04OCA4Mi40Nkg1MS44di00LjUybDYuNzQtNi43NGExLjEzIDEuMTMgMCAwMTEuNiAwbDUuMjMgNS4yMyAxMi43Ni0xMi43N2ExLjEzIDEuMTMgMCAwMTEuNiAwTDg4IDcxLjkxeiIgZmlsbD0iI2QxZDVkYiIvPjwvc3ZnPg==\" width=\"540\" height=\"540\" alt=\"\">                <\/div>\n            <\/a>\n        \n        \n        <div class=\"bde-loop-item__wrap ee-post-wrap\">\n            \n                            <h3 class=\"ee-post-title\" >\n                    <a class=\"bde-loop-item__title-link ee-post-title-link\" href=\"https:\/\/www.governo.cv\/publicacao-do-novo-codigo-do-processo-administrativo-no-boletim-oficial\/\" tabindex=\"-1\" target=\"_blank\" rel=\"noopener noreferrer nofollow\">\n                        Publica\u00e7\u00e3o do Novo C\u00f3digo do Processo Administrativo no Boletim Oficial                    <\/a>\n                <\/h3>\n                            <div class=\"bde-loop-item__post-meta ee-post-meta\">\n                                                                                <span class=\"bde-loop-item__meta-item bde-loop-item__meta-author ee-post-meta-author ee-post-meta-item\">Lawyers.cv<\/span>\n                                                                                                                <span class=\"bde-loop-item__meta-date bde-loop-item__meta-item ee-post-meta-date ee-post-meta-item\">\n                                    24\/04\/2026                                <\/span>\n                                                                                                            <span class=\"bde-loop-item__comments bde-loop-item__meta-item ee-post-meta-comments ee-post-meta-item\">No Comments<\/span>\n                                                    \n                <\/div>\n                            <div class=\"bde-loop-item__content ee-post-content\">\n                    Foi publicado no dia 20 de abril de 2026, atrav&eacute;s do Decreto-Legislativo n.&ordm; 1\/2026, o novo&nbsp;C&oacute;digo do Processo Administrativo que entrar&aacute; em vigor no dia&nbsp;4 de janeiro de 2027. Este&hellip;                <\/div>\n            \n        \n    \n    \n    \n                            \n            \n                    \n            \n            \n\n    \n    \n    \n    \n                            \n    <a class=\"breakdance-link button-atom button-atom--primary bde-loop-item__button ee-post-button\" href=\"https:\/\/www.governo.cv\/publicacao-do-novo-codigo-do-processo-administrativo-no-boletim-oficial\/\" target=\"_self\" data-type=\"url\" aria-label=\"Read more about Publica\u00e7\u00e3o do Novo C\u00f3digo do Processo Administrativo no Boletim Oficial\" rel=\"noopener noreferrer nofollow\">\n\n    \n        <span class=\"button-atom__text\">Read more<\/span>\n\n        \n        \n                <\/a>\n\n    \n\n\n\n\n            \n        <\/div>\n\n    <\/article>\n\n    <article class=\"bde-loop-item ee-post\" data-filters=\"109\">\n                                <a class=\"bde-loop-item__image-link ee-post-image-link\" href=\"https:\/\/www.governo.cv\/ministra-da-justica-e-embaixador-visitam-o-projeto-empregabilidade-na-cadeia-central-da-praia\/\" tabindex=\"-1\" target=\"_blank\" rel=\"noopener noreferrer nofollow\">\n                <div class=\"bde-loop-item__image ee-post-image\">\n                     <img loading=\"lazy\" decoding=\"async\" src=\"data:image\/svg+xml;base64,PHN2ZyB4bWxucz0iaHR0cDovL3d3dy53My5vcmcvMjAwMC9zdmciIHdpZHRoPSI1NDAiIGhlaWdodD0iNTQwIiB2aWV3Qm94PSIwIDAgMTQwIDE0MCI+PHBhdGggZD0iTTAgMGgxNDB2MTQwSDB6IiBmaWxsPSIjZTVlN2ViIi8+PHBhdGggZD0iTTg4IDgyLjQ2SDUxLjh2LTQuNTJsNi43NC02Ljc0YTEuMTMgMS4xMyAwIDAxMS42IDBsNS4yMyA1LjIzIDEyLjc2LTEyLjc3YTEuMTMgMS4xMyAwIDAxMS42IDBMODggNzEuOTF6IiBmaWxsPSIjZTVlN2ViIi8+PHBhdGggZD0iTTg5LjQ4IDUyLjMySDUwLjI5YTQuNTIgNC41MiAwIDAwLTQuNTIgNC41MlY4NGE0LjUzIDQuNTMgMCAwMDQuNTIgNC41MmgzOS4xOUE0LjUyIDQuNTIgMCAwMDk0IDg0VjU2Ljg0YTQuNTIgNC41MiAwIDAwLTQuNTItNC41MnptLTMzLjE2IDUuMjdhNS4yOCA1LjI4IDAgMTEtNS4yNyA1LjI4IDUuMjcgNS4yNyAwIDAxNS4yNy01LjI4ek04OCA4Mi40Nkg1MS44di00LjUybDYuNzQtNi43NGExLjEzIDEuMTMgMCAwMTEuNiAwbDUuMjMgNS4yMyAxMi43Ni0xMi43N2ExLjEzIDEuMTMgMCAwMTEuNiAwTDg4IDcxLjkxeiIgZmlsbD0iI2QxZDVkYiIvPjwvc3ZnPg==\" width=\"540\" height=\"540\" alt=\"\">                <\/div>\n            <\/a>\n        \n        \n        <div class=\"bde-loop-item__wrap ee-post-wrap\">\n            \n                            <h3 class=\"ee-post-title\" >\n                    <a class=\"bde-loop-item__title-link ee-post-title-link\" href=\"https:\/\/www.governo.cv\/ministra-da-justica-e-embaixador-visitam-o-projeto-empregabilidade-na-cadeia-central-da-praia\/\" tabindex=\"-1\" target=\"_blank\" rel=\"noopener noreferrer nofollow\">\n                        Ministra da Justi\u00e7a e Embaixador de Portugal visitam o Projeto Empregabilidade na Cadeia Central da Praia                    <\/a>\n                <\/h3>\n                            <div class=\"bde-loop-item__post-meta ee-post-meta\">\n                                                                                <span class=\"bde-loop-item__meta-item bde-loop-item__meta-author ee-post-meta-author ee-post-meta-item\">Lawyers.cv<\/span>\n                                                                                                                <span class=\"bde-loop-item__meta-date bde-loop-item__meta-item ee-post-meta-date ee-post-meta-item\">\n                                    23\/04\/2026                                <\/span>\n                                                                                                            <span class=\"bde-loop-item__comments bde-loop-item__meta-item ee-post-meta-comments ee-post-meta-item\">No Comments<\/span>\n                                                    \n                <\/div>\n                            <div class=\"bde-loop-item__content ee-post-content\">\n                    A Ministra da Justi&ccedil;a, Joana Rosa, e o Embaixador de Portugal em Cabo Verde, Jo&atilde;o Lu&iacute;s Queir&oacute;s visitaram a Cadeia Central da Praia para acompanhar o andamento do Projeto Empregabilidade&hellip;                <\/div>\n            \n        \n    \n    \n    \n                            \n            \n                    \n            \n            \n\n    \n    \n    \n    \n                            \n    <a class=\"breakdance-link button-atom button-atom--primary bde-loop-item__button ee-post-button\" href=\"https:\/\/www.governo.cv\/ministra-da-justica-e-embaixador-visitam-o-projeto-empregabilidade-na-cadeia-central-da-praia\/\" target=\"_self\" data-type=\"url\" aria-label=\"Read more about Ministra da Justi\u00e7a e Embaixador de Portugal visitam o Projeto Empregabilidade na Cadeia Central da Praia\" rel=\"noopener noreferrer nofollow\">\n\n    \n        <span class=\"button-atom__text\">Read more<\/span>\n\n        \n        \n                <\/a>\n\n    \n\n\n\n\n            \n        <\/div>\n\n    <\/article>\n\n    <article class=\"bde-loop-item ee-post\" data-filters=\"109\">\n                                <a class=\"bde-loop-item__image-link ee-post-image-link\" href=\"https:\/\/www.governo.cv\/eurico-monteiro-preside-conferencia-sobre-zona-maritima-sob-soberania-e-jurisdicao-nacionais-administracao-maritima-e-dominio-publico-maritimo\/\" tabindex=\"-1\" target=\"_blank\" rel=\"noopener noreferrer nofollow\">\n                <div class=\"bde-loop-item__image ee-post-image\">\n                     <img loading=\"lazy\" decoding=\"async\" src=\"data:image\/svg+xml;base64,PHN2ZyB4bWxucz0iaHR0cDovL3d3dy53My5vcmcvMjAwMC9zdmciIHdpZHRoPSI1NDAiIGhlaWdodD0iNTQwIiB2aWV3Qm94PSIwIDAgMTQwIDE0MCI+PHBhdGggZD0iTTAgMGgxNDB2MTQwSDB6IiBmaWxsPSIjZTVlN2ViIi8+PHBhdGggZD0iTTg4IDgyLjQ2SDUxLjh2LTQuNTJsNi43NC02Ljc0YTEuMTMgMS4xMyAwIDAxMS42IDBsNS4yMyA1LjIzIDEyLjc2LTEyLjc3YTEuMTMgMS4xMyAwIDAxMS42IDBMODggNzEuOTF6IiBmaWxsPSIjZTVlN2ViIi8+PHBhdGggZD0iTTg5LjQ4IDUyLjMySDUwLjI5YTQuNTIgNC41MiAwIDAwLTQuNTIgNC41MlY4NGE0LjUzIDQuNTMgMCAwMDQuNTIgNC41MmgzOS4xOUE0LjUyIDQuNTIgMCAwMDk0IDg0VjU2Ljg0YTQuNTIgNC41MiAwIDAwLTQuNTItNC41MnptLTMzLjE2IDUuMjdhNS4yOCA1LjI4IDAgMTEtNS4yNyA1LjI4IDUuMjcgNS4yNyAwIDAxNS4yNy01LjI4ek04OCA4Mi40Nkg1MS44di00LjUybDYuNzQtNi43NGExLjEzIDEuMTMgMCAwMTEuNiAwbDUuMjMgNS4yMyAxMi43Ni0xMi43N2ExLjEzIDEuMTMgMCAwMTEuNiAwTDg4IDcxLjkxeiIgZmlsbD0iI2QxZDVkYiIvPjwvc3ZnPg==\" width=\"540\" height=\"540\" alt=\"\">                <\/div>\n            <\/a>\n        \n        \n        <div class=\"bde-loop-item__wrap ee-post-wrap\">\n            \n                            <h3 class=\"ee-post-title\" >\n                    <a class=\"bde-loop-item__title-link ee-post-title-link\" href=\"https:\/\/www.governo.cv\/eurico-monteiro-preside-conferencia-sobre-zona-maritima-sob-soberania-e-jurisdicao-nacionais-administracao-maritima-e-dominio-publico-maritimo\/\" tabindex=\"-1\" target=\"_blank\" rel=\"noopener noreferrer nofollow\">\n                        Eurico Monteiro preside confer\u00eancia sobre Zona Mar\u00edtima sob Soberania e Jurisdi\u00e7\u00e3o Nacionais, Administra\u00e7\u00e3o Mar\u00edtima e Dom\u00ednio P\u00fablico Mar\u00edtimo                    <\/a>\n                <\/h3>\n                            <div class=\"bde-loop-item__post-meta ee-post-meta\">\n                                                                                <span class=\"bde-loop-item__meta-item bde-loop-item__meta-author ee-post-meta-author ee-post-meta-item\">Lawyers.cv<\/span>\n                                                                                                                <span class=\"bde-loop-item__meta-date bde-loop-item__meta-item ee-post-meta-date ee-post-meta-item\">\n                                    22\/04\/2026                                <\/span>\n                                                                                                            <span class=\"bde-loop-item__comments bde-loop-item__meta-item ee-post-meta-comments ee-post-meta-item\">No Comments<\/span>\n                                                    \n                <\/div>\n                            <div class=\"bde-loop-item__content ee-post-content\">\n                    Acad&eacute;micos, especialistas, stakeholders do setor mar&iacute;timo e estudantes reuniram-se numa confer&ecirc;ncia inaugural dedicada &agrave; Zona Mar&iacute;tima de Soberania e Jurisdi&ccedil;&atilde;o[4] Nacionais, Administra&ccedil;&atilde;o[3] Mar&iacute;tima e Dom&iacute;nio P&uacute;blico Mar&iacute;timo, promovida pelo Instituto&hellip;                <\/div>\n            \n        \n    \n    \n    \n                            \n            \n                    \n            \n            \n\n    \n    \n    \n    \n                            \n    <a class=\"breakdance-link button-atom button-atom--primary bde-loop-item__button ee-post-button\" href=\"https:\/\/www.governo.cv\/eurico-monteiro-preside-conferencia-sobre-zona-maritima-sob-soberania-e-jurisdicao-nacionais-administracao-maritima-e-dominio-publico-maritimo\/\" target=\"_self\" data-type=\"url\" aria-label=\"Read more about Eurico Monteiro preside confer\u00eancia sobre Zona Mar\u00edtima sob Soberania e Jurisdi\u00e7\u00e3o Nacionais, Administra\u00e7\u00e3o Mar\u00edtima e Dom\u00ednio P\u00fablico Mar\u00edtimo\" rel=\"noopener noreferrer nofollow\">\n\n    \n        <span class=\"button-atom__text\">Read more<\/span>\n\n        \n        \n                <\/a>\n\n    \n\n\n\n\n            \n        <\/div>\n\n    <\/article>\n\n    <article class=\"bde-loop-item ee-post\" data-filters=\"109\">\n                                <a class=\"bde-loop-item__image-link ee-post-image-link\" href=\"https:\/\/www.governo.cv\/ministro-da-educacao-reune-se-com-sindicato-dos-professores-de-santiago\/\" tabindex=\"-1\" target=\"_blank\" rel=\"noopener noreferrer nofollow\">\n                <div class=\"bde-loop-item__image ee-post-image\">\n                     <img loading=\"lazy\" decoding=\"async\" src=\"data:image\/svg+xml;base64,PHN2ZyB4bWxucz0iaHR0cDovL3d3dy53My5vcmcvMjAwMC9zdmciIHdpZHRoPSI1NDAiIGhlaWdodD0iNTQwIiB2aWV3Qm94PSIwIDAgMTQwIDE0MCI+PHBhdGggZD0iTTAgMGgxNDB2MTQwSDB6IiBmaWxsPSIjZTVlN2ViIi8+PHBhdGggZD0iTTg4IDgyLjQ2SDUxLjh2LTQuNTJsNi43NC02Ljc0YTEuMTMgMS4xMyAwIDAxMS42IDBsNS4yMyA1LjIzIDEyLjc2LTEyLjc3YTEuMTMgMS4xMyAwIDAxMS42IDBMODggNzEuOTF6IiBmaWxsPSIjZTVlN2ViIi8+PHBhdGggZD0iTTg5LjQ4IDUyLjMySDUwLjI5YTQuNTIgNC41MiAwIDAwLTQuNTIgNC41MlY4NGE0LjUzIDQuNTMgMCAwMDQuNTIgNC41MmgzOS4xOUE0LjUyIDQuNTIgMCAwMDk0IDg0VjU2Ljg0YTQuNTIgNC41MiAwIDAwLTQuNTItNC41MnptLTMzLjE2IDUuMjdhNS4yOCA1LjI4IDAgMTEtNS4yNyA1LjI4IDUuMjcgNS4yNyAwIDAxNS4yNy01LjI4ek04OCA4Mi40Nkg1MS44di00LjUybDYuNzQtNi43NGExLjEzIDEuMTMgMCAwMTEuNiAwbDUuMjMgNS4yMyAxMi43Ni0xMi43N2ExLjEzIDEuMTMgMCAwMTEuNiAwTDg4IDcxLjkxeiIgZmlsbD0iI2QxZDVkYiIvPjwvc3ZnPg==\" width=\"540\" height=\"540\" alt=\"\">                <\/div>\n            <\/a>\n        \n        \n        <div class=\"bde-loop-item__wrap ee-post-wrap\">\n            \n                            <h3 class=\"ee-post-title\" >\n                    <a class=\"bde-loop-item__title-link ee-post-title-link\" href=\"https:\/\/www.governo.cv\/ministro-da-educacao-reune-se-com-sindicato-dos-professores-de-santiago\/\" tabindex=\"-1\" target=\"_blank\" rel=\"noopener noreferrer nofollow\">\n                        Ministro da Educa\u00e7\u00e3o re\u00fane-se com Sindicato dos Professores de Santiago                    <\/a>\n                <\/h3>\n                            <div class=\"bde-loop-item__post-meta ee-post-meta\">\n                                                                                <span class=\"bde-loop-item__meta-item bde-loop-item__meta-author ee-post-meta-author ee-post-meta-item\">Lawyers.cv<\/span>\n                                                                                                                <span class=\"bde-loop-item__meta-date bde-loop-item__meta-item ee-post-meta-date ee-post-meta-item\">\n                                    22\/04\/2026                                <\/span>\n                                                                                                            <span class=\"bde-loop-item__comments bde-loop-item__meta-item ee-post-meta-comments ee-post-meta-item\">No Comments<\/span>\n                                                    \n                <\/div>\n                            <div class=\"bde-loop-item__content ee-post-content\">\n                    O Ministro da Educa&ccedil;&atilde;o, Amadeu Cruz, reuniu-se, nesta ter&ccedil;a-feira, 21 de abril, com o Sindicato dos Professores de Santiago (SIPROFIS) para auscultar as preocupa&ccedil;&otilde;es da organiza&ccedil;&atilde;o em rela&ccedil;&atilde;o &agrave; carreira&hellip;                <\/div>\n            \n        \n    \n    \n    \n                            \n            \n                    \n            \n            \n\n    \n    \n    \n    \n                            \n    <a class=\"breakdance-link button-atom button-atom--primary bde-loop-item__button ee-post-button\" href=\"https:\/\/www.governo.cv\/ministro-da-educacao-reune-se-com-sindicato-dos-professores-de-santiago\/\" target=\"_self\" data-type=\"url\" aria-label=\"Read more about Ministro da Educa\u00e7\u00e3o re\u00fane-se com Sindicato dos Professores de Santiago\" rel=\"noopener noreferrer nofollow\">\n\n    \n        <span class=\"button-atom__text\">Read more<\/span>\n\n        \n        \n                <\/a>\n\n    \n\n\n\n\n            \n        <\/div>\n\n    <\/article>\n\n    <article class=\"bde-loop-item ee-post\" data-filters=\"109\">\n                                <a class=\"bde-loop-item__image-link ee-post-image-link\" href=\"https:\/\/www.governo.cv\/governo-condecora-dom-arlindo-furtado-e-pastor-david-araujo-com-medalha-de-merito-altruistico-de-1-o-grau\/\" tabindex=\"-1\" target=\"_blank\" rel=\"noopener noreferrer nofollow\">\n                <div class=\"bde-loop-item__image ee-post-image\">\n                     <img loading=\"lazy\" decoding=\"async\" src=\"data:image\/svg+xml;base64,PHN2ZyB4bWxucz0iaHR0cDovL3d3dy53My5vcmcvMjAwMC9zdmciIHdpZHRoPSI1NDAiIGhlaWdodD0iNTQwIiB2aWV3Qm94PSIwIDAgMTQwIDE0MCI+PHBhdGggZD0iTTAgMGgxNDB2MTQwSDB6IiBmaWxsPSIjZTVlN2ViIi8+PHBhdGggZD0iTTg4IDgyLjQ2SDUxLjh2LTQuNTJsNi43NC02Ljc0YTEuMTMgMS4xMyAwIDAxMS42IDBsNS4yMyA1LjIzIDEyLjc2LTEyLjc3YTEuMTMgMS4xMyAwIDAxMS42IDBMODggNzEuOTF6IiBmaWxsPSIjZTVlN2ViIi8+PHBhdGggZD0iTTg5LjQ4IDUyLjMySDUwLjI5YTQuNTIgNC41MiAwIDAwLTQuNTIgNC41MlY4NGE0LjUzIDQuNTMgMCAwMDQuNTIgNC41MmgzOS4xOUE0LjUyIDQuNTIgMCAwMDk0IDg0VjU2Ljg0YTQuNTIgNC41MiAwIDAwLTQuNTItNC41MnptLTMzLjE2IDUuMjdhNS4yOCA1LjI4IDAgMTEtNS4yNyA1LjI4IDUuMjcgNS4yNyAwIDAxNS4yNy01LjI4ek04OCA4Mi40Nkg1MS44di00LjUybDYuNzQtNi43NGExLjEzIDEuMTMgMCAwMTEuNiAwbDUuMjMgNS4yMyAxMi43Ni0xMi43N2ExLjEzIDEuMTMgMCAwMTEuNiAwTDg4IDcxLjkxeiIgZmlsbD0iI2QxZDVkYiIvPjwvc3ZnPg==\" width=\"540\" height=\"540\" alt=\"\">                <\/div>\n            <\/a>\n        \n        \n        <div class=\"bde-loop-item__wrap ee-post-wrap\">\n            \n                            <h3 class=\"ee-post-title\" >\n                    <a class=\"bde-loop-item__title-link ee-post-title-link\" href=\"https:\/\/www.governo.cv\/governo-condecora-dom-arlindo-furtado-e-pastor-david-araujo-com-medalha-de-merito-altruistico-de-1-o-grau\/\" tabindex=\"-1\" target=\"_blank\" rel=\"noopener noreferrer nofollow\">\n                        Governo condecora Dom Arlindo Furtado e Pastor David Ara\u00fajo com Medalha de M\u00e9rito Altru\u00edstico de 1.\u00ba Grau                    <\/a>\n                <\/h3>\n                            <div class=\"bde-loop-item__post-meta ee-post-meta\">\n                                                                                <span class=\"bde-loop-item__meta-item bde-loop-item__meta-author ee-post-meta-author ee-post-meta-item\">Lawyers.cv<\/span>\n                                                                                                                <span class=\"bde-loop-item__meta-date bde-loop-item__meta-item ee-post-meta-date ee-post-meta-item\">\n                                    17\/04\/2026                                <\/span>\n                                                                                                            <span class=\"bde-loop-item__comments bde-loop-item__meta-item ee-post-meta-comments ee-post-meta-item\">No Comments<\/span>\n                                                    \n                <\/div>\n                            <div class=\"bde-loop-item__content ee-post-content\">\n                    O Governo de Cabo Verde decidiu condecorar Sua Emin&ecirc;ncia Reverend&iacute;ssima Dom Arlindo Furtado e o Reverend&iacute;ssimo Pastor David Simas Ara&uacute;jo, ambos com a Medalha de M&eacute;rito Altru&iacute;stico de 1.&ordm; Grau,&hellip;                <\/div>\n            \n        \n    \n    \n    \n                            \n            \n                    \n            \n            \n\n    \n    \n    \n    \n                            \n    <a class=\"breakdance-link button-atom button-atom--primary bde-loop-item__button ee-post-button\" href=\"https:\/\/www.governo.cv\/governo-condecora-dom-arlindo-furtado-e-pastor-david-araujo-com-medalha-de-merito-altruistico-de-1-o-grau\/\" target=\"_self\" data-type=\"url\" aria-label=\"Read more about Governo condecora Dom Arlindo Furtado e Pastor David Ara\u00fajo com Medalha de M\u00e9rito Altru\u00edstico de 1.\u00ba Grau\" rel=\"noopener noreferrer nofollow\">\n\n    \n        <span class=\"button-atom__text\">Read more<\/span>\n\n        \n        \n                <\/a>\n\n    \n\n\n\n\n            \n        <\/div>\n\n    <\/article>\n\n    <article class=\"bde-loop-item ee-post\" data-filters=\"109\">\n                                <a class=\"bde-loop-item__image-link ee-post-image-link\" href=\"https:\/\/www.governo.cv\/em-dois-meses-de-operacao-o-king-air-ja-realizou-cinco-missoes-de-evacuacao-medica-2-da-boa-vista-2-do-fogo-e-1-da-ilha-do-sal\/\" tabindex=\"-1\" target=\"_blank\" rel=\"noopener noreferrer nofollow\">\n                <div class=\"bde-loop-item__image ee-post-image\">\n                     <img loading=\"lazy\" decoding=\"async\" src=\"data:image\/svg+xml;base64,PHN2ZyB4bWxucz0iaHR0cDovL3d3dy53My5vcmcvMjAwMC9zdmciIHdpZHRoPSI1NDAiIGhlaWdodD0iNTQwIiB2aWV3Qm94PSIwIDAgMTQwIDE0MCI+PHBhdGggZD0iTTAgMGgxNDB2MTQwSDB6IiBmaWxsPSIjZTVlN2ViIi8+PHBhdGggZD0iTTg4IDgyLjQ2SDUxLjh2LTQuNTJsNi43NC02Ljc0YTEuMTMgMS4xMyAwIDAxMS42IDBsNS4yMyA1LjIzIDEyLjc2LTEyLjc3YTEuMTMgMS4xMyAwIDAxMS42IDBMODggNzEuOTF6IiBmaWxsPSIjZTVlN2ViIi8+PHBhdGggZD0iTTg5LjQ4IDUyLjMySDUwLjI5YTQuNTIgNC41MiAwIDAwLTQuNTIgNC41MlY4NGE0LjUzIDQuNTMgMCAwMDQuNTIgNC41MmgzOS4xOUE0LjUyIDQuNTIgMCAwMDk0IDg0VjU2Ljg0YTQuNTIgNC41MiAwIDAwLTQuNTItNC41MnptLTMzLjE2IDUuMjdhNS4yOCA1LjI4IDAgMTEtNS4yNyA1LjI4IDUuMjcgNS4yNyAwIDAxNS4yNy01LjI4ek04OCA4Mi40Nkg1MS44di00LjUybDYuNzQtNi43NGExLjEzIDEuMTMgMCAwMTEuNiAwbDUuMjMgNS4yMyAxMi43Ni0xMi43N2ExLjEzIDEuMTMgMCAwMTEuNiAwTDg4IDcxLjkxeiIgZmlsbD0iI2QxZDVkYiIvPjwvc3ZnPg==\" width=\"540\" height=\"540\" alt=\"\">                <\/div>\n            <\/a>\n        \n        \n        <div class=\"bde-loop-item__wrap ee-post-wrap\">\n            \n                            <h3 class=\"ee-post-title\" >\n                    <a class=\"bde-loop-item__title-link ee-post-title-link\" href=\"https:\/\/www.governo.cv\/em-dois-meses-de-operacao-o-king-air-ja-realizou-cinco-missoes-de-evacuacao-medica-2-da-boa-vista-2-do-fogo-e-1-da-ilha-do-sal\/\" tabindex=\"-1\" target=\"_blank\" rel=\"noopener noreferrer nofollow\">\n                        Em dois meses de opera\u00e7\u00e3o, o King Air j\u00e1 realizou cinco miss\u00f5es de evacua\u00e7\u00e3o m\u00e9dica (2 da Boa Vista, 2 do Fogo e 1 da ilha do Sal)                    <\/a>\n                <\/h3>\n                            <div class=\"bde-loop-item__post-meta ee-post-meta\">\n                                                                                <span class=\"bde-loop-item__meta-item bde-loop-item__meta-author ee-post-meta-author ee-post-meta-item\">Lawyers.cv<\/span>\n                                                                                                                <span class=\"bde-loop-item__meta-date bde-loop-item__meta-item ee-post-meta-date ee-post-meta-item\">\n                                    15\/04\/2026                                <\/span>\n                                                                                                            <span class=\"bde-loop-item__comments bde-loop-item__meta-item ee-post-meta-comments ee-post-meta-item\">No Comments<\/span>\n                                                    \n                <\/div>\n                            <div class=\"bde-loop-item__content ee-post-content\">\n                    Estes dados foram avan&ccedil;ados, na visita realizada esta quarta-feira, 15 de abril de 2025, pela Ministra de Estado[5] e da Defesa Nacional, Janine L&eacute;lis, que registou com satisfa&ccedil;&atilde;o &ldquo;o n&iacute;vel&hellip;                <\/div>\n            \n        \n    \n    \n    \n                            \n            \n                    \n            \n            \n\n    \n    \n    \n    \n                            \n    <a class=\"breakdance-link button-atom button-atom--primary bde-loop-item__button ee-post-button\" href=\"https:\/\/www.governo.cv\/em-dois-meses-de-operacao-o-king-air-ja-realizou-cinco-missoes-de-evacuacao-medica-2-da-boa-vista-2-do-fogo-e-1-da-ilha-do-sal\/\" target=\"_self\" data-type=\"url\" aria-label=\"Read more about Em dois meses de opera\u00e7\u00e3o, o King Air j\u00e1 realizou cinco miss\u00f5es de evacua\u00e7\u00e3o m\u00e9dica (2 da Boa Vista, 2 do Fogo e 1 da ilha do Sal)\" rel=\"noopener noreferrer nofollow\">\n\n    \n        <span class=\"button-atom__text\">Read more<\/span>\n\n        \n        \n                <\/a>\n\n    \n\n\n\n\n            \n        <\/div>\n\n    <\/article>\n\n    <article class=\"bde-loop-item ee-post\" data-filters=\"109\">\n                                <a class=\"bde-loop-item__image-link ee-post-image-link\" href=\"https:\/\/www.governo.cv\/ministro-amadeu-cruz-destaca-resultados-extraordinarios-da-educacao-na-brava-e-convergencia-com-media-nacional\/\" tabindex=\"-1\" target=\"_blank\" rel=\"noopener noreferrer nofollow\">\n                <div class=\"bde-loop-item__image ee-post-image\">\n                     <img loading=\"lazy\" decoding=\"async\" src=\"data:image\/svg+xml;base64,PHN2ZyB4bWxucz0iaHR0cDovL3d3dy53My5vcmcvMjAwMC9zdmciIHdpZHRoPSI1NDAiIGhlaWdodD0iNTQwIiB2aWV3Qm94PSIwIDAgMTQwIDE0MCI+PHBhdGggZD0iTTAgMGgxNDB2MTQwSDB6IiBmaWxsPSIjZTVlN2ViIi8+PHBhdGggZD0iTTg4IDgyLjQ2SDUxLjh2LTQuNTJsNi43NC02Ljc0YTEuMTMgMS4xMyAwIDAxMS42IDBsNS4yMyA1LjIzIDEyLjc2LTEyLjc3YTEuMTMgMS4xMyAwIDAxMS42IDBMODggNzEuOTF6IiBmaWxsPSIjZTVlN2ViIi8+PHBhdGggZD0iTTg5LjQ4IDUyLjMySDUwLjI5YTQuNTIgNC41MiAwIDAwLTQuNTIgNC41MlY4NGE0LjUzIDQuNTMgMCAwMDQuNTIgNC41MmgzOS4xOUE0LjUyIDQuNTIgMCAwMDk0IDg0VjU2Ljg0YTQuNTIgNC41MiAwIDAwLTQuNTItNC41MnptLTMzLjE2IDUuMjdhNS4yOCA1LjI4IDAgMTEtNS4yNyA1LjI4IDUuMjcgNS4yNyAwIDAxNS4yNy01LjI4ek04OCA4Mi40Nkg1MS44di00LjUybDYuNzQtNi43NGExLjEzIDEuMTMgMCAwMTEuNiAwbDUuMjMgNS4yMyAxMi43Ni0xMi43N2ExLjEzIDEuMTMgMCAwMTEuNiAwTDg4IDcxLjkxeiIgZmlsbD0iI2QxZDVkYiIvPjwvc3ZnPg==\" width=\"540\" height=\"540\" alt=\"\">                <\/div>\n            <\/a>\n        \n        \n        <div class=\"bde-loop-item__wrap ee-post-wrap\">\n            \n                            <h3 class=\"ee-post-title\" >\n                    <a class=\"bde-loop-item__title-link ee-post-title-link\" href=\"https:\/\/www.governo.cv\/ministro-amadeu-cruz-destaca-resultados-extraordinarios-da-educacao-na-brava-e-convergencia-com-media-nacional\/\" tabindex=\"-1\" target=\"_blank\" rel=\"noopener noreferrer nofollow\">\n                        Ministro Amadeu Cruz destaca resultados \u201cextraordin\u00e1rios\u201d da educa\u00e7\u00e3o na Brava e converg\u00eancia com m\u00e9dia nacional                    <\/a>\n                <\/h3>\n                            <div class=\"bde-loop-item__post-meta ee-post-meta\">\n                                                                                <span class=\"bde-loop-item__meta-item bde-loop-item__meta-author ee-post-meta-author ee-post-meta-item\">Lawyers.cv<\/span>\n                                                                                                                <span class=\"bde-loop-item__meta-date bde-loop-item__meta-item ee-post-meta-date ee-post-meta-item\">\n                                    15\/04\/2026                                <\/span>\n                                                                                                            <span class=\"bde-loop-item__comments bde-loop-item__meta-item ee-post-meta-comments ee-post-meta-item\">No Comments<\/span>\n                                                    \n                <\/div>\n                            <div class=\"bde-loop-item__content ee-post-content\">\n                    O Ministro da Educa&ccedil;&atilde;o, Amadeu Cruz, afirmou,&nbsp; que o setor da educa&ccedil;&atilde;o na Brava apresenta resultados extraordin&aacute;rios, sublinhando que os indicadores de avalia&ccedil;&atilde;o das aprendizagens mostram uma converg&ecirc;ncia total da&hellip;                <\/div>\n            \n        \n    \n    \n    \n                            \n            \n                    \n            \n            \n\n    \n    \n    \n    \n                            \n    <a class=\"breakdance-link button-atom button-atom--primary bde-loop-item__button ee-post-button\" href=\"https:\/\/www.governo.cv\/ministro-amadeu-cruz-destaca-resultados-extraordinarios-da-educacao-na-brava-e-convergencia-com-media-nacional\/\" target=\"_self\" data-type=\"url\" aria-label=\"Read more about Ministro Amadeu Cruz destaca resultados \u201cextraordin\u00e1rios\u201d da educa\u00e7\u00e3o na Brava e converg\u00eancia com m\u00e9dia nacional\" rel=\"noopener noreferrer nofollow\">\n\n    \n        <span class=\"button-atom__text\">Read more<\/span>\n\n        \n        \n                <\/a>\n\n    \n\n\n\n\n            \n        <\/div>\n\n    <\/article>\n\n    <article class=\"bde-loop-item ee-post\" data-filters=\"109\">\n                                <a class=\"bde-loop-item__image-link ee-post-image-link\" href=\"https:\/\/www.governo.cv\/nota-de-esclarecimento-sobre-a-nomeacao-da-diretora-nacional-de-administracao-publica\/\" tabindex=\"-1\" target=\"_blank\" rel=\"noopener noreferrer nofollow\">\n                <div class=\"bde-loop-item__image ee-post-image\">\n                     <img loading=\"lazy\" decoding=\"async\" src=\"data:image\/svg+xml;base64,PHN2ZyB4bWxucz0iaHR0cDovL3d3dy53My5vcmcvMjAwMC9zdmciIHdpZHRoPSI1NDAiIGhlaWdodD0iNTQwIiB2aWV3Qm94PSIwIDAgMTQwIDE0MCI+PHBhdGggZD0iTTAgMGgxNDB2MTQwSDB6IiBmaWxsPSIjZTVlN2ViIi8+PHBhdGggZD0iTTg4IDgyLjQ2SDUxLjh2LTQuNTJsNi43NC02Ljc0YTEuMTMgMS4xMyAwIDAxMS42IDBsNS4yMyA1LjIzIDEyLjc2LTEyLjc3YTEuMTMgMS4xMyAwIDAxMS42IDBMODggNzEuOTF6IiBmaWxsPSIjZTVlN2ViIi8+PHBhdGggZD0iTTg5LjQ4IDUyLjMySDUwLjI5YTQuNTIgNC41MiAwIDAwLTQuNTIgNC41MlY4NGE0LjUzIDQuNTMgMCAwMDQuNTIgNC41MmgzOS4xOUE0LjUyIDQuNTIgMCAwMDk0IDg0VjU2Ljg0YTQuNTIgNC41MiAwIDAwLTQuNTItNC41MnptLTMzLjE2IDUuMjdhNS4yOCA1LjI4IDAgMTEtNS4yNyA1LjI4IDUuMjcgNS4yNyAwIDAxNS4yNy01LjI4ek04OCA4Mi40Nkg1MS44di00LjUybDYuNzQtNi43NGExLjEzIDEuMTMgMCAwMTEuNiAwbDUuMjMgNS4yMyAxMi43Ni0xMi43N2ExLjEzIDEuMTMgMCAwMTEuNiAwTDg4IDcxLjkxeiIgZmlsbD0iI2QxZDVkYiIvPjwvc3ZnPg==\" width=\"540\" height=\"540\" alt=\"\">                <\/div>\n            <\/a>\n        \n        \n        <div class=\"bde-loop-item__wrap ee-post-wrap\">\n            \n                            <h3 class=\"ee-post-title\" >\n                    <a class=\"bde-loop-item__title-link ee-post-title-link\" href=\"https:\/\/www.governo.cv\/nota-de-esclarecimento-sobre-a-nomeacao-da-diretora-nacional-de-administracao-publica\/\" tabindex=\"-1\" target=\"_blank\" rel=\"noopener noreferrer nofollow\">\n                        A nomea\u00e7\u00e3o da Diretora Nacional de Administra\u00e7\u00e3o P\u00fablica                    <\/a>\n                <\/h3>\n                            <div class=\"bde-loop-item__post-meta ee-post-meta\">\n                                                                                <span class=\"bde-loop-item__meta-item bde-loop-item__meta-author ee-post-meta-author ee-post-meta-item\">Lawyers.cv<\/span>\n                                                                                                                <span class=\"bde-loop-item__meta-date bde-loop-item__meta-item ee-post-meta-date ee-post-meta-item\">\n                                    14\/04\/2026                                <\/span>\n                                                                                                            <span class=\"bde-loop-item__comments bde-loop-item__meta-item ee-post-meta-comments ee-post-meta-item\">No Comments<\/span>\n                                                    \n                <\/div>\n                            <div class=\"bde-loop-item__content ee-post-content\">\n                    Por ter vindo a p&uacute;blico not&iacute;cias sobre a alegada ilegalidade de nomea&ccedil;&atilde;o da nova Diretora Nacional da Administra&ccedil;&atilde;o P&uacute;blica[6], o Minist&eacute;rio da Moderniza&ccedil;&atilde;o do Estado e da Administra&ccedil;&atilde;o P&uacute;blica vem&hellip;                <\/div>\n            \n        \n    \n    \n    \n                            \n            \n                    \n            \n            \n\n    \n    \n    \n    \n                            \n    <a class=\"breakdance-link button-atom button-atom--primary bde-loop-item__button ee-post-button\" href=\"https:\/\/www.governo.cv\/nota-de-esclarecimento-sobre-a-nomeacao-da-diretora-nacional-de-administracao-publica\/\" target=\"_self\" data-type=\"url\" aria-label=\"Read more about A nomea\u00e7\u00e3o da Diretora Nacional de Administra\u00e7\u00e3o P\u00fablica\" rel=\"noopener noreferrer nofollow\">\n\n    \n        <span class=\"button-atom__text\">Read more<\/span>\n\n        \n        \n                <\/a>\n\n    \n\n\n\n\n            \n        <\/div>\n\n    <\/article>\n\n<div class=\"bde-loop-item-gutter ee-post-gutter\"><\/div><div class=\"bde-loop-item-sizer ee-post-sizer\"><\/div><\/div><\/div><div class=\"bde-div-1670-116 bde-div\">\n  \n  \n\t\n\n\n\n<div class=\"bde-image-hover-card-1670-117 bde-image-hover-card\">\n<figure class=\"ee-imagehover c4-izmir c4-border-bottom c4-image-zoom-in\">\n    <img loading=\"lazy\" decoding=\"async\" class=\"breakdance-image-object\" src=\"https:\/\/breakdancelibrary.com\/law-order\/wp-content\/uploads\/sites\/20\/2022\/12\/attorney1_home_law-order.png\" width=\"256\" height=\"362\" srcset=\"https:\/\/breakdancelibrary.com\/law-order\/wp-content\/uploads\/sites\/20\/2022\/12\/attorney1_home_law-order.png 256w, https:\/\/breakdancelibrary.com\/law-order\/wp-content\/uploads\/sites\/20\/2022\/12\/attorney1_home_law-order-212x300.png 212w\" sizes=\"(max-width: 256px) 100vw, 256px\">\n  <figcaption class=\"c4-layout-bottom-center\">\n                <div class=\"c4-reveal-right c4-delay-200\">\n              <h3 class=\"ee-imagehover-title\">Clair Jones<\/h3>\n      <\/div>\n                <div class=\"c4-reveal-right c4-delay-400\">\n              <h3 class=\"ee-imagehover-title\">Creative Director<\/h3>\n      <\/div>\n      <\/figcaption>\n<\/figure>\n<\/div><div class=\"bde-image-hover-card-1670-118 bde-image-hover-card\">\n<figure class=\"ee-imagehover c4-izmir c4-border-bottom c4-image-zoom-in\">\n    <img loading=\"lazy\" decoding=\"async\" class=\"breakdance-image-object\" src=\"https:\/\/breakdancelibrary.com\/law-order\/wp-content\/uploads\/sites\/20\/2022\/12\/attorney2_home_law-order.png\" width=\"256\" height=\"362\" srcset=\"https:\/\/breakdancelibrary.com\/law-order\/wp-content\/uploads\/sites\/20\/2022\/12\/attorney2_home_law-order.png 256w, https:\/\/breakdancelibrary.com\/law-order\/wp-content\/uploads\/sites\/20\/2022\/12\/attorney2_home_law-order-212x300.png 212w\" sizes=\"(max-width: 256px) 100vw, 256px\">\n  <figcaption class=\"c4-layout-bottom-center\">\n                <div class=\"c4-reveal-right c4-delay-200\">\n              <h3 class=\"ee-imagehover-title\">Clair Jones<\/h3>\n      <\/div>\n                <div class=\"c4-reveal-right c4-delay-400\">\n              <h3 class=\"ee-imagehover-title\">Creative Director<\/h3>\n      <\/div>\n      <\/figcaption>\n<\/figure>\n<\/div><div class=\"bde-image-hover-card-1670-119 bde-image-hover-card\">\n<figure class=\"ee-imagehover c4-izmir c4-border-bottom c4-image-zoom-in\">\n    <img loading=\"lazy\" decoding=\"async\" class=\"breakdance-image-object\" src=\"https:\/\/breakdancelibrary.com\/law-order\/wp-content\/uploads\/sites\/20\/2022\/12\/attorney1_home_law-order.png\" width=\"256\" height=\"362\" srcset=\"https:\/\/breakdancelibrary.com\/law-order\/wp-content\/uploads\/sites\/20\/2022\/12\/attorney1_home_law-order.png 256w, https:\/\/breakdancelibrary.com\/law-order\/wp-content\/uploads\/sites\/20\/2022\/12\/attorney1_home_law-order-212x300.png 212w\" sizes=\"(max-width: 256px) 100vw, 256px\">\n  <figcaption class=\"c4-layout-bottom-center\">\n                <div class=\"c4-reveal-right c4-delay-200\">\n              <h3 class=\"ee-imagehover-title\">Clair Jones<\/h3>\n      <\/div>\n                <div class=\"c4-reveal-right c4-delay-400\">\n              <h3 class=\"ee-imagehover-title\">Creative Director<\/h3>\n      <\/div>\n      <\/figcaption>\n<\/figure>\n<\/div><div class=\"bde-image-hover-card-1670-120 bde-image-hover-card\">\n<figure class=\"ee-imagehover c4-izmir c4-border-bottom c4-image-zoom-in\">\n    <img loading=\"lazy\" decoding=\"async\" class=\"breakdance-image-object\" src=\"https:\/\/breakdancelibrary.com\/law-order\/wp-content\/uploads\/sites\/20\/2022\/12\/attorney3_home_law-order.png\" width=\"256\" height=\"362\" srcset=\"https:\/\/breakdancelibrary.com\/law-order\/wp-content\/uploads\/sites\/20\/2022\/12\/attorney3_home_law-order.png 256w, https:\/\/breakdancelibrary.com\/law-order\/wp-content\/uploads\/sites\/20\/2022\/12\/attorney3_home_law-order-212x300.png 212w\" sizes=\"(max-width: 256px) 100vw, 256px\">\n  <figcaption class=\"c4-layout-bottom-center\">\n                <div class=\"c4-reveal-right c4-delay-200\">\n              <h3 class=\"ee-imagehover-title\">Clair Jones<\/h3>\n      <\/div>\n                <div class=\"c4-reveal-right c4-delay-400\">\n              <h3 class=\"ee-imagehover-title\">Creative Director<\/h3>\n      <\/div>\n      <\/figcaption>\n<\/figure>\n<\/div><div class=\"bde-image-hover-card-1670-121 bde-image-hover-card\">\n<figure class=\"ee-imagehover c4-izmir c4-border-bottom c4-image-zoom-in\">\n    <img loading=\"lazy\" decoding=\"async\" class=\"breakdance-image-object\" src=\"https:\/\/breakdancelibrary.com\/law-order\/wp-content\/uploads\/sites\/20\/2022\/12\/attorney4_law-order.png\" width=\"256\" height=\"362\" srcset=\"https:\/\/breakdancelibrary.com\/law-order\/wp-content\/uploads\/sites\/20\/2022\/12\/attorney4_law-order.png 256w, https:\/\/breakdancelibrary.com\/law-order\/wp-content\/uploads\/sites\/20\/2022\/12\/attorney4_law-order-212x300.png 212w\" sizes=\"(max-width: 256px) 100vw, 256px\">\n  <figcaption class=\"c4-layout-bottom-center\">\n                <div class=\"c4-reveal-right c4-delay-200\">\n              <h3 class=\"ee-imagehover-title\">Clair Jones<\/h3>\n      <\/div>\n                <div class=\"c4-reveal-right c4-delay-400\">\n              <h3 class=\"ee-imagehover-title\">Creative Director<\/h3>\n      <\/div>\n      <\/figcaption>\n<\/figure>\n<\/div><div class=\"bde-image-hover-card-1670-122 bde-image-hover-card\">\n<figure class=\"ee-imagehover c4-izmir c4-border-bottom c4-image-zoom-in\">\n    <img loading=\"lazy\" decoding=\"async\" class=\"breakdance-image-object\" src=\"https:\/\/breakdancelibrary.com\/law-order\/wp-content\/uploads\/sites\/20\/2022\/12\/attorney5_law-order.png\" width=\"256\" height=\"362\" srcset=\"https:\/\/breakdancelibrary.com\/law-order\/wp-content\/uploads\/sites\/20\/2022\/12\/attorney5_law-order.png 256w, https:\/\/breakdancelibrary.com\/law-order\/wp-content\/uploads\/sites\/20\/2022\/12\/attorney5_law-order-212x300.png 212w\" sizes=\"(max-width: 256px) 100vw, 256px\">\n  <figcaption class=\"c4-layout-bottom-center\">\n                <div class=\"c4-reveal-right c4-delay-200\">\n              <h3 class=\"ee-imagehover-title\">Clair Jones<\/h3>\n      <\/div>\n                <div class=\"c4-reveal-right c4-delay-400\">\n              <h3 class=\"ee-imagehover-title\">Creative Director<\/h3>\n      <\/div>\n      <\/figcaption>\n<\/figure>\n<\/div><div class=\"bde-image-hover-card-1670-123 bde-image-hover-card\">\n<figure class=\"ee-imagehover c4-izmir c4-border-bottom c4-image-zoom-in\">\n    <img loading=\"lazy\" decoding=\"async\" class=\"breakdance-image-object\" src=\"https:\/\/breakdancelibrary.com\/law-order\/wp-content\/uploads\/sites\/20\/2022\/12\/attorney6_law-order.png\" width=\"256\" height=\"362\" srcset=\"https:\/\/breakdancelibrary.com\/law-order\/wp-content\/uploads\/sites\/20\/2022\/12\/attorney6_law-order.png 256w, https:\/\/breakdancelibrary.com\/law-order\/wp-content\/uploads\/sites\/20\/2022\/12\/attorney6_law-order-212x300.png 212w\" sizes=\"(max-width: 256px) 100vw, 256px\">\n  <figcaption class=\"c4-layout-bottom-center\">\n                <div class=\"c4-reveal-right c4-delay-200\">\n              <h3 class=\"ee-imagehover-title\">Clair Jones<\/h3>\n      <\/div>\n                <div class=\"c4-reveal-right c4-delay-400\">\n              <h3 class=\"ee-imagehover-title\">Creative Director<\/h3>\n      <\/div>\n      <\/figcaption>\n<\/figure>\n<\/div><div class=\"bde-image-hover-card-1670-124 bde-image-hover-card\">\n<figure class=\"ee-imagehover c4-izmir c4-border-bottom c4-image-zoom-in\">\n    <img loading=\"lazy\" decoding=\"async\" class=\"breakdance-image-object\" src=\"https:\/\/breakdancelibrary.com\/law-order\/wp-content\/uploads\/sites\/20\/2022\/12\/attorney7_law-order.png\" width=\"256\" height=\"362\" srcset=\"https:\/\/breakdancelibrary.com\/law-order\/wp-content\/uploads\/sites\/20\/2022\/12\/attorney7_law-order.png 256w, https:\/\/breakdancelibrary.com\/law-order\/wp-content\/uploads\/sites\/20\/2022\/12\/attorney7_law-order-212x300.png 212w\" sizes=\"(max-width: 256px) 100vw, 256px\">\n  <figcaption class=\"c4-layout-bottom-center\">\n                <div class=\"c4-reveal-right c4-delay-200\">\n              <h3 class=\"ee-imagehover-title\">Clair Jones<\/h3>\n      <\/div>\n                <div class=\"c4-reveal-right c4-delay-400\">\n              <h3 class=\"ee-imagehover-title\">Creative Director<\/h3>\n      <\/div>\n      <\/figcaption>\n<\/figure>\n<\/div>\n<\/div><div class=\"bde-div-1670-125 bde-div\">\n  \n  \n\t\n\n\n\n<h2 class=\"bde-heading-1670-126 bde-heading\">\nStay informed with the latest news\n<\/h2><div class=\"bde-text-1670-127 bde-text\">\nDon't miss any important updates! Visit our news page for the latest releases and official information directly from the government and other reliable sources.\n<\/div><div class=\"bde-button-1670-128 bde-button\">\n        \n    \n    \n    \n    \n            \n                    \n            \n            \n\n    \n    \n    \n    \n    \n    <a class=\"breakdance-link button-atom button-atom--primary bde-button__button\" href=\"https:\/\/advogados.cv\/en\/news\/\" target=\"_self\" data-type=\"url\">\n\n    \n        <span class=\"button-atom__text\">See All News<\/span>\n\n        \n        \n                <\/a>\n\n    \n\n\n<\/div>\n<\/div><div class=\"bde-columns-1670-129 bde-columns\"><div class=\"bde-column-1670-130 bde-column\">\n  \n  \n\t\n\n\n\n<div class=\"bde-text-1670-131 bde-text\">\nwe are devoted to providing you with every<br>latest news. subscribe to get our latest news, articles and blogs.\n<\/div><div class=\"bde-text-1670-132 bde-text\">\nsubscribe to our newsletter\n<\/div><div class=\"bde-form-builder-1670-133 bde-form-builder\">\n\n<form id=\"contact-form133\" class=\"breakdance-form breakdance-form--horizontal\" data-options=\"{&quot;slug&quot;:&quot;custom&quot;,&quot;name&quot;:&quot;Contact Form&quot;,&quot;ajaxUrl&quot;:&quot;https:\\\/\\\/advogados.cv\\\/wp-admin\\\/admin-ajax.php&quot;,&quot;clearOnSuccess&quot;:true,&quot;hideOnSuccess&quot;:false,&quot;successMessage&quot;:&quot;Your message has been received!&quot;,&quot;errorMessage&quot;:&quot;Something went wrong&quot;,&quot;redirect&quot;:false,&quot;redirectUrl&quot;:&quot;&quot;,&quot;customJavaScript&quot;:&quot;&quot;,&quot;recaptcha&quot;:{&quot;key&quot;:&quot;&quot;,&quot;enabled&quot;:false},&quot;honeypot_enabled&quot;:false,&quot;popupsOnSuccess&quot;:[],&quot;popupsOnError&quot;:[]}\" data-steps=\"0\" >\n  \n  \n  \n<div class=\"breakdance-form-field breakdance-form-field--email\" >\n    \n    \n            <label class=\"breakdance-form-field__label\" for=\"email\">\n            Email<span class=\"breakdance-form-field__required\">*<\/span>\n        <\/label>\n    \n    <input\n    class=\"breakdance-form-field__input\"\n    id=\"email\"\n    aria-describedby=\"email\"\n    type=\"email\"\n    name=\"fields[email]\"\n    placeholder=\"E-mail address\"\n    value=\"\"\n                \n        \n        \n    required\n>\n\n\n    \n    \n<\/div><div class=\"breakdance-form-field breakdance-form-footer\">    \n    \n    \n    \n    \n            \n            <button type=\"submit\" class=\"button-atom button-atom--primary breakdance-form-button breakdance-form-button__submit\"  >\n    \n        <span class=\"button-atom__text\">Subscribe<\/span>\n\n        \n        \n            <\/button>\n    \n    <input type=\"hidden\" name=\"form_id\" value=\"133\">\n    <input type=\"hidden\" name=\"post_id\" value=\"1670\">\n<\/div>\n\n  \n<input type=\"hidden\" name=\"trp-form-language\" value=\"en\"\/><\/form>\n\n\n<\/div>\n<\/div><div class=\"bde-column-1670-134 bde-column\">\n  \n  \n\t\n\n\n\n<div class=\"bde-post-loop-1670-135 bde-post-loop\"><div class=\"bde-loop bde-loop-grid ee-posts ee-posts-grid\">    <article class=\"bde-loop-item ee-post\">\n            <\/article>\n    <article class=\"bde-loop-item ee-post\">\n            <\/article>\n<\/div>\r\n<\/div>\n<\/div><\/div><\/div>\n<\/section><footer class=\"bde-section-1670-136 bde-section\">\n  \n  \n\t\n\n\n\n<div class=\"section-container\"><div class=\"bde-columns-1670-137 bde-columns\"><div class=\"bde-column-1670-138 bde-column\">\n  \n  \n\t\n\n\n\n<div class=\"bde-image-1670-139 bde-image\">\n<figure class=\"breakdance-image breakdance-image--34\">\n\t<div class=\"breakdance-image-container\">\n\t\t<div class=\"breakdance-image-clip\"><img loading=\"lazy\" decoding=\"async\" class=\"breakdance-image-object\" src=\"https:\/\/breakdancelibrary.com\/law-order\/wp-content\/uploads\/sites\/20\/2022\/12\/logo-regular_law-order.svg\" width=\"148\" height=\"20\" sizes=\"(max-width: 148px) 100vw, 148px\"><\/div>\n\t<\/div><\/figure>\n\n<\/div><div class=\"bde-text-1670-140 bde-text\">\nElit senectus egestas blandit diam in sed tincidunt nisl. Hendrerit gravida eget tristique morbi.\n<\/div><div class=\"bde-social-icons-1670-141 bde-social-icons\">\n                  \n            \n            \n\n    \n    \n    \n    \n    \n    <a class=\"breakdance-link bde-social-icons__icon-wrapper bde-social-icons__icon-facebook\" href=\"https:\/\/www.facebook.com\/\" target=\"_self\" data-type=\"url\" aria-label=\"facebook\" rel=\"noopener noreferrer nofollow\">\n\n             <svg xmlns=\"http:\/\/www.w3.org\/2000\/svg\" width=\"100%\" viewbox=\"0 0 24 24\">\n            <path d=\"M9 8h-3v4h3v12h5v-12h3.642l.358-4h-4v-1.667c0-.955.192-1.333 1.115-1.333h2.885v-5h-3.808c-3.596 0-5.192 1.583-5.192 4.615v3.385z\"\/>\n       <\/svg>\n              <\/a>\n\n                    \n            \n            \n\n    \n    \n    \n    \n    \n    <a class=\"breakdance-link bde-social-icons__icon-wrapper bde-social-icons__icon-instagram\" href=\"https:\/\/www.instagram.com\/\" target=\"_self\" data-type=\"url\" aria-label=\"instagram\" rel=\"noopener noreferrer nofollow\">\n\n             <svg xmlns=\"http:\/\/www.w3.org\/2000\/svg\" width=\"100%\" viewbox=\"0 0 24 24\">\n            <path d=\"M12 2.163c3.204 0 3.584.012 4.85.07 3.252.148 4.771 1.691 4.919 4.919.058 1.265.069 1.645.069 4.849 0 3.205-.012 3.584-.069 4.849-.149 3.225-1.664 4.771-4.919 4.919-1.266.058-1.644.07-4.85.07-3.204 0-3.584-.012-4.849-.07-3.26-.149-4.771-1.699-4.919-4.92-.058-1.265-.07-1.644-.07-4.849 0-3.204.013-3.583.07-4.849.149-3.227 1.664-4.771 4.919-4.919 1.266-.057 1.645-.069 4.849-.069zm0-2.163c-3.259 0-3.667.014-4.947.072-4.358.2-6.78 2.618-6.98 6.98-.059 1.281-.073 1.689-.073 4.948 0 3.259.014 3.668.072 4.948.2 4.358 2.618 6.78 6.98 6.98 1.281.058 1.689.072 4.948.072 3.259 0 3.668-.014 4.948-.072 4.354-.2 6.782-2.618 6.979-6.98.059-1.28.073-1.689.073-4.948 0-3.259-.014-3.667-.072-4.947-.196-4.354-2.617-6.78-6.979-6.98-1.281-.059-1.69-.073-4.949-.073zm0 5.838c-3.403 0-6.162 2.759-6.162 6.162s2.759 6.163 6.162 6.163 6.162-2.759 6.162-6.163c0-3.403-2.759-6.162-6.162-6.162zm0 10.162c-2.209 0-4-1.79-4-4 0-2.209 1.791-4 4-4s4 1.791 4 4c0 2.21-1.791 4-4 4zm6.406-11.845c-.796 0-1.441.645-1.441 1.44s.645 1.44 1.441 1.44c.795 0 1.439-.645 1.439-1.44s-.644-1.44-1.439-1.44z\"\/>\n       <\/svg>\n              <\/a>\n\n                    \n            \n            \n\n    \n    \n    \n    \n    \n    <a class=\"breakdance-link bde-social-icons__icon-wrapper bde-social-icons__icon-twitter\" href=\"https:\/\/twitter.com\/\" target=\"_self\" data-type=\"url\" aria-label=\"twitter\" rel=\"noopener noreferrer nofollow\">\n\n              <svg xmlns=\"http:\/\/www.w3.org\/2000\/svg\" width=\"100%\" viewbox=\"0 0 512 512\">\n          <path d=\"M389.2 48h70.6L305.6 224.2 487 464H345L233.7 318.6 106.5 464H35.8L200.7 275.5 26.8 48H172.4L272.9 180.9 389.2 48zM364.4 421.8h39.1L151.1 88h-42L364.4 421.8z\" \/>\n        <\/svg>\n              <\/a>\n\n                    \n            \n            \n\n    \n    \n    \n    \n    \n    <a class=\"breakdance-link bde-social-icons__icon-wrapper bde-social-icons__icon-linkedin\" href=\"http:\/\/linkedin.com\/\" target=\"_self\" data-type=\"url\" aria-label=\"linkedin\" rel=\"noopener noreferrer nofollow\">\n\n             <svg xmlns=\"http:\/\/www.w3.org\/2000\/svg\" width=\"100%\" viewbox=\"-4 -2 32 32\">\n            <path d=\"M4.98 3.5c0 1.381-1.11 2.5-2.48 2.5s-2.48-1.119-2.48-2.5c0-1.38 1.11-2.5 2.48-2.5s2.48 1.12 2.48 2.5zm.02 4.5h-5v16h5v-16zm7.982 0h-4.968v16h4.969v-8.399c0-4.67 6.029-5.052 6.029 0v8.399h4.988v-10.131c0-7.88-8.922-7.593-11.018-3.714v-2.155z\"\/>\n       <\/svg>\n              <\/a>\n\n    \n<\/div>\n<\/div><div class=\"bde-column-1670-142 bde-column\">\n  \n  \n\t\n\n\n\n<h3 class=\"bde-heading-1670-143 bde-heading\">\nConnect\n<\/h3><div class=\"bde-text-1670-144 bde-text\">\nA: 400 broad st, Seattle, western Australia, 98109<br>E: lawandorder@gmail.com\n<\/div><div class=\"bde-text-1670-145 bde-text\">\n+1 (605) 475 6968\n<\/div>\n<\/div><div class=\"bde-column-1670-146 bde-column\">\n  \n  \n\t\n\n\n\n<h3 class=\"bde-heading-1670-147 bde-heading\">\nQuick links\n<\/h3><ul class=\"bde-basic-list-1670-148 bde-basic-list\">\n  <li class='bde-basic-list-item-with-link' >    \n                  \n            \n            \n\n    \n    \n    \n    \n    \n    <a class=\"breakdance-link\" href=\"https:\/\/breakdancelibrary.com\/law-order\/about-us\/\" target=\"_self\" data-type=\"url\" rel=\"noopener noreferrer nofollow\">\n\n          About Law &amp; Order\n              <\/a>\n\n      <\/li>\n  <li class='bde-basic-list-item-with-link' >    \n                  \n            \n            \n\n    \n    \n    \n    \n    \n    <a class=\"breakdance-link\" href=\"https:\/\/breakdancelibrary.com\/law-order\/services\/\" target=\"_self\" data-type=\"url\" rel=\"noopener noreferrer nofollow\">\n\n          Our services\n              <\/a>\n\n      <\/li>\n  <li class='bde-basic-list-item-with-link' >    \n                  \n            \n            \n\n    \n    \n    \n    \n    \n    <a class=\"breakdance-link\" href=\"https:\/\/breakdancelibrary.com\/law-order\/case-studies\/\" target=\"_self\" data-type=\"url\" rel=\"noopener noreferrer nofollow\">\n\n          Case studies\n              <\/a>\n\n      <\/li>\n  <li class='bde-basic-list-item-with-link' >    \n                  \n            \n            \n\n    \n    \n    \n    \n    \n    <a class=\"breakdance-link\" href=\"https:\/\/breakdancelibrary.com\/law-order\/news\/\" target=\"_self\" data-type=\"url\" rel=\"noopener noreferrer nofollow\">\n\n          Latest articles\n              <\/a>\n\n      <\/li>\n  <li class='bde-basic-list-item-with-link' >    \n                  \n            \n            \n\n    \n    \n    \n    \n    \n    <a class=\"breakdance-link\" href=\"https:\/\/breakdancelibrary.com\/law-order\/contact\/\" target=\"_self\" data-type=\"url\" rel=\"noopener noreferrer nofollow\">\n\n          Contact\n              <\/a>\n\n      <\/li>\n<\/ul>\n<\/div><div class=\"bde-column-1670-149 bde-column\">\n  \n  \n\t\n\n\n\n<h3 class=\"bde-heading-1670-150 bde-heading\">\nNewsletter\n<\/h3><div class=\"bde-form-builder-1670-151 bde-form-builder\">\n\n<form id=\"contact-form151\" class=\"breakdance-form breakdance-form--vertical\" data-options=\"{&quot;slug&quot;:&quot;custom&quot;,&quot;name&quot;:&quot;Contact Form&quot;,&quot;ajaxUrl&quot;:&quot;https:\\\/\\\/advogados.cv\\\/wp-admin\\\/admin-ajax.php&quot;,&quot;clearOnSuccess&quot;:true,&quot;hideOnSuccess&quot;:false,&quot;successMessage&quot;:&quot;Your message has been received!&quot;,&quot;errorMessage&quot;:&quot;Something went wrong&quot;,&quot;redirect&quot;:false,&quot;redirectUrl&quot;:&quot;&quot;,&quot;customJavaScript&quot;:&quot;&quot;,&quot;recaptcha&quot;:{&quot;key&quot;:&quot;&quot;,&quot;enabled&quot;:false},&quot;honeypot_enabled&quot;:false,&quot;popupsOnSuccess&quot;:[],&quot;popupsOnError&quot;:[]}\" data-steps=\"0\" >\n  \n  \n  \n<div class=\"breakdance-form-field breakdance-form-field--email\" >\n    \n    \n            <label class=\"breakdance-form-field__label\" for=\"email\">\n            Email<span class=\"breakdance-form-field__required\">*<\/span>\n        <\/label>\n    \n    <input\n    class=\"breakdance-form-field__input\"\n    id=\"email\"\n    aria-describedby=\"email\"\n    type=\"email\"\n    name=\"fields[email]\"\n    placeholder=\"Enter E-Mail\"\n    value=\"\"\n                \n        \n        \n    required\n>\n\n\n    \n    \n<\/div>\n\n\n<div class=\"breakdance-form-field breakdance-form-field--checkbox\" >\n    \n    \n    \n    <fieldset role=\"group\"\n    aria-label=\"Name\"\n    >\n       <legend class=\"breakdance-form-field__label\">Name<span class=\"breakdance-form-field__required\">*<\/span><\/legend>\n          <div class=\"breakdance-form-checkbox\">\n          <input\n              type=\"checkbox\"\n              name=\"fields[bmofnk]\"\n              value=\"i agree to the privacy policy\"\n              id=\"bmofnk-1\"\n              \n              \n                        >\n          <label class=\"breakdance-form-checkbox__text\" for=\"bmofnk-1\">i agree to the privacy policy<\/label>\n      <\/div>\n  <\/fieldset>\n\n\n\n    \n    \n<\/div><div class=\"breakdance-form-field breakdance-form-footer\">    \n    \n    \n    \n    \n            \n            <button type=\"submit\" class=\"button-atom button-atom--primary breakdance-form-button breakdance-form-button__submit\"  >\n    \n        <span class=\"button-atom__text\">Subscribe<\/span>\n\n        \n        \n            <\/button>\n    \n    <input type=\"hidden\" name=\"form_id\" value=\"151\">\n    <input type=\"hidden\" name=\"post_id\" value=\"1670\">\n<\/div>\n\n  \n<input type=\"hidden\" name=\"trp-form-language\" value=\"en\"\/><\/form>\n\n\n<\/div>\n<\/div><\/div><\/div>\n<\/footer><section class=\"bde-section-1670-152 bde-section\">\n  \n  \n\t\n\n\n\n<div class=\"section-container\"><div class=\"bde-text-1670-153 bde-text\">\nlaw &amp; order \u00a9 2022. All Rights Reserved.\n<\/div><div class=\"bde-back-to-top-1670-154 bde-back-to-top bde-back-to-top--icon is-sticky\">\n\n\n<button aria-label=\"Back to top\" tabindex=\"0\" class=\"bde-back-to-top__button bde-back-to-top__button--icon bde-back-to-top__button--show-half bde-back-to-top__button--animation-fade is-sticky bde-back-to-top__button--autohide js-ee-back-to-top\">\n         <div class=\"bde-back-to-top__icon-wrap\">\n                <svg xmlns=\"http:\/\/www.w3.org\/2000\/svg\" width=\"17\" height=\"22\" viewbox=\"0 0 17 22\" fill=\"none\">\n<path d=\"M0.583252 10.125C2.43047 9.33333 6.44159 6.64167 7.70825 2.20833L9.29159 2.20833C9.55547 4.05555 11.3499 8.225 16.4166 10.125\" stroke=\"#191919\" stroke-width=\"2.5\"\/>\n<path d=\"M8.5 2.20833L8.5 22\" stroke=\"#191919\" stroke-width=\"2.5\"\/>\n<\/svg>\n          <\/div>\n    <\/button>\n\n\n<\/div><\/div>\n<\/section>","protected":false},"excerpt":{"rendered":"","protected":false},"author":1,"featured_media":0,"parent":0,"menu_order":0,"comment_status":"closed","ping_status":"closed","template":"","meta":{"_acf_changed":false,"_breakdance_hide_in_design_set":false,"_breakdance_tags":"","footnotes":""},"class_list":["post-1670","page","type-page","status-publish","hentry"],"acf":[],"_links":{"self":[{"href":"https:\/\/advogados.cv\/en\/wp-json\/wp\/v2\/pages\/1670"}],"collection":[{"href":"https:\/\/advogados.cv\/en\/wp-json\/wp\/v2\/pages"}],"about":[{"href":"https:\/\/advogados.cv\/en\/wp-json\/wp\/v2\/types\/page"}],"author":[{"embeddable":true,"href":"https:\/\/advogados.cv\/en\/wp-json\/wp\/v2\/users\/1"}],"replies":[{"embeddable":true,"href":"https:\/\/advogados.cv\/en\/wp-json\/wp\/v2\/comments?post=1670"}],"version-history":[{"count":4,"href":"https:\/\/advogados.cv\/en\/wp-json\/wp\/v2\/pages\/1670\/revisions"}],"predecessor-version":[{"id":1674,"href":"https:\/\/advogados.cv\/en\/wp-json\/wp\/v2\/pages\/1670\/revisions\/1674"}],"wp:attachment":[{"href":"https:\/\/advogados.cv\/en\/wp-json\/wp\/v2\/media?parent=1670"}],"curies":[{"name":"wp","href":"https:\/\/api.w.org\/{rel}","templated":true}]}}